{"id":147700,"date":"2026-05-19T11:40:20","date_gmt":"2026-05-19T09:40:20","guid":{"rendered":"https:\/\/www.fmb-messe.de\/?page_id=147700"},"modified":"2026-08-25T09:31:56","modified_gmt":"2026-08-25T07:31:56","slug":"ausstellerportal-messeorganisation","status":"publish","type":"page","link":"https:\/\/www.fmb-messe.de\/de\/ausstellerportal-messeorganisation\/","title":{"rendered":"Ausstellerportal &#8211; Messeorganisation A-Z"},"content":{"rendered":"\t\t<div data-elementor-type=\"wp-page\" data-elementor-id=\"147700\" class=\"elementor elementor-147700\" data-elementor-post-type=\"page\">\n\t\t\t\t<div class=\"elementor-element elementor-element-3d90770 section-xxs e-flex e-con-boxed e-con e-parent\" data-id=\"3d90770\" data-element_type=\"container\" data-e-type=\"container\" data-settings=\"{&quot;background_background&quot;:&quot;classic&quot;}\">\n\t\t\t\t\t<div class=\"e-con-inner\">\n\t\t<div class=\"elementor-element elementor-element-004030f e-con-full e-flex e-con e-child\" data-id=\"004030f\" data-element_type=\"container\" data-e-type=\"container\">\n\t\t\t\t<div class=\"elementor-element elementor-element-22f0691 elementor-widget elementor-widget-heading\" data-id=\"22f0691\" data-element_type=\"widget\" data-e-type=\"widget\" data-widget_type=\"heading.default\">\n\t\t\t\t<div class=\"elementor-widget-container\">\n\t\t\t\t\t<h1 class=\"elementor-heading-title elementor-size-default\">Messeorganisation von A-Z<\/h1>\t\t\t\t<\/div>\n\t\t\t\t<\/div>\n\t\t\t\t<\/div>\n\t\t\t\t\t<\/div>\n\t\t\t\t<\/div>\n\t\t<div class=\"elementor-element elementor-element-ed3b7ee section-xxs e-flex e-con-boxed e-con e-parent\" data-id=\"ed3b7ee\" data-element_type=\"container\" data-e-type=\"container\" data-settings=\"{&quot;background_background&quot;:&quot;classic&quot;}\">\n\t\t\t\t\t<div class=\"e-con-inner\">\n\t\t\t\t<div class=\"elementor-element elementor-element-e064b3b elementor-mobile-align-center elementor-align-left btn-ghost-slide elementor-widget elementor-widget-button\" data-id=\"e064b3b\" data-element_type=\"widget\" data-e-type=\"widget\" data-widget_type=\"button.default\">\n\t\t\t\t<div class=\"elementor-widget-container\">\n\t\t\t\t\t\t\t\t\t<div class=\"elementor-button-wrapper\">\n\t\t\t\t\t<a class=\"elementor-button elementor-button-link elementor-size-sm\" href=\"https:\/\/www.fmb-messe.de\/de\/ausstellerportal-startseite\">\n\t\t\t\t\t\t<span class=\"elementor-button-content-wrapper\">\n\t\t\t\t\t\t<span class=\"elementor-button-icon\">\n\t\t\t\t<i aria-hidden=\"true\" class=\"fas fa-arrow-left\"><\/i>\t\t\t<\/span>\n\t\t\t\t\t\t\t\t\t<span class=\"elementor-button-text\">Zur\u00fcck zum Ausstellerportal<\/span>\n\t\t\t\t\t<\/span>\n\t\t\t\t\t<\/a>\n\t\t\t\t<\/div>\n\t\t\t\t\t\t\t\t<\/div>\n\t\t\t\t<\/div>\n\t\t<div class=\"elementor-element elementor-element-d06b04e e-con-full e-flex e-con e-child\" data-id=\"d06b04e\" data-element_type=\"container\" data-e-type=\"container\">\n\t\t\t\t<div class=\"elementor-element elementor-element-5459ab8 elementor-mobile-align-center elementor-align-left btn-ghost-slide elementor-tablet-align-right elementor-widget elementor-widget-button\" data-id=\"5459ab8\" data-element_type=\"widget\" data-e-type=\"widget\" data-widget_type=\"button.default\">\n\t\t\t\t<div class=\"elementor-widget-container\">\n\t\t\t\t\t\t\t\t\t<div class=\"elementor-button-wrapper\">\n\t\t\t\t\t<a class=\"elementor-button elementor-button-link elementor-size-sm\" href=\"http:\/\/my.easyfairs.com\" target=\"_blank\">\n\t\t\t\t\t\t<span class=\"elementor-button-content-wrapper\">\n\t\t\t\t\t\t<span class=\"elementor-button-icon\">\n\t\t\t\t<svg xmlns=\"http:\/\/www.w3.org\/2000\/svg\" id=\"Calque_1\" viewBox=\"0 0 146.98 146.98\"><defs><style> .st0 { fill: #00a57d; } .st1 { fill: #007346; } .st2 { fill: #9c3; } <\/style><\/defs><path class=\"st2\" d=\"M83.12,31.93H31.93c-17.63,0-31.93,14.29-31.93,31.92s14.3,31.93,31.93,31.93h19.27v19.27c0,17.63,14.3,31.93,31.93,31.93s31.93-14.3,31.93-31.93v-51.2c0-17.63-14.29-31.93-31.93-31.93Z\"><\/path><path class=\"st0\" d=\"M115.05,0h-51.2c-17.63,0-31.93,14.29-31.93,31.93s14.3,31.93,31.93,31.93h19.27v19.27c0,17.63,14.29,31.93,31.93,31.93s31.92-14.3,31.92-31.93V31.93c0-17.63-14.29-31.93-31.92-31.93Z\"><\/path><path class=\"st1\" d=\"M83.12,31.93H31.93c0,17.63,14.3,31.93,31.93,31.93h19.27v19.27c0,17.63,14.29,31.93,31.93,31.93v-51.2c0-17.63-14.29-31.93-31.93-31.93\"><\/path><\/svg>\t\t\t<\/span>\n\t\t\t\t\t\t\t\t\t<span class=\"elementor-button-text\">Zum MyEasyfairs Login<\/span>\n\t\t\t\t\t<\/span>\n\t\t\t\t\t<\/a>\n\t\t\t\t<\/div>\n\t\t\t\t\t\t\t\t<\/div>\n\t\t\t\t<\/div>\n\t\t\t\t<div class=\"elementor-element elementor-element-4ad41c7 elementor-mobile-align-center elementor-align-left btn-ghost-slide elementor-tablet-align-right elementor-widget elementor-widget-button\" data-id=\"4ad41c7\" data-element_type=\"widget\" data-e-type=\"widget\" data-widget_type=\"button.default\">\n\t\t\t\t<div class=\"elementor-widget-container\">\n\t\t\t\t\t\t\t\t\t<div class=\"elementor-button-wrapper\">\n\t\t\t\t\t<a class=\"elementor-button elementor-button-link elementor-size-sm\" href=\"https:\/\/easyfairsassets.com\/sites\/248\/2026\/05\/FMB26_Checkliste.pdf\" target=\"_blank\">\n\t\t\t\t\t\t<span class=\"elementor-button-content-wrapper\">\n\t\t\t\t\t\t<span class=\"elementor-button-icon\">\n\t\t\t\t<i aria-hidden=\"true\" class=\"fas fa-arrow-right\"><\/i>\t\t\t<\/span>\n\t\t\t\t\t\t\t\t\t<span class=\"elementor-button-text\">Zur Deadline-Checkliste<\/span>\n\t\t\t\t\t<\/span>\n\t\t\t\t\t<\/a>\n\t\t\t\t<\/div>\n\t\t\t\t\t\t\t\t<\/div>\n\t\t\t\t<\/div>\n\t\t\t\t<\/div>\n\t\t\t\t\t<\/div>\n\t\t\t\t<\/div>\n\t\t<div class=\"elementor-element elementor-element-c3f5135 section-s e-flex e-con-boxed e-con e-parent\" data-id=\"c3f5135\" data-element_type=\"container\" data-e-type=\"container\" data-settings=\"{&quot;background_background&quot;:&quot;classic&quot;}\">\n\t\t\t\t\t<div class=\"e-con-inner\">\n\t\t<div class=\"elementor-element elementor-element-f890d62 e-con-full e-flex e-con e-child\" data-id=\"f890d62\" data-element_type=\"container\" data-e-type=\"container\">\n\t\t\t\t<div class=\"elementor-element elementor-element-49fee3b elementor-widget elementor-widget-heading\" data-id=\"49fee3b\" data-element_type=\"widget\" data-e-type=\"widget\" data-widget_type=\"heading.default\">\n\t\t\t\t<div class=\"elementor-widget-container\">\n\t\t\t\t\t<h2 class=\"elementor-heading-title elementor-size-default\">Standplanung<\/h2>\t\t\t\t<\/div>\n\t\t\t\t<\/div>\n\t\t<div class=\"elementor-element elementor-element-9a9d7f2 e-con-full e-flex e-con e-child\" data-id=\"9a9d7f2\" data-element_type=\"container\" data-e-type=\"container\">\n\t\t<div class=\"elementor-element elementor-element-b3ee2c4 e-con-full e-flex e-con e-child\" data-id=\"b3ee2c4\" data-element_type=\"container\" data-e-type=\"container\">\n\t\t\t\t<div class=\"elementor-element elementor-element-5fd0109 elementor-widget__width-initial elementor-widget elementor-widget-n-accordion\" data-id=\"5fd0109\" data-element_type=\"widget\" data-e-type=\"widget\" data-settings=\"{&quot;default_state&quot;:&quot;all_collapsed&quot;,&quot;max_items_expended&quot;:&quot;one&quot;,&quot;n_accordion_animation_duration&quot;:{&quot;unit&quot;:&quot;ms&quot;,&quot;size&quot;:400,&quot;sizes&quot;:[]}}\" data-widget_type=\"nested-accordion.default\">\n\t\t\t\t<div class=\"elementor-widget-container\">\n\t\t\t\t\t\t\t<div class=\"e-n-accordion\" aria-label=\"Accordion. Open links with Enter or Space, close with Escape, and navigate with Arrow Keys\">\n\t\t\t\t\t\t<details id=\"e-n-accordion-item-1000\" class=\"e-n-accordion-item\" >\n\t\t\t\t<summary class=\"e-n-accordion-item-title\" data-accordion-index=\"1\" tabindex=\"0\" aria-expanded=\"false\" aria-controls=\"e-n-accordion-item-1000\" >\n\t\t\t\t\t<span class='e-n-accordion-item-title-header'><div class=\"e-n-accordion-item-title-text\"> Ablauf Systemstand, Grafik &amp; M\u00f6blierung <\/div><\/span>\n\t\t\t\t\t\t\t<span class='e-n-accordion-item-title-icon'>\n\t\t\t<span class='e-opened' ><i aria-hidden=\"true\" class=\"fas fa-chevron-up\"><\/i><\/span>\n\t\t\t<span class='e-closed'><i aria-hidden=\"true\" class=\"fas fa-angle-down\"><\/i><\/span>\n\t\t<\/span>\n\n\t\t\t\t\t\t<\/summary>\n\t\t\t\t<div role=\"region\" aria-labelledby=\"e-n-accordion-item-1000\" class=\"elementor-element elementor-element-6d486f2 e-con-full e-flex e-con e-child\" data-id=\"6d486f2\" data-element_type=\"container\" data-e-type=\"container\" data-settings=\"{&quot;background_background&quot;:&quot;classic&quot;}\">\n\t\t\t\t<div class=\"elementor-element elementor-element-f2afbbc elementor-widget elementor-widget-text-editor\" data-id=\"f2afbbc\" data-element_type=\"widget\" data-e-type=\"widget\" data-widget_type=\"text-editor.default\">\n\t\t\t\t<div class=\"elementor-widget-container\">\n\t\t\t\t\t\t\t\t\t<div id=\"elementor-tab-content-2115\" class=\"elementor-tab-content elementor-clearfix elementor-active\" role=\"region\" data-tab=\"5\" aria-labelledby=\"elementor-tab-title-2115\"><p><strong>Deadline:<\/strong> Die Deadline zur Freigabe der Standbauplanung ist am <strong>25.09.2026<\/strong>.<\/p><p>Ma\u00dfnahmen bis zur Deadline<\/p><\/div><ul><li class=\"elementor-tab-content elementor-clearfix elementor-active\" role=\"region\" data-tab=\"5\" aria-labelledby=\"elementor-tab-title-2115\">Zus\u00e4tzliche Standausstattung im MyEasyfairs Onlineshop bestellen<\/li><li class=\"elementor-tab-content elementor-clearfix elementor-active\" role=\"region\" data-tab=\"5\" aria-labelledby=\"elementor-tab-title-2115\">All-inclusive-M\u00f6bel und Bonusartikel ausw\u00e4hlen und im MyEasyfairs Onlineshop bestellen<\/li><li class=\"elementor-tab-content elementor-clearfix elementor-active\" role=\"region\" data-tab=\"5\" aria-labelledby=\"elementor-tab-title-2115\">Technische Standzeichnung pr\u00fcfen und freigeben<\/li><li class=\"elementor-tab-content elementor-clearfix elementor-active\" role=\"region\" data-tab=\"5\" aria-labelledby=\"elementor-tab-title-2115\">Druckdateien f\u00fcr Standgrafiken an das Operations-Team senden<\/li><li class=\"elementor-tab-content elementor-clearfix elementor-active\" role=\"region\" data-tab=\"5\" aria-labelledby=\"elementor-tab-title-2115\">Druckdatei f\u00fcr das Logo auf der Aufsatztafel (W\u00fcrfel) an das Operations-Team senden<\/li><li class=\"elementor-tab-content elementor-clearfix elementor-active\" role=\"region\" data-tab=\"5\" aria-labelledby=\"elementor-tab-title-2115\">Grafiklayout pr\u00fcfen und freigeben<\/li><\/ul>\t\t\t\t\t\t\t\t<\/div>\n\t\t\t\t<\/div>\n\t\t\t\t<div class=\"elementor-element elementor-element-45a1744 elementor-widget elementor-widget-text-editor\" data-id=\"45a1744\" data-element_type=\"widget\" data-e-type=\"widget\" data-widget_type=\"text-editor.default\">\n\t\t\t\t<div class=\"elementor-widget-container\">\n\t\t\t\t\t\t\t\t\t<div id=\"elementor-tab-content-2115\" class=\"elementor-tab-content elementor-clearfix elementor-active\" role=\"region\" data-tab=\"5\" aria-labelledby=\"elementor-tab-title-2115\"><p class=\"isSelectedEnd\">Die Easyfairs Operations-Abteilung begleitet Sie w\u00e4hrend des gesamten Prozesses:<\/p><table><thead><tr><th style=\"text-align: left;\">Zeitpunkt<\/th><th style=\"text-align: left;\">Ma\u00dfnahme<\/th><\/tr><\/thead><tbody><tr><td>11 Wochen vor der Deadline (ca. 17 Wochen vor der Messe)<\/td><td>Erste Informationsmail mit allen wichtigen Angaben zur Standbauplanung und einer ersten Technischen Standzeichnung zur Pr\u00fcfung, Mitteilung von \u00c4nderungsw\u00fcnschen und Freigabe<\/td><\/tr><tr><td>Innerhalb der folgenden 2 Wochen<\/td><td>Telefonische Kontaktaufnahme zur Abstimmung erster Planungsdetails<\/td><\/tr><tr><td>6 Wochen vor der Deadline<\/td><td>Zweite Erinnerungsmail<\/td><\/tr><tr><td>Fortlaufend<\/td><td>Abstimmung und Finalisierung der Standplanung<\/td><\/tr><tr><td>2 Wochen vor der Deadline<\/td><td>Dritte Erinnerungsmail<\/td><\/tr><tr><td>3 Tage vor der Deadline<\/td><td>Letzter Hinweis auf die bevorstehende Frist<\/td><\/tr><tr><td><strong>25.09.2026<\/strong><\/td><td><strong>Freigabe der Standbauplanung, Schlie\u00dfung des Onlineshops<\/strong><\/td><\/tr><\/tbody><\/table><p>F\u00fcr die Standbauplanung ist eine <strong>schriftliche Freigabe<\/strong> erforderlich. Erfolgt keine R\u00fcckmeldung zur zuletzt versendeten technischen Standzeichnung und zum Grafiklayout, gilt die Planung als freigegeben.<\/p><\/div>\t\t\t\t\t\t\t\t<\/div>\n\t\t\t\t<\/div>\n\t\t\t\t<\/div>\n\t\t\t\t\t<\/details>\n\t\t\t\t\t\t<details id=\"e-n-accordion-item-1001\" class=\"e-n-accordion-item\" >\n\t\t\t\t<summary class=\"e-n-accordion-item-title\" data-accordion-index=\"2\" tabindex=\"-1\" aria-expanded=\"false\" aria-controls=\"e-n-accordion-item-1001\" >\n\t\t\t\t\t<span class='e-n-accordion-item-title-header'><div class=\"e-n-accordion-item-title-text\"> Aussteller-Pauschalversicherung <\/div><\/span>\n\t\t\t\t\t\t\t<span class='e-n-accordion-item-title-icon'>\n\t\t\t<span class='e-opened' ><i aria-hidden=\"true\" class=\"fas fa-chevron-up\"><\/i><\/span>\n\t\t\t<span class='e-closed'><i aria-hidden=\"true\" class=\"fas fa-angle-down\"><\/i><\/span>\n\t\t<\/span>\n\n\t\t\t\t\t\t<\/summary>\n\t\t\t\t<div role=\"region\" aria-labelledby=\"e-n-accordion-item-1001\" class=\"elementor-element elementor-element-3505046 e-con-full e-flex e-con e-child\" data-id=\"3505046\" data-element_type=\"container\" data-e-type=\"container\" data-settings=\"{&quot;background_background&quot;:&quot;classic&quot;}\">\n\t\t\t\t<div class=\"elementor-element elementor-element-55f66e4 elementor-widget elementor-widget-text-editor\" data-id=\"55f66e4\" data-element_type=\"widget\" data-e-type=\"widget\" data-widget_type=\"text-editor.default\">\n\t\t\t\t<div class=\"elementor-widget-container\">\n\t\t\t\t\t\t\t\t\t<p>Mit der Anmeldung zur Messe erfolgt automatisch die Teilnahme an der Aussteller-Pauschalversicherung. Die Versicherung bietet umfassenden Schutz f\u00fcr die wichtigsten Risiken rund um die Messeteilnahme.<\/p><p><strong>Versicherungsumfang<\/strong><\/p><ul><li><strong>Betriebshaftpflicht:<\/strong> Versicherungsnachweis ist f\u00fcr alle Easyfairs-Messen erforderlich.<\/li><li><strong>Stornoversicherung:<\/strong> Schutz bei unverschuldeter Nichtteilnahme.<\/li><li><strong>Sachversicherung:<\/strong> Schutz bei Sch\u00e4den oder Verlust des Messeequipments, einschlie\u00dflich Transport.<\/li><\/ul>\t\t\t\t\t\t\t\t<\/div>\n\t\t\t\t<\/div>\n\t\t\t\t<div class=\"elementor-element elementor-element-3136335 elementor-widget elementor-widget-text-editor\" data-id=\"3136335\" data-element_type=\"widget\" data-e-type=\"widget\" data-widget_type=\"text-editor.default\">\n\t\t\t\t<div class=\"elementor-widget-container\">\n\t\t\t\t\t\t\t\t\t<div id=\"elementor-tab-content-9981\" class=\"elementor-tab-content elementor-clearfix elementor-active\" role=\"region\" data-tab=\"1\" aria-labelledby=\"elementor-tab-title-9981\"><p><strong>Kosten:<\/strong> 195 \u20ac<\/p><p>Versicherungspartner ist Inevexco. Die Kommunikation zur Aussteller-Pauschalversicherung erfolgt direkt \u00fcber den Versicherungspartner.<\/p><p>Bei bereits bestehendem ausreichendem Versicherungsschutz ist ein Austritt aus der Aussteller-Pauschalversicherung nach entsprechendem Nachweis m\u00f6glich.<\/p><p>Weitere Informationen finden sich im Anmeldeformular, in den <a href=\"https:\/\/www.easyfairs.com\/general-terms-conditions\/\">AGB des Messeveranstalters<\/a> und auf der Website von Inevexco.<\/p><\/div>\t\t\t\t\t\t\t\t<\/div>\n\t\t\t\t<\/div>\n\t\t\t\t<div class=\"elementor-element elementor-element-94ad054 elementor-mobile-align-center elementor-align-left btn-ghost-slide elementor-widget elementor-widget-button\" data-id=\"94ad054\" data-element_type=\"widget\" data-e-type=\"widget\" data-widget_type=\"button.default\">\n\t\t\t\t<div class=\"elementor-widget-container\">\n\t\t\t\t\t\t\t\t\t<div class=\"elementor-button-wrapper\">\n\t\t\t\t\t<a class=\"elementor-button elementor-button-link elementor-size-sm\" href=\"https:\/\/www.inevexco.co.uk\/our-services\/event-and-exhibition-exhibitors-insurance\" target=\"_blank\">\n\t\t\t\t\t\t<span class=\"elementor-button-content-wrapper\">\n\t\t\t\t\t\t<span class=\"elementor-button-icon\">\n\t\t\t\t<i aria-hidden=\"true\" class=\"fas fa-arrow-right\"><\/i>\t\t\t<\/span>\n\t\t\t\t\t\t\t\t\t<span class=\"elementor-button-text\">Zur Informationsseite Inevexco Aussteller-Pauschalversicherung<\/span>\n\t\t\t\t\t<\/span>\n\t\t\t\t\t<\/a>\n\t\t\t\t<\/div>\n\t\t\t\t\t\t\t\t<\/div>\n\t\t\t\t<\/div>\n\t\t\t\t<\/div>\n\t\t\t\t\t<\/details>\n\t\t\t\t\t\t<details id=\"e-n-accordion-item-1002\" class=\"e-n-accordion-item\" >\n\t\t\t\t<summary class=\"e-n-accordion-item-title\" data-accordion-index=\"3\" tabindex=\"-1\" aria-expanded=\"false\" aria-controls=\"e-n-accordion-item-1002\" >\n\t\t\t\t\t<span class='e-n-accordion-item-title-header'><div class=\"e-n-accordion-item-title-text\"> Bestellfristen &amp; Zuschl\u00e4ge <\/div><\/span>\n\t\t\t\t\t\t\t<span class='e-n-accordion-item-title-icon'>\n\t\t\t<span class='e-opened' ><i aria-hidden=\"true\" class=\"fas fa-chevron-up\"><\/i><\/span>\n\t\t\t<span class='e-closed'><i aria-hidden=\"true\" class=\"fas fa-angle-down\"><\/i><\/span>\n\t\t<\/span>\n\n\t\t\t\t\t\t<\/summary>\n\t\t\t\t<div role=\"region\" aria-labelledby=\"e-n-accordion-item-1002\" class=\"elementor-element elementor-element-a1118fd e-flex e-con-boxed e-con e-child\" data-id=\"a1118fd\" data-element_type=\"container\" data-e-type=\"container\" data-settings=\"{&quot;background_background&quot;:&quot;classic&quot;}\">\n\t\t\t\t\t<div class=\"e-con-inner\">\n\t\t\t\t<div class=\"elementor-element elementor-element-4cc1709 elementor-widget elementor-widget-text-editor\" data-id=\"4cc1709\" data-element_type=\"widget\" data-e-type=\"widget\" data-widget_type=\"text-editor.default\">\n\t\t\t\t<div class=\"elementor-widget-container\">\n\t\t\t\t\t\t\t\t\t<p class=\"isSelectedEnd\">Die angegebenen Fristen f\u00fcr zus\u00e4tzliche Bestellungen im MyEasyfairs Onlineshop sind aufgrund der Zusammenarbeit mit Servicepartnern verbindlich. Bei versp\u00e4teten Bestellungen f\u00e4llt ein Zuschlag auf den Normalpreis an.<\/p><p class=\"isSelectedEnd\">Bestellungen nach Deadline und Schlie\u00dfung des Onlineshops (6 Wochen vor der Messe) sind nur nach individueller Absprache mit dem Operations-Team m\u00f6glich.<\/p><table><tbody><tr><td><strong>Zeitraum<\/strong><\/td><td><strong>Zuschlag<\/strong><\/td><\/tr><tr><td>Bis 5 Wochen vor der Messe (Schlie\u00dfung des Onlineshops)<\/td><td>Normalpreis<\/td><\/tr><tr><td>Ab 5 Wochen vor der Messe bis zum Servicetag<\/td><td>+30 %<\/td><\/tr><tr><td>Am Servicetag<\/td><td>+50 %<\/td><\/tr><tr><td>Am Messetag<\/td><td>+100 %<\/td><\/tr><\/tbody><\/table>\t\t\t\t\t\t\t\t<\/div>\n\t\t\t\t<\/div>\n\t\t\t\t\t<\/div>\n\t\t\t\t<\/div>\n\t\t\t\t\t<\/details>\n\t\t\t\t\t\t<details id=\"e-n-accordion-item-1003\" class=\"e-n-accordion-item\" >\n\t\t\t\t<summary class=\"e-n-accordion-item-title\" data-accordion-index=\"4\" tabindex=\"-1\" aria-expanded=\"false\" aria-controls=\"e-n-accordion-item-1003\" >\n\t\t\t\t\t<span class='e-n-accordion-item-title-header'><div class=\"e-n-accordion-item-title-text\"> Eigener Standbau <\/div><\/span>\n\t\t\t\t\t\t\t<span class='e-n-accordion-item-title-icon'>\n\t\t\t<span class='e-opened' ><i aria-hidden=\"true\" class=\"fas fa-chevron-up\"><\/i><\/span>\n\t\t\t<span class='e-closed'><i aria-hidden=\"true\" class=\"fas fa-angle-down\"><\/i><\/span>\n\t\t<\/span>\n\n\t\t\t\t\t\t<\/summary>\n\t\t\t\t<div role=\"region\" aria-labelledby=\"e-n-accordion-item-1003\" class=\"elementor-element elementor-element-654552b e-con-full e-flex e-con e-child\" data-id=\"654552b\" data-element_type=\"container\" data-e-type=\"container\" data-settings=\"{&quot;background_background&quot;:&quot;classic&quot;}\">\n\t\t\t\t<div class=\"elementor-element elementor-element-d6020fd elementor-widget elementor-widget-text-editor\" data-id=\"d6020fd\" data-element_type=\"widget\" data-e-type=\"widget\" data-widget_type=\"text-editor.default\">\n\t\t\t\t<div class=\"elementor-widget-container\">\n\t\t\t\t\t\t\t\t\t<p>Eigener Standbau liegt vor, wenn vom Systemstandbau der Veranstaltung abgewichen wird. Dieser ist <strong>genehmigungspflichtig<\/strong>, muss zum Messekonzept passen und die Standbaurichtlinien von Easyfairs einhalten.<\/p><p><strong>Deadline:<\/strong> Anmeldung beim Operations-Team bis sp\u00e4testens 8 Wochen vor der Messe.<\/p><p>Die aktuell g\u00fcltigen Standbaurichtlinien sind beim Operations-Team erh\u00e4ltlich.<\/p>\t\t\t\t\t\t\t\t<\/div>\n\t\t\t\t<\/div>\n\t\t\t\t<\/div>\n\t\t\t\t\t<\/details>\n\t\t\t\t\t\t<details id=\"e-n-accordion-item-1004\" class=\"e-n-accordion-item\" >\n\t\t\t\t<summary class=\"e-n-accordion-item-title\" data-accordion-index=\"5\" tabindex=\"-1\" aria-expanded=\"false\" aria-controls=\"e-n-accordion-item-1004\" >\n\t\t\t\t\t<span class='e-n-accordion-item-title-header'><div class=\"e-n-accordion-item-title-text\"> GEMA-Anmeldung <\/div><\/span>\n\t\t\t\t\t\t\t<span class='e-n-accordion-item-title-icon'>\n\t\t\t<span class='e-opened' ><i aria-hidden=\"true\" class=\"fas fa-chevron-up\"><\/i><\/span>\n\t\t\t<span class='e-closed'><i aria-hidden=\"true\" class=\"fas fa-angle-down\"><\/i><\/span>\n\t\t<\/span>\n\n\t\t\t\t\t\t<\/summary>\n\t\t\t\t<div role=\"region\" aria-labelledby=\"e-n-accordion-item-1004\" class=\"elementor-element elementor-element-5359952 e-con-full e-flex e-con e-child\" data-id=\"5359952\" data-element_type=\"container\" data-e-type=\"container\" data-settings=\"{&quot;background_background&quot;:&quot;classic&quot;}\">\n\t\t\t\t<div class=\"elementor-element elementor-element-ce09b15 elementor-widget elementor-widget-text-editor\" data-id=\"ce09b15\" data-element_type=\"widget\" data-e-type=\"widget\" data-widget_type=\"text-editor.default\">\n\t\t\t\t<div class=\"elementor-widget-container\">\n\t\t\t\t\t\t\t\t\t<p>Bei Darbietungen oder der Wiedergabe von Medien auf dem Stand, z. B. Musik in Werbefilmen, k\u00f6nnen <strong>GEMA-Geb\u00fchren<\/strong> anfallen. Die rechtzeitige <strong>Anmeldung<\/strong> bei der GEMA und die <strong>Geb\u00fchrenabf\u00fchrung<\/strong> obliegen dem Aussteller.<\/p>\t\t\t\t\t\t\t\t<\/div>\n\t\t\t\t<\/div>\n\t\t\t\t<div class=\"elementor-element elementor-element-af143b0 elementor-mobile-align-center elementor-align-left btn-ghost-slide elementor-widget elementor-widget-button\" data-id=\"af143b0\" data-element_type=\"widget\" data-e-type=\"widget\" data-widget_type=\"button.default\">\n\t\t\t\t<div class=\"elementor-widget-container\">\n\t\t\t\t\t\t\t\t\t<div class=\"elementor-button-wrapper\">\n\t\t\t\t\t<a class=\"elementor-button elementor-button-link elementor-size-sm\" href=\"https:\/\/portal.gema.de\/app\/\" target=\"_blank\">\n\t\t\t\t\t\t<span class=\"elementor-button-content-wrapper\">\n\t\t\t\t\t\t<span class=\"elementor-button-icon\">\n\t\t\t\t<i aria-hidden=\"true\" class=\"fas fa-arrow-right\"><\/i>\t\t\t<\/span>\n\t\t\t\t\t\t\t\t\t<span class=\"elementor-button-text\">Weitere Informationen<\/span>\n\t\t\t\t\t<\/span>\n\t\t\t\t\t<\/a>\n\t\t\t\t<\/div>\n\t\t\t\t\t\t\t\t<\/div>\n\t\t\t\t<\/div>\n\t\t\t\t<\/div>\n\t\t\t\t\t<\/details>\n\t\t\t\t\t\t<details id=\"e-n-accordion-item-1005\" class=\"e-n-accordion-item\" >\n\t\t\t\t<summary class=\"e-n-accordion-item-title\" data-accordion-index=\"6\" tabindex=\"-1\" aria-expanded=\"false\" aria-controls=\"e-n-accordion-item-1005\" >\n\t\t\t\t\t<span class='e-n-accordion-item-title-header'><div class=\"e-n-accordion-item-title-text\"> Grafiken <\/div><\/span>\n\t\t\t\t\t\t\t<span class='e-n-accordion-item-title-icon'>\n\t\t\t<span class='e-opened' ><i aria-hidden=\"true\" class=\"fas fa-chevron-up\"><\/i><\/span>\n\t\t\t<span class='e-closed'><i aria-hidden=\"true\" class=\"fas fa-angle-down\"><\/i><\/span>\n\t\t<\/span>\n\n\t\t\t\t\t\t<\/summary>\n\t\t\t\t<div role=\"region\" aria-labelledby=\"e-n-accordion-item-1005\" class=\"elementor-element elementor-element-9f65981 e-con-full e-flex e-con e-child\" data-id=\"9f65981\" data-element_type=\"container\" data-e-type=\"container\" data-settings=\"{&quot;background_background&quot;:&quot;classic&quot;}\">\n\t\t\t\t<div class=\"elementor-element elementor-element-bdda2d5 elementor-widget elementor-widget-text-editor\" data-id=\"bdda2d5\" data-element_type=\"widget\" data-e-type=\"widget\" data-widget_type=\"text-editor.default\">\n\t\t\t\t<div class=\"elementor-widget-container\">\n\t\t\t\t\t\t\t\t\t<p>Die Bedruckung der <strong>Aufsatztafel<\/strong> (W\u00fcrfel) ist im Standpaket enthalten. Das Logo hierf\u00fcr muss bis zur Grafik-Deadline per Mail an das Operations-Team gesendet werden.<br \/><strong>Druckformat:<\/strong> 950 mm x 1000 mm als .pdf oder .eps Datei.<\/p><p><strong>Weitere Druckelemente<\/strong> k\u00f6nnen kostenpflichtig \u00fcber den Onlineshop in MyEasyfairs hinzugebucht werden.<\/p><p>Finale Grafiken sind <strong>fristgerecht<\/strong> und gem\u00e4\u00df den <strong>Grafikrichtlinien<\/strong> beim Operations-Team einzureichen. Nach Ablauf der Deadline kann die Umsetzung nicht garantiert werden.<\/p>\t\t\t\t\t\t\t\t<\/div>\n\t\t\t\t<\/div>\n\t\t<div role=\"region\" aria-labelledby=\"e-n-accordion-item-1005\" class=\"elementor-element elementor-element-ecc3f2e e-flex e-con-boxed e-con e-child\" data-id=\"ecc3f2e\" data-element_type=\"container\" data-e-type=\"container\">\n\t\t\t\t\t<div class=\"e-con-inner\">\n\t\t\t\t<div class=\"elementor-element elementor-element-00bfd98 elementor-mobile-align-center elementor-align-left btn-ghost-slide elementor-widget elementor-widget-button\" data-id=\"00bfd98\" data-element_type=\"widget\" data-e-type=\"widget\" data-widget_type=\"button.default\">\n\t\t\t\t<div class=\"elementor-widget-container\">\n\t\t\t\t\t\t\t\t\t<div class=\"elementor-button-wrapper\">\n\t\t\t\t\t<a class=\"elementor-button elementor-button-link elementor-size-sm\" href=\"https:\/\/fmb-messe.de\/wp-content\/uploads\/sites\/248\/2026\/06\/Grafikrichtlinien-DE-1.pdf\" target=\"_blank\">\n\t\t\t\t\t\t<span class=\"elementor-button-content-wrapper\">\n\t\t\t\t\t\t<span class=\"elementor-button-icon\">\n\t\t\t\t<i aria-hidden=\"true\" class=\"fas fa-arrow-right\"><\/i>\t\t\t<\/span>\n\t\t\t\t\t\t\t\t\t<span class=\"elementor-button-text\">Zu den Grafikrichtlinien<\/span>\n\t\t\t\t\t<\/span>\n\t\t\t\t\t<\/a>\n\t\t\t\t<\/div>\n\t\t\t\t\t\t\t\t<\/div>\n\t\t\t\t<\/div>\n\t\t\t\t\t<\/div>\n\t\t\t\t<\/div>\n\t\t\t\t<\/div>\n\t\t\t\t\t<\/details>\n\t\t\t\t\t\t<details id=\"e-n-accordion-item-1006\" class=\"e-n-accordion-item\" >\n\t\t\t\t<summary class=\"e-n-accordion-item-title\" data-accordion-index=\"7\" tabindex=\"-1\" aria-expanded=\"false\" aria-controls=\"e-n-accordion-item-1006\" >\n\t\t\t\t\t<span class='e-n-accordion-item-title-header'><div class=\"e-n-accordion-item-title-text\"> Mobiliarbestellungen <\/div><\/span>\n\t\t\t\t\t\t\t<span class='e-n-accordion-item-title-icon'>\n\t\t\t<span class='e-opened' ><i aria-hidden=\"true\" class=\"fas fa-chevron-up\"><\/i><\/span>\n\t\t\t<span class='e-closed'><i aria-hidden=\"true\" class=\"fas fa-angle-down\"><\/i><\/span>\n\t\t<\/span>\n\n\t\t\t\t\t\t<\/summary>\n\t\t\t\t<div role=\"region\" aria-labelledby=\"e-n-accordion-item-1006\" class=\"elementor-element elementor-element-95d4e8a e-con-full e-flex e-con e-child\" data-id=\"95d4e8a\" data-element_type=\"container\" data-e-type=\"container\" data-settings=\"{&quot;background_background&quot;:&quot;classic&quot;}\">\n\t\t\t\t<div class=\"elementor-element elementor-element-01bbc08 elementor-widget elementor-widget-menu-anchor\" data-id=\"01bbc08\" data-element_type=\"widget\" data-e-type=\"widget\" data-widget_type=\"menu-anchor.default\">\n\t\t\t\t<div class=\"elementor-widget-container\">\n\t\t\t\t\t\t\t<div class=\"elementor-menu-anchor\" id=\"mobiliarbestellung\"><\/div>\n\t\t\t\t\t\t<\/div>\n\t\t\t\t<\/div>\n\t\t\t\t<div class=\"elementor-element elementor-element-004e121 elementor-widget elementor-widget-text-editor\" data-id=\"004e121\" data-element_type=\"widget\" data-e-type=\"widget\" data-widget_type=\"text-editor.default\">\n\t\t\t\t<div class=\"elementor-widget-container\">\n\t\t\t\t\t\t\t\t\t<p class=\"isSelectedEnd\">Im Standbaupaket enthaltene All-inclusive M\u00f6bel und Bonusartikel werden nur bereitgestellt, wenn sie fristgerecht im Onlineshop bestellt werden.<\/p><p class=\"isSelectedEnd\"><strong>All-inclusive M\u00f6bel<\/strong> (St\u00fchle, Tische, Barhocker, Stehtische, Papierk\u00f6rbe)<br \/>All-inclusive M\u00f6bel sind im Standbaupaket enthalten, m\u00fcssen aber kostenfrei im Onlineshop bestellt werden. Ohne Bestellung erfolgt keine M\u00f6blierung.<\/p><p class=\"isSelectedEnd\"><strong>Bonusartikel<\/strong> (Theken, Sideboards, Vitrinen, Podeste)<br \/>Bonusartikel sind ebenfalls im Standbaupaket enthalten, jedoch nur in begrenzter Anzahl. Auch diese m\u00fcssen kostenfrei im Onlineshop bestellt werden. Zusatzbestellungen von Bonusartikeln, die \u00fcber den im Paket enthaltenen Umfang hinausgehen, werden nach Ablauf der Deadline zum regul\u00e4ren Preis berechnet.<\/p><p class=\"isSelectedEnd\"><strong>Warum bestellen?<\/strong><br \/>Die Bestellung ist f\u00fcr die Standplanung erforderlich. Ohne Bestellung wird von keiner gew\u00fcnschten M\u00f6blierung ausgegangen.<\/p><p><strong>Hinweise:<\/strong><\/p><ul><li>Im Standpaket enthaltenes Mobiliar kann nicht gegen andere Artikel getauscht werden.<\/li><li>Nicht ben\u00f6tigtes Standardmobiliar f\u00fchrt zu keiner Preisreduzierung.<\/li><li>Nicht ben\u00f6tigte M\u00f6bel sind am Servicetag auf den Halleng\u00e4ngen bereitzustellen; die Abholung erfolgt durch das Messeteam.<\/li><\/ul>\t\t\t\t\t\t\t\t<\/div>\n\t\t\t\t<\/div>\n\t\t<div role=\"region\" aria-labelledby=\"e-n-accordion-item-1006\" class=\"elementor-element elementor-element-15ff27a e-flex e-con-boxed e-con e-child\" data-id=\"15ff27a\" data-element_type=\"container\" data-e-type=\"container\">\n\t\t\t\t\t<div class=\"e-con-inner\">\n\t\t\t\t<div class=\"elementor-element elementor-element-202d8f2 elementor-mobile-align-center elementor-align-left btn-ghost-slide elementor-widget elementor-widget-button\" data-id=\"202d8f2\" data-element_type=\"widget\" data-e-type=\"widget\" data-widget_type=\"button.default\">\n\t\t\t\t<div class=\"elementor-widget-container\">\n\t\t\t\t\t\t\t\t\t<div class=\"elementor-button-wrapper\">\n\t\t\t\t\t<a class=\"elementor-button elementor-button-link elementor-size-sm\" href=\"https:\/\/easyfairsassets.com\/sites\/248\/2026\/06\/FMB2026_Standkonzepte_DE.pdf\" target=\"_blank\">\n\t\t\t\t\t\t<span class=\"elementor-button-content-wrapper\">\n\t\t\t\t\t\t<span class=\"elementor-button-icon\">\n\t\t\t\t<i aria-hidden=\"true\" class=\"fas fa-arrow-right\"><\/i>\t\t\t<\/span>\n\t\t\t\t\t\t\t\t\t<span class=\"elementor-button-text\">Zu den Standbaupaketen<\/span>\n\t\t\t\t\t<\/span>\n\t\t\t\t\t<\/a>\n\t\t\t\t<\/div>\n\t\t\t\t\t\t\t\t<\/div>\n\t\t\t\t<\/div>\n\t\t\t\t\t<\/div>\n\t\t\t\t<\/div>\n\t\t\t\t<\/div>\n\t\t\t\t\t<\/details>\n\t\t\t\t\t\t<details id=\"e-n-accordion-item-1007\" class=\"e-n-accordion-item\" >\n\t\t\t\t<summary class=\"e-n-accordion-item-title\" data-accordion-index=\"8\" tabindex=\"-1\" aria-expanded=\"false\" aria-controls=\"e-n-accordion-item-1007\" >\n\t\t\t\t\t<span class='e-n-accordion-item-title-header'><div class=\"e-n-accordion-item-title-text\"> MyEasyfairs <\/div><\/span>\n\t\t\t\t\t\t\t<span class='e-n-accordion-item-title-icon'>\n\t\t\t<span class='e-opened' ><i aria-hidden=\"true\" class=\"fas fa-chevron-up\"><\/i><\/span>\n\t\t\t<span class='e-closed'><i aria-hidden=\"true\" class=\"fas fa-angle-down\"><\/i><\/span>\n\t\t<\/span>\n\n\t\t\t\t\t\t<\/summary>\n\t\t\t\t<div role=\"region\" aria-labelledby=\"e-n-accordion-item-1007\" class=\"elementor-element elementor-element-00e6283 e-flex e-con-boxed e-con e-child\" data-id=\"00e6283\" data-element_type=\"container\" data-e-type=\"container\" data-settings=\"{&quot;background_background&quot;:&quot;classic&quot;}\">\n\t\t\t\t\t<div class=\"e-con-inner\">\n\t\t<div role=\"region\" aria-labelledby=\"e-n-accordion-item-1007\" class=\"elementor-element elementor-element-e42fa1c e-con-full e-flex e-con e-child\" data-id=\"e42fa1c\" data-element_type=\"container\" data-e-type=\"container\">\n\t\t\t\t<div class=\"elementor-element elementor-element-f48312d elementor-widget elementor-widget-text-editor\" data-id=\"f48312d\" data-element_type=\"widget\" data-e-type=\"widget\" data-widget_type=\"text-editor.default\">\n\t\t\t\t<div class=\"elementor-widget-container\">\n\t\t\t\t\t\t\t\t\t<p>MyEasyfairs ist das zentrale Portal zur Verwaltung des Profils, der Messebeteiligung, der Besucher-Einladungen und der Leads nach der Messe.<\/p><p><strong>Sichtbarkeit erh\u00f6hen<\/strong><\/p><ul><li>Erstellung eines Profils mit unbegrenzten Inhalten<\/li><li>Ganzj\u00e4hrige Sichtbarkeit, unabh\u00e4ngig von Veranstaltungen<\/li><li>Auswertung der Interaktionen von Besuchern mit den eigenen Inhalten<\/li><\/ul>\t\t\t\t\t\t\t\t<\/div>\n\t\t\t\t<\/div>\n\t\t\t\t<div class=\"elementor-element elementor-element-ff97ab7 elementor-widget elementor-widget-text-editor\" data-id=\"ff97ab7\" data-element_type=\"widget\" data-e-type=\"widget\" data-widget_type=\"text-editor.default\">\n\t\t\t\t<div class=\"elementor-widget-container\">\n\t\t\t\t\t\t\t\t\t<p><strong>Mit den richtigen Kontakten verbinden<\/strong><\/p><ul><li>Versand nachverfolgbarer Einladungen an das eigene Netzwerk<\/li><li>SMS-Benachrichtigung bei Ankunft eingeladener Kontakte auf der Messe<\/li><li>Weiterleitung qualifizierter Besucher direkt zum Stand<\/li><\/ul>\t\t\t\t\t\t\t\t<\/div>\n\t\t\t\t<\/div>\n\t\t\t\t<div class=\"elementor-element elementor-element-1b0bd0c elementor-widget elementor-widget-text-editor\" data-id=\"1b0bd0c\" data-element_type=\"widget\" data-e-type=\"widget\" data-widget_type=\"text-editor.default\">\n\t\t\t\t<div class=\"elementor-widget-container\">\n\t\t\t\t\t\t\t\t\t<p><strong>Einfache Leaderfassung<\/strong><\/p><ul><li>Zentrale Verwaltung und Download aller Leads<\/li><li>Vollst\u00e4ndige Besucherdaten f\u00fcr eine einfache Nachverfolgung<\/li><\/ul>\t\t\t\t\t\t\t\t<\/div>\n\t\t\t\t<\/div>\n\t\t\t\t<div class=\"elementor-element elementor-element-8f45693 elementor-widget elementor-widget-text-editor\" data-id=\"8f45693\" data-element_type=\"widget\" data-e-type=\"widget\" data-widget_type=\"text-editor.default\">\n\t\t\t\t<div class=\"elementor-widget-container\">\n\t\t\t\t\t\t\t\t\t<p><strong>Messebeteiligung organisieren<\/strong><\/p><ul><li>Registrierung des Standpersonals<\/li><li>Abwicklung aller Bestellungen \u00fcber den MyEasyfairs Onlineshop<\/li><\/ul>\t\t\t\t\t\t\t\t<\/div>\n\t\t\t\t<\/div>\n\t\t\t\t<div class=\"elementor-element elementor-element-a1147a6 elementor-mobile-align-center elementor-align-left btn-ghost-slide elementor-widget elementor-widget-button\" data-id=\"a1147a6\" data-element_type=\"widget\" data-e-type=\"widget\" data-widget_type=\"button.default\">\n\t\t\t\t<div class=\"elementor-widget-container\">\n\t\t\t\t\t\t\t\t\t<div class=\"elementor-button-wrapper\">\n\t\t\t\t\t<a class=\"elementor-button elementor-button-link elementor-size-sm\" href=\"http:\/\/my.easyfairs.com\" target=\"_blank\">\n\t\t\t\t\t\t<span class=\"elementor-button-content-wrapper\">\n\t\t\t\t\t\t<span class=\"elementor-button-icon\">\n\t\t\t\t<svg xmlns=\"http:\/\/www.w3.org\/2000\/svg\" id=\"Calque_1\" viewBox=\"0 0 146.98 146.98\"><defs><style> .st0 { fill: #00a57d; } .st1 { fill: #007346; } .st2 { fill: #9c3; } <\/style><\/defs><path class=\"st2\" d=\"M83.12,31.93H31.93c-17.63,0-31.93,14.29-31.93,31.92s14.3,31.93,31.93,31.93h19.27v19.27c0,17.63,14.3,31.93,31.93,31.93s31.93-14.3,31.93-31.93v-51.2c0-17.63-14.29-31.93-31.93-31.93Z\"><\/path><path class=\"st0\" d=\"M115.05,0h-51.2c-17.63,0-31.93,14.29-31.93,31.93s14.3,31.93,31.93,31.93h19.27v19.27c0,17.63,14.29,31.93,31.93,31.93s31.92-14.3,31.92-31.93V31.93c0-17.63-14.29-31.93-31.92-31.93Z\"><\/path><path class=\"st1\" d=\"M83.12,31.93H31.93c0,17.63,14.3,31.93,31.93,31.93h19.27v19.27c0,17.63,14.29,31.93,31.93,31.93v-51.2c0-17.63-14.29-31.93-31.93-31.93\"><\/path><\/svg>\t\t\t<\/span>\n\t\t\t\t\t\t\t\t\t<span class=\"elementor-button-text\">Zum MyEasyfairs Login<\/span>\n\t\t\t\t\t<\/span>\n\t\t\t\t\t<\/a>\n\t\t\t\t<\/div>\n\t\t\t\t\t\t\t\t<\/div>\n\t\t\t\t<\/div>\n\t\t\t\t<\/div>\n\t\t\t\t\t<\/div>\n\t\t\t\t<\/div>\n\t\t\t\t\t<\/details>\n\t\t\t\t\t\t<details id=\"e-n-accordion-item-1008\" class=\"e-n-accordion-item\" >\n\t\t\t\t<summary class=\"e-n-accordion-item-title\" data-accordion-index=\"9\" tabindex=\"-1\" aria-expanded=\"false\" aria-controls=\"e-n-accordion-item-1008\" >\n\t\t\t\t\t<span class='e-n-accordion-item-title-header'><div class=\"e-n-accordion-item-title-text\"> Onlineshop <\/div><\/span>\n\t\t\t\t\t\t\t<span class='e-n-accordion-item-title-icon'>\n\t\t\t<span class='e-opened' ><i aria-hidden=\"true\" class=\"fas fa-chevron-up\"><\/i><\/span>\n\t\t\t<span class='e-closed'><i aria-hidden=\"true\" class=\"fas fa-angle-down\"><\/i><\/span>\n\t\t<\/span>\n\n\t\t\t\t\t\t<\/summary>\n\t\t\t\t<div role=\"region\" aria-labelledby=\"e-n-accordion-item-1008\" class=\"elementor-element elementor-element-db4cdcd e-flex e-con-boxed e-con e-child\" data-id=\"db4cdcd\" data-element_type=\"container\" data-e-type=\"container\" data-settings=\"{&quot;background_background&quot;:&quot;classic&quot;}\">\n\t\t\t\t\t<div class=\"e-con-inner\">\n\t\t<div role=\"region\" aria-labelledby=\"e-n-accordion-item-1008\" class=\"elementor-element elementor-element-d3e7fe8 e-con-full e-flex e-con e-child\" data-id=\"d3e7fe8\" data-element_type=\"container\" data-e-type=\"container\">\n\t\t\t\t<div class=\"elementor-element elementor-element-5334c32 elementor-widget elementor-widget-text-editor\" data-id=\"5334c32\" data-element_type=\"widget\" data-e-type=\"widget\" data-widget_type=\"text-editor.default\">\n\t\t\t\t<div class=\"elementor-widget-container\">\n\t\t\t\t\t\t\t\t\t<p>Der Onlineshop dient zur Bestellung zus\u00e4tzlicher Standausstattung, weiterer Druckelemente sowie Mobiliar und ist im MyEasyfairs Account unter <em>Stand bearbeiten \u2192 Webshop &amp; Auftr\u00e4ge<\/em> zu finden.<\/p><p><strong>Schlie\u00dfung des Onlineshops:<\/strong> 6 Wochen vor der Messe<\/p><ul><li>Es erfolgt keine automatische Bestellbest\u00e4tigung per E-Mail.<\/li><li>Get\u00e4tigte Bestellungen sind nach Freigabe durch das Operations-Team unter <em>Stand bearbeiten \u2192 Webshop &amp; Auftr\u00e4ge<\/em> einsehbar.<\/li><li>Bestellungen nach Deadline und Schlie\u00dfung des Onlineshops sind nur nach individueller Absprache mit dem Operations-Team m\u00f6glich.<\/li><li>Nach Ablauf der Deadline kann eine fristgerechte Lieferung nicht garantiert werden. Sp\u00e4tere Bestellungen werden individuell gepr\u00fcft und nach M\u00f6glichkeit umgesetzt.<\/li><\/ul>\t\t\t\t\t\t\t\t<\/div>\n\t\t\t\t<\/div>\n\t\t\t\t<\/div>\n\t\t\t\t\t<\/div>\n\t\t\t\t<\/div>\n\t\t\t\t\t<\/details>\n\t\t\t\t\t\t<details id=\"e-n-accordion-item-1009\" class=\"e-n-accordion-item\" >\n\t\t\t\t<summary class=\"e-n-accordion-item-title\" data-accordion-index=\"10\" tabindex=\"-1\" aria-expanded=\"false\" aria-controls=\"e-n-accordion-item-1009\" >\n\t\t\t\t\t<span class='e-n-accordion-item-title-header'><div class=\"e-n-accordion-item-title-text\"> Standbau-System <\/div><\/span>\n\t\t\t\t\t\t\t<span class='e-n-accordion-item-title-icon'>\n\t\t\t<span class='e-opened' ><i aria-hidden=\"true\" class=\"fas fa-chevron-up\"><\/i><\/span>\n\t\t\t<span class='e-closed'><i aria-hidden=\"true\" class=\"fas fa-angle-down\"><\/i><\/span>\n\t\t<\/span>\n\n\t\t\t\t\t\t<\/summary>\n\t\t\t\t<div role=\"region\" aria-labelledby=\"e-n-accordion-item-1009\" class=\"elementor-element elementor-element-d52e271 e-con-full e-flex e-con e-child\" data-id=\"d52e271\" data-element_type=\"container\" data-e-type=\"container\" data-settings=\"{&quot;background_background&quot;:&quot;classic&quot;}\">\n\t\t\t\t<div class=\"elementor-element elementor-element-c30c266 elementor-widget elementor-widget-image\" data-id=\"c30c266\" data-element_type=\"widget\" data-e-type=\"widget\" data-widget_type=\"image.default\">\n\t\t\t\t<div class=\"elementor-widget-container\">\n\t\t\t\t\t\t\t\t\t\t\t\t\t\t\t<img fetchpriority=\"high\" decoding=\"async\" width=\"800\" height=\"450\" src=\"https:\/\/easyfairsassets.com\/sites\/248\/2026\/05\/7_FMB-blocks-1024x576.jpg\" class=\"attachment-large size-large wp-image-147822\" alt=\"Standkonzept FMB Block\" srcset=\"https:\/\/easyfairsassets.com\/sites\/248\/2026\/05\/7_FMB-blocks-1024x576.jpg 1024w, https:\/\/easyfairsassets.com\/sites\/248\/2026\/05\/7_FMB-blocks-300x169.jpg 300w, https:\/\/easyfairsassets.com\/sites\/248\/2026\/05\/7_FMB-blocks-768x432.jpg 768w, https:\/\/easyfairsassets.com\/sites\/248\/2026\/05\/7_FMB-blocks-1536x864.jpg 1536w, https:\/\/easyfairsassets.com\/sites\/248\/2026\/05\/7_FMB-blocks.jpg 1920w\" sizes=\"(max-width: 800px) 100vw, 800px\" \/>\t\t\t\t\t\t\t\t\t\t\t\t\t\t\t<\/div>\n\t\t\t\t<\/div>\n\t\t\t\t<div class=\"elementor-element elementor-element-08a3e4c elementor-widget elementor-widget-text-editor\" data-id=\"08a3e4c\" data-element_type=\"widget\" data-e-type=\"widget\" data-widget_type=\"text-editor.default\">\n\t\t\t\t<div class=\"elementor-widget-container\">\n\t\t\t\t\t\t\t\t\t<p><strong>Das \u201eMegawall\u201c-System<\/strong><\/p><ul><li>Modulares Rahmensystem<\/li><li>Flexibles Standbausystem mit der Design-Optik von individuellem Messebau<\/li><li>Rahmen sind mit wei\u00dfen PVC-Platten ausgestattet<\/li><li>Stand kann zu 100% als Werbefl\u00e4che genutzt werden<\/li><li>Anbringung von durchg\u00e4ngiger, vollfl\u00e4chiger Textilgrafik<\/li><\/ul><p><strong><br \/>Wandmodul <br \/>100 cm (Breite) x 248 cm (H\u00f6he)<\/strong><\/p><ul><li>Gro\u00dffl\u00e4chiger sto\u00dffreier Druck \u00fcber mehrere Wandmodule m\u00f6glich<\/li><li>Bedruckung einzelner Wandmodule auch w\u00e4hlbar<\/li><\/ul><p><strong><br \/>Aufsatztafel (W\u00fcrfel) f\u00fcr Logo und Standnummer<\/strong><br \/><strong>100 cm (Breite) x 100 cm (H\u00f6he)<\/strong><\/p><ul><li>Druck mit Aussteller-Logo oder Ausstellernamen als Text vor wei\u00dfem Hintergrund im All-In-Paketpreis enthalten<\/li><li>Achtung: Die lichte H\u00f6he unter dem W\u00fcrfel betr\u00e4gt ca. 248 cm!<\/li><\/ul>\t\t\t\t\t\t\t\t<\/div>\n\t\t\t\t<\/div>\n\t\t\t\t<div class=\"elementor-element elementor-element-e47e082 elementor-widget elementor-widget-text-editor\" data-id=\"e47e082\" data-element_type=\"widget\" data-e-type=\"widget\" data-widget_type=\"text-editor.default\">\n\t\t\t\t<div class=\"elementor-widget-container\">\n\t\t\t\t\t\t\t\t\t<p>Die aktuell g\u00fcltigen Standbaurichtlinien sind beim Operations-Team erh\u00e4ltlich.<\/p><p><strong>Hinweis:<\/strong><br \/>Material- und Klebereste an den W\u00e4nden sind zu vermeiden. Bei Verunreinigungen oder Besch\u00e4digungen beh\u00e4lt sich Easyfairs vor, die entstandenen Kosten in Rechnung zu stellen.<\/p>\t\t\t\t\t\t\t\t<\/div>\n\t\t\t\t<\/div>\n\t\t\t\t<\/div>\n\t\t\t\t\t<\/details>\n\t\t\t\t\t\t<details id=\"e-n-accordion-item-10010\" class=\"e-n-accordion-item\" >\n\t\t\t\t<summary class=\"e-n-accordion-item-title\" data-accordion-index=\"11\" tabindex=\"-1\" aria-expanded=\"false\" aria-controls=\"e-n-accordion-item-10010\" >\n\t\t\t\t\t<span class='e-n-accordion-item-title-header'><div class=\"e-n-accordion-item-title-text\"> Standbewachung <\/div><\/span>\n\t\t\t\t\t\t\t<span class='e-n-accordion-item-title-icon'>\n\t\t\t<span class='e-opened' ><i aria-hidden=\"true\" class=\"fas fa-chevron-up\"><\/i><\/span>\n\t\t\t<span class='e-closed'><i aria-hidden=\"true\" class=\"fas fa-angle-down\"><\/i><\/span>\n\t\t<\/span>\n\n\t\t\t\t\t\t<\/summary>\n\t\t\t\t<div role=\"region\" aria-labelledby=\"e-n-accordion-item-10010\" class=\"elementor-element elementor-element-562dcc9 e-con-full e-flex e-con e-child\" data-id=\"562dcc9\" data-element_type=\"container\" data-e-type=\"container\" data-settings=\"{&quot;background_background&quot;:&quot;classic&quot;}\">\n\t\t\t\t<div class=\"elementor-element elementor-element-7cd150f elementor-widget elementor-widget-text-editor\" data-id=\"7cd150f\" data-element_type=\"widget\" data-e-type=\"widget\" data-widget_type=\"text-editor.default\">\n\t\t\t\t<div class=\"elementor-widget-container\">\n\t\t\t\t\t\t\t\t\t<p>Die Hallen werden nach dem Aufbau bzw. nach der \u00d6ffnungszeit abgeschlossen. Dies umfasst keine Haftung f\u00fcr Ihre Ausstellungsg\u00fcter.<\/p><p>Eine<strong> individuelle Standbewachung<\/strong> kann bis zu <strong>6 Wochen vor der Messe<\/strong> bestellt werden bei:<\/p><p>Sicherheit OWL GmbH &amp; Co. KG<br \/>Benzstr. 23<br \/>D &#8211; 32108 Bad Salzuflen <br \/>Fon: +49 (0) 5222 \/ 99 89 991<br \/>Fax: +49 (0) 5222 \/ 99 89 992 <br \/>E-Mail: <span style=\"text-decoration: underline;\"><span style=\"color: #64748b; text-decoration: underline;\"><a style=\"color: #64748b; text-decoration: underline;\" href=\"mailto:info@sicherheitowl.de\">info@sicherheitowl.de<\/a><\/span><\/span>\u00a0<\/p>\t\t\t\t\t\t\t\t<\/div>\n\t\t\t\t<\/div>\n\t\t\t\t<\/div>\n\t\t\t\t\t<\/details>\n\t\t\t\t\t\t<details id=\"e-n-accordion-item-10011\" class=\"e-n-accordion-item\" >\n\t\t\t\t<summary class=\"e-n-accordion-item-title\" data-accordion-index=\"12\" tabindex=\"-1\" aria-expanded=\"false\" aria-controls=\"e-n-accordion-item-10011\" >\n\t\t\t\t\t<span class='e-n-accordion-item-title-header'><div class=\"e-n-accordion-item-title-text\"> Standcatering <\/div><\/span>\n\t\t\t\t\t\t\t<span class='e-n-accordion-item-title-icon'>\n\t\t\t<span class='e-opened' ><i aria-hidden=\"true\" class=\"fas fa-chevron-up\"><\/i><\/span>\n\t\t\t<span class='e-closed'><i aria-hidden=\"true\" class=\"fas fa-angle-down\"><\/i><\/span>\n\t\t<\/span>\n\n\t\t\t\t\t\t<\/summary>\n\t\t\t\t<div role=\"region\" aria-labelledby=\"e-n-accordion-item-10011\" class=\"elementor-element elementor-element-4b5c2d7 e-con-full e-flex e-con e-child\" data-id=\"4b5c2d7\" data-element_type=\"container\" data-e-type=\"container\" data-settings=\"{&quot;background_background&quot;:&quot;classic&quot;}\">\n\t\t\t\t<div class=\"elementor-element elementor-element-0f2b2c0 elementor-widget elementor-widget-text-editor\" data-id=\"0f2b2c0\" data-element_type=\"widget\" data-e-type=\"widget\" data-widget_type=\"text-editor.default\">\n\t\t\t\t<div class=\"elementor-widget-container\">\n\t\t\t\t\t\t\t\t\t<p>Aufgrund des Vollverpflegungskonzeptes der Messe wird kein individuelles Standcatering angeboten. F\u00fcr R\u00fcckfragen steht das Operations-Team zur Verf\u00fcgung.<\/p>\t\t\t\t\t\t\t\t<\/div>\n\t\t\t\t<\/div>\n\t\t\t\t<\/div>\n\t\t\t\t\t<\/details>\n\t\t\t\t\t\t<details id=\"e-n-accordion-item-10012\" class=\"e-n-accordion-item\" >\n\t\t\t\t<summary class=\"e-n-accordion-item-title\" data-accordion-index=\"13\" tabindex=\"-1\" aria-expanded=\"false\" aria-controls=\"e-n-accordion-item-10012\" >\n\t\t\t\t\t<span class='e-n-accordion-item-title-header'><div class=\"e-n-accordion-item-title-text\"> Standreinigung <\/div><\/span>\n\t\t\t\t\t\t\t<span class='e-n-accordion-item-title-icon'>\n\t\t\t<span class='e-opened' ><i aria-hidden=\"true\" class=\"fas fa-chevron-up\"><\/i><\/span>\n\t\t\t<span class='e-closed'><i aria-hidden=\"true\" class=\"fas fa-angle-down\"><\/i><\/span>\n\t\t<\/span>\n\n\t\t\t\t\t\t<\/summary>\n\t\t\t\t<div role=\"region\" aria-labelledby=\"e-n-accordion-item-10012\" class=\"elementor-element elementor-element-4f953a4 e-con-full e-flex e-con e-child\" data-id=\"4f953a4\" data-element_type=\"container\" data-e-type=\"container\" data-settings=\"{&quot;background_background&quot;:&quot;classic&quot;}\">\n\t\t\t\t<div class=\"elementor-element elementor-element-1bec956 elementor-widget elementor-widget-text-editor\" data-id=\"1bec956\" data-element_type=\"widget\" data-e-type=\"widget\" data-widget_type=\"text-editor.default\">\n\t\t\t\t<div class=\"elementor-widget-container\">\n\t\t\t\t\t\t\t\t\t<p>Die Standreinigung ist in der Teilnahme enthalten und erfolgt jeweils am Abend vor einem Messetag. Sie umfasst das Saugen des Bodens, das Leeren der M\u00fclleimer sowie die Reinigung von Tisch- und Thekenoberfl\u00e4chen.<\/p><p><strong>Hinweis:<\/strong><br \/>Material- und Klebereste an den W\u00e4nden sind zu vermeiden. Bei Verunreinigungen oder Besch\u00e4digungen beh\u00e4lt sich Easyfairs vor, die entstandenen Kosten in Rechnung zu stellen.<\/p>\t\t\t\t\t\t\t\t<\/div>\n\t\t\t\t<\/div>\n\t\t\t\t<\/div>\n\t\t\t\t\t<\/details>\n\t\t\t\t\t\t<details id=\"e-n-accordion-item-10013\" class=\"e-n-accordion-item\" >\n\t\t\t\t<summary class=\"e-n-accordion-item-title\" data-accordion-index=\"14\" tabindex=\"-1\" aria-expanded=\"false\" aria-controls=\"e-n-accordion-item-10013\" >\n\t\t\t\t\t<span class='e-n-accordion-item-title-header'><div class=\"e-n-accordion-item-title-text\"> Technische Anschl\u00fcsse: Druckluft <\/div><\/span>\n\t\t\t\t\t\t\t<span class='e-n-accordion-item-title-icon'>\n\t\t\t<span class='e-opened' ><i aria-hidden=\"true\" class=\"fas fa-chevron-up\"><\/i><\/span>\n\t\t\t<span class='e-closed'><i aria-hidden=\"true\" class=\"fas fa-angle-down\"><\/i><\/span>\n\t\t<\/span>\n\n\t\t\t\t\t\t<\/summary>\n\t\t\t\t<div role=\"region\" aria-labelledby=\"e-n-accordion-item-10013\" class=\"elementor-element elementor-element-f8ab430 e-con-full e-flex e-con e-child\" data-id=\"f8ab430\" data-element_type=\"container\" data-e-type=\"container\" data-settings=\"{&quot;background_background&quot;:&quot;classic&quot;}\">\n\t\t\t\t<div class=\"elementor-element elementor-element-7f9ddc8 elementor-widget elementor-widget-text-editor\" data-id=\"7f9ddc8\" data-element_type=\"widget\" data-e-type=\"widget\" data-widget_type=\"text-editor.default\">\n\t\t\t\t<div class=\"elementor-widget-container\">\n\t\t\t\t\t\t\t\t\t<p>Druckluftanschl\u00fcsse sind <strong>fristgerecht<\/strong> \u00fcber den MyEasyfairs Onlineshop zu bestellen und in der <strong>technischen Standzeichnung<\/strong> zu kennzeichnen.<\/p><p>Die technischen Richtlinien der Versammlungsst\u00e4tte sind zu beachten. Technische Arbeiten d\u00fcrfen ausschlie\u00dflich durch den offiziellen Standbaupartner durchgef\u00fchrt werden. Individuelle L\u00f6sungen und Beratung bietet das Operations-Team.<\/p>\t\t\t\t\t\t\t\t<\/div>\n\t\t\t\t<\/div>\n\t\t\t\t<\/div>\n\t\t\t\t\t<\/details>\n\t\t\t\t\t\t<details id=\"e-n-accordion-item-10014\" class=\"e-n-accordion-item\" >\n\t\t\t\t<summary class=\"e-n-accordion-item-title\" data-accordion-index=\"15\" tabindex=\"-1\" aria-expanded=\"false\" aria-controls=\"e-n-accordion-item-10014\" >\n\t\t\t\t\t<span class='e-n-accordion-item-title-header'><div class=\"e-n-accordion-item-title-text\"> Technische Anschl\u00fcsse: Internet <\/div><\/span>\n\t\t\t\t\t\t\t<span class='e-n-accordion-item-title-icon'>\n\t\t\t<span class='e-opened' ><i aria-hidden=\"true\" class=\"fas fa-chevron-up\"><\/i><\/span>\n\t\t\t<span class='e-closed'><i aria-hidden=\"true\" class=\"fas fa-angle-down\"><\/i><\/span>\n\t\t<\/span>\n\n\t\t\t\t\t\t<\/summary>\n\t\t\t\t<div role=\"region\" aria-labelledby=\"e-n-accordion-item-10014\" class=\"elementor-element elementor-element-37bba80 e-con-full e-flex e-con e-child\" data-id=\"37bba80\" data-element_type=\"container\" data-e-type=\"container\" data-settings=\"{&quot;background_background&quot;:&quot;classic&quot;}\">\n\t\t\t\t<div class=\"elementor-element elementor-element-3dca858 elementor-widget elementor-widget-text-editor\" data-id=\"3dca858\" data-element_type=\"widget\" data-e-type=\"widget\" data-widget_type=\"text-editor.default\">\n\t\t\t\t<div class=\"elementor-widget-container\">\n\t\t\t\t\t\t\t\t\t<p>Bei Bedarf einer <strong>LAN-Verbindung<\/strong> zus\u00e4tzlich zum allgemeinen WLAN ist diese <strong>fristgerecht<\/strong> und kostenpflichtig beim Operations-Team anzufragen und in der <strong>technischen Standzeichnung<\/strong> zu kennzeichnen.<\/p><p>Die technischen Richtlinien der Versammlungsst\u00e4tte sind zu beachten. Technische Arbeiten d\u00fcrfen ausschlie\u00dflich durch den offiziellen Standbaupartner durchgef\u00fchrt werden. Individuelle L\u00f6sungen und Beratung bietet das Operations-Team.<\/p>\t\t\t\t\t\t\t\t<\/div>\n\t\t\t\t<\/div>\n\t\t\t\t<\/div>\n\t\t\t\t\t<\/details>\n\t\t\t\t\t\t<details id=\"e-n-accordion-item-10015\" class=\"e-n-accordion-item\" >\n\t\t\t\t<summary class=\"e-n-accordion-item-title\" data-accordion-index=\"16\" tabindex=\"-1\" aria-expanded=\"false\" aria-controls=\"e-n-accordion-item-10015\" >\n\t\t\t\t\t<span class='e-n-accordion-item-title-header'><div class=\"e-n-accordion-item-title-text\"> Technische Anschl\u00fcsse: Strom <\/div><\/span>\n\t\t\t\t\t\t\t<span class='e-n-accordion-item-title-icon'>\n\t\t\t<span class='e-opened' ><i aria-hidden=\"true\" class=\"fas fa-chevron-up\"><\/i><\/span>\n\t\t\t<span class='e-closed'><i aria-hidden=\"true\" class=\"fas fa-angle-down\"><\/i><\/span>\n\t\t<\/span>\n\n\t\t\t\t\t\t<\/summary>\n\t\t\t\t<div role=\"region\" aria-labelledby=\"e-n-accordion-item-10015\" class=\"elementor-element elementor-element-d5d232a e-con-full e-flex e-con e-child\" data-id=\"d5d232a\" data-element_type=\"container\" data-e-type=\"container\" data-settings=\"{&quot;background_background&quot;:&quot;classic&quot;}\">\n\t\t\t\t<div class=\"elementor-element elementor-element-c967639 elementor-widget elementor-widget-text-editor\" data-id=\"c967639\" data-element_type=\"widget\" data-e-type=\"widget\" data-widget_type=\"text-editor.default\">\n\t\t\t\t<div class=\"elementor-widget-container\">\n\t\t\t\t\t\t\t\t\t<p>Zus\u00e4tzliche Stromanschl\u00fcsse sind <strong>fristgerecht<\/strong> \u00fcber den MyEasyfairs Onlineshop zu bestellen und in der <strong>technischen Standzeichnung<\/strong> zu kennzeichnen.<\/p><p>Die technischen Richtlinien der Versammlungsst\u00e4tte sind zu beachten. Technische Arbeiten d\u00fcrfen ausschlie\u00dflich durch den offiziellen Standbaupartner durchgef\u00fchrt werden. Individuelle L\u00f6sungen und Beratung bietet das Operations-Team.<\/p><p><strong>Elektrische Ausstattung<\/strong><\/p><ul><li>Alle Anschl\u00fcsse werden mit <strong>FI-Schutzschalter<\/strong> (\u2264 30 mA) installiert. Maschinen\/Exponate d\u00fcrfen aus versicherungsrechtlichen und gesetzlichen Gr\u00fcnden nur mit FI-Schutzschalter betrieben werden. Bei Ger\u00e4ten mit integriertem FI-Schutzschalter ist ein Anschluss ohne separaten FI-Schutzschalter m\u00f6glich.<\/li><li><strong>Schukokabel <\/strong>zu Exponaten und Verbrauchern sind nicht im Anschluss enthalten und separat im Onlineshop zu bestellen.<\/li><\/ul>\t\t\t\t\t\t\t\t<\/div>\n\t\t\t\t<\/div>\n\t\t\t\t<\/div>\n\t\t\t\t\t<\/details>\n\t\t\t\t\t\t<details id=\"e-n-accordion-item-10016\" class=\"e-n-accordion-item\" >\n\t\t\t\t<summary class=\"e-n-accordion-item-title\" data-accordion-index=\"17\" tabindex=\"-1\" aria-expanded=\"false\" aria-controls=\"e-n-accordion-item-10016\" >\n\t\t\t\t\t<span class='e-n-accordion-item-title-header'><div class=\"e-n-accordion-item-title-text\"> Technische Anschl\u00fcsse: Wasser <\/div><\/span>\n\t\t\t\t\t\t\t<span class='e-n-accordion-item-title-icon'>\n\t\t\t<span class='e-opened' ><i aria-hidden=\"true\" class=\"fas fa-chevron-up\"><\/i><\/span>\n\t\t\t<span class='e-closed'><i aria-hidden=\"true\" class=\"fas fa-angle-down\"><\/i><\/span>\n\t\t<\/span>\n\n\t\t\t\t\t\t<\/summary>\n\t\t\t\t<div role=\"region\" aria-labelledby=\"e-n-accordion-item-10016\" class=\"elementor-element elementor-element-fbd6285 e-con-full e-flex e-con e-child\" data-id=\"fbd6285\" data-element_type=\"container\" data-e-type=\"container\" data-settings=\"{&quot;background_background&quot;:&quot;classic&quot;}\">\n\t\t\t\t<div class=\"elementor-element elementor-element-48eec71 elementor-widget elementor-widget-text-editor\" data-id=\"48eec71\" data-element_type=\"widget\" data-e-type=\"widget\" data-widget_type=\"text-editor.default\">\n\t\t\t\t<div class=\"elementor-widget-container\">\n\t\t\t\t\t\t\t\t\t<p>Zus\u00e4tzliche technische Anschl\u00fcsse sind <strong>fristgerecht<\/strong> \u00fcber den MyEasyfairs Onlineshop zu bestellen und in der <strong>technischen Standzeichnung<\/strong> zu kennzeichnen.<\/p><p>Die technischen Richtlinien der Versammlungsst\u00e4tte sind zu beachten. Technische Arbeiten d\u00fcrfen ausschlie\u00dflich durch den offiziellen Standbaupartner durchgef\u00fchrt werden. Individuelle L\u00f6sungen und Beratung bietet das Operations-Team.<\/p>\t\t\t\t\t\t\t\t<\/div>\n\t\t\t\t<\/div>\n\t\t\t\t<\/div>\n\t\t\t\t\t<\/details>\n\t\t\t\t\t<\/div>\n\t\t\t\t\t\t<\/div>\n\t\t\t\t<\/div>\n\t\t\t\t<\/div>\n\t\t<div class=\"elementor-element elementor-element-e55cd98 e-con-full e-flex e-con e-child\" data-id=\"e55cd98\" data-element_type=\"container\" data-e-type=\"container\">\n\t\t\t\t<div class=\"elementor-element elementor-element-f279eab elementor-widget elementor-widget-image\" data-id=\"f279eab\" data-element_type=\"widget\" data-e-type=\"widget\" data-widget_type=\"image.default\">\n\t\t\t\t<div class=\"elementor-widget-container\">\n\t\t\t\t\t\t\t\t\t\t\t\t\t\t\t<img decoding=\"async\" width=\"800\" height=\"800\" src=\"https:\/\/easyfairsassets.com\/sites\/248\/2026\/06\/7_FMB-blocks_crop_1x1-1024x1024.webp\" class=\"attachment-large size-large wp-image-151499\" alt=\"Standkonzept FMB Block\" srcset=\"https:\/\/easyfairsassets.com\/sites\/248\/2026\/06\/7_FMB-blocks_crop_1x1-1024x1024.webp 1024w, https:\/\/easyfairsassets.com\/sites\/248\/2026\/06\/7_FMB-blocks_crop_1x1-300x300.webp 300w, https:\/\/easyfairsassets.com\/sites\/248\/2026\/06\/7_FMB-blocks_crop_1x1-150x150.webp 150w, https:\/\/easyfairsassets.com\/sites\/248\/2026\/06\/7_FMB-blocks_crop_1x1-768x768.webp 768w, https:\/\/easyfairsassets.com\/sites\/248\/2026\/06\/7_FMB-blocks_crop_1x1.webp 1080w\" sizes=\"(max-width: 800px) 100vw, 800px\" \/>\t\t\t\t\t\t\t\t\t\t\t\t\t\t\t<\/div>\n\t\t\t\t<\/div>\n\t\t\t\t<\/div>\n\t\t\t\t<\/div>\n\t\t\t\t<\/div>\n\t\t\t\t\t<\/div>\n\t\t\t\t<\/div>\n\t\t<div class=\"elementor-element elementor-element-e474748 section-s e-flex e-con-boxed e-con e-parent\" data-id=\"e474748\" data-element_type=\"container\" data-e-type=\"container\" data-settings=\"{&quot;background_background&quot;:&quot;classic&quot;}\">\n\t\t\t\t\t<div class=\"e-con-inner\">\n\t\t\t\t<div class=\"elementor-element elementor-element-448c81a elementor-widget elementor-widget-heading\" data-id=\"448c81a\" data-element_type=\"widget\" data-e-type=\"widget\" data-widget_type=\"heading.default\">\n\t\t\t\t<div class=\"elementor-widget-container\">\n\t\t\t\t\t<h2 class=\"elementor-heading-title elementor-size-default\">Vor-Ort-Informationen<\/h2>\t\t\t\t<\/div>\n\t\t\t\t<\/div>\n\t\t<div class=\"elementor-element elementor-element-f35d2ad e-con-full e-flex e-con e-child\" data-id=\"f35d2ad\" data-element_type=\"container\" data-e-type=\"container\">\n\t\t<div class=\"elementor-element elementor-element-abde6cd e-con-full e-flex e-con e-child\" data-id=\"abde6cd\" data-element_type=\"container\" data-e-type=\"container\">\n\t\t<div class=\"elementor-element elementor-element-198c0a3 e-con-full e-flex e-con e-child\" data-id=\"198c0a3\" data-element_type=\"container\" data-e-type=\"container\">\n\t\t\t\t<div class=\"elementor-element elementor-element-86260a3 elementor-widget__width-initial elementor-widget elementor-widget-n-accordion\" data-id=\"86260a3\" data-element_type=\"widget\" data-e-type=\"widget\" data-settings=\"{&quot;default_state&quot;:&quot;all_collapsed&quot;,&quot;max_items_expended&quot;:&quot;one&quot;,&quot;n_accordion_animation_duration&quot;:{&quot;unit&quot;:&quot;ms&quot;,&quot;size&quot;:400,&quot;sizes&quot;:[]}}\" data-widget_type=\"nested-accordion.default\">\n\t\t\t\t<div class=\"elementor-widget-container\">\n\t\t\t\t\t\t\t<div class=\"e-n-accordion\" aria-label=\"Accordion. Open links with Enter or Space, close with Escape, and navigate with Arrow Keys\">\n\t\t\t\t\t\t<details id=\"e-n-accordion-item-1400\" class=\"e-n-accordion-item\" >\n\t\t\t\t<summary class=\"e-n-accordion-item-title\" data-accordion-index=\"1\" tabindex=\"0\" aria-expanded=\"false\" aria-controls=\"e-n-accordion-item-1400\" >\n\t\t\t\t\t<span class='e-n-accordion-item-title-header'><div class=\"e-n-accordion-item-title-text\"> Anreise <\/div><\/span>\n\t\t\t\t\t\t\t<span class='e-n-accordion-item-title-icon'>\n\t\t\t<span class='e-opened' ><i aria-hidden=\"true\" class=\"fas fa-chevron-up\"><\/i><\/span>\n\t\t\t<span class='e-closed'><i aria-hidden=\"true\" class=\"fas fa-angle-down\"><\/i><\/span>\n\t\t<\/span>\n\n\t\t\t\t\t\t<\/summary>\n\t\t\t\t<div role=\"region\" aria-labelledby=\"e-n-accordion-item-1400\" class=\"elementor-element elementor-element-494e941 e-con-full e-flex e-con e-child\" data-id=\"494e941\" data-element_type=\"container\" data-e-type=\"container\" data-settings=\"{&quot;background_background&quot;:&quot;classic&quot;}\">\n\t\t\t\t<div class=\"elementor-element elementor-element-be4ac8b elementor-widget elementor-widget-text-editor\" data-id=\"be4ac8b\" data-element_type=\"widget\" data-e-type=\"widget\" data-widget_type=\"text-editor.default\">\n\t\t\t\t<div class=\"elementor-widget-container\">\n\t\t\t\t\t\t\t\t\t<div id=\"elementor-tab-content-2115\" class=\"elementor-tab-content elementor-clearfix elementor-active\" role=\"region\" data-tab=\"5\" aria-labelledby=\"elementor-tab-title-2115\"><p><strong>Messeadresse:<br \/><\/strong>Messezentrum Bad Salzuflen<br \/>Halle 20 \/ Halle 21<br \/>Benzstr. 23<br \/>32108 Bad Salzuflen<br \/>Deutschland<\/p><p><strong>Mit dem Zug<\/strong><br \/>Entspannt ankommen und nachhaltig reisen: Die Deutsche Bahn bietet die Anreise zur Messe zu attraktiven Sonderkonditionen. Die verg\u00fcnstigten Tickets sind bequem \u00fcber das Buchungsportal der Bahn erh\u00e4ltlich.<\/p><\/div>\t\t\t\t\t\t\t\t<\/div>\n\t\t\t\t<\/div>\n\t\t\t\t<div class=\"elementor-element elementor-element-64a86b6 elementor-mobile-align-center elementor-align-left btn-ghost-slide elementor-widget elementor-widget-button\" data-id=\"64a86b6\" data-element_type=\"widget\" data-e-type=\"widget\" data-widget_type=\"button.default\">\n\t\t\t\t<div class=\"elementor-widget-container\">\n\t\t\t\t\t\t\t\t\t<div class=\"elementor-button-wrapper\">\n\t\t\t\t\t<a class=\"elementor-button elementor-button-link elementor-size-sm\" href=\"https:\/\/www.eventanreise-bahn.de\/?event=57814&#038;language=de\" target=\"_blank\">\n\t\t\t\t\t\t<span class=\"elementor-button-content-wrapper\">\n\t\t\t\t\t\t<span class=\"elementor-button-icon\">\n\t\t\t\t<i aria-hidden=\"true\" class=\"fas fa-arrow-right\"><\/i>\t\t\t<\/span>\n\t\t\t\t\t\t\t\t\t<span class=\"elementor-button-text\">Zum Buchungsportal der Deutschen Bahn<\/span>\n\t\t\t\t\t<\/span>\n\t\t\t\t\t<\/a>\n\t\t\t\t<\/div>\n\t\t\t\t\t\t\t\t<\/div>\n\t\t\t\t<\/div>\n\t\t\t\t<div class=\"elementor-element elementor-element-dac1344 elementor-mobile-align-center elementor-align-left btn-ghost-slide elementor-widget elementor-widget-button\" data-id=\"dac1344\" data-element_type=\"widget\" data-e-type=\"widget\" data-widget_type=\"button.default\">\n\t\t\t\t<div class=\"elementor-widget-container\">\n\t\t\t\t\t\t\t\t\t<div class=\"elementor-button-wrapper\">\n\t\t\t\t\t<a class=\"elementor-button elementor-button-link elementor-size-sm\" href=\"https:\/\/www.messezentrum.de\/anreise-und-aufenthalt\" target=\"_blank\">\n\t\t\t\t\t\t<span class=\"elementor-button-content-wrapper\">\n\t\t\t\t\t\t<span class=\"elementor-button-icon\">\n\t\t\t\t<i aria-hidden=\"true\" class=\"fas fa-arrow-right\"><\/i>\t\t\t<\/span>\n\t\t\t\t\t\t\t\t\t<span class=\"elementor-button-text\">Detaillierte Anreiseinformationen<\/span>\n\t\t\t\t\t<\/span>\n\t\t\t\t\t<\/a>\n\t\t\t\t<\/div>\n\t\t\t\t\t\t\t\t<\/div>\n\t\t\t\t<\/div>\n\t\t\t\t<\/div>\n\t\t\t\t\t<\/details>\n\t\t\t\t\t\t<details id=\"e-n-accordion-item-1401\" class=\"e-n-accordion-item\" >\n\t\t\t\t<summary class=\"e-n-accordion-item-title\" data-accordion-index=\"2\" tabindex=\"-1\" aria-expanded=\"false\" aria-controls=\"e-n-accordion-item-1401\" >\n\t\t\t\t\t<span class='e-n-accordion-item-title-header'><div class=\"e-n-accordion-item-title-text\"> Ausstellerausweise <\/div><\/span>\n\t\t\t\t\t\t\t<span class='e-n-accordion-item-title-icon'>\n\t\t\t<span class='e-opened' ><i aria-hidden=\"true\" class=\"fas fa-chevron-up\"><\/i><\/span>\n\t\t\t<span class='e-closed'><i aria-hidden=\"true\" class=\"fas fa-angle-down\"><\/i><\/span>\n\t\t<\/span>\n\n\t\t\t\t\t\t<\/summary>\n\t\t\t\t<div role=\"region\" aria-labelledby=\"e-n-accordion-item-1401\" class=\"elementor-element elementor-element-af7123f e-con-full e-flex e-con e-child\" data-id=\"af7123f\" data-element_type=\"container\" data-e-type=\"container\" data-settings=\"{&quot;background_background&quot;:&quot;classic&quot;}\">\n\t\t\t\t<div class=\"elementor-element elementor-element-3aa1e3c elementor-widget elementor-widget-text-editor\" data-id=\"3aa1e3c\" data-element_type=\"widget\" data-e-type=\"widget\" data-widget_type=\"text-editor.default\">\n\t\t\t\t<div class=\"elementor-widget-container\">\n\t\t\t\t\t\t\t\t\t<p>Die personalisierten Ausstellerausweise sind kostenfrei und berechtigen zum Einlass in die Messehallen w\u00e4hrend der Auf- und Abbauzeiten sowie der Messelaufzeit.<\/p><p><strong>Standpersonal registrieren<\/strong><br \/>Bis <strong>2 Wochen<\/strong> vor Messebeginn in MyEasyfairs unter:<br \/><em>Stand bearbeiten &gt; Verwalten Sie Ihr Personal &gt; Standpersonal &gt; + Neu<\/em><\/p><p><strong>Ausweise abholen<\/strong><br \/>QR-Code aus der Best\u00e4tigungs-E-Mail am Tag vor der Messe am Servicepoint oder w\u00e4hrend der Messelaufzeit an der Registrierung vorzeigen.<\/p><table><thead><tr><th style=\"text-align: left;\"><strong>Standgr\u00f6\u00dfe<\/strong><\/th><th style=\"text-align: left;\" align=\"right\"><strong>Kostenfreie Ausstellerausweise*<\/strong><\/th><\/tr><\/thead><tbody><tr><td>Bis 16 m\u00b2<\/td><td style=\"text-align: left;\" align=\"right\">3<\/td><\/tr><tr><td>Bis 24 m\u00b2<\/td><td style=\"text-align: left;\" align=\"right\">4<\/td><\/tr><tr><td>Bis 45 m\u00b2<\/td><td style=\"text-align: left;\" align=\"right\">6<\/td><\/tr><tr><td>\u00dcber 45 m\u00b2<\/td><td style=\"text-align: left;\" align=\"right\">Nach Absprache<\/td><\/tr><tr><td>Mitaussteller<\/td><td style=\"text-align: left;\" align=\"right\">2<\/td><\/tr><\/tbody><\/table><p>*Jeder weitere Ausweis kostet 25 \u20ac.<\/p>\t\t\t\t\t\t\t\t<\/div>\n\t\t\t\t<\/div>\n\t\t\t\t<\/div>\n\t\t\t\t\t<\/details>\n\t\t\t\t\t\t<details id=\"e-n-accordion-item-1402\" class=\"e-n-accordion-item\" >\n\t\t\t\t<summary class=\"e-n-accordion-item-title\" data-accordion-index=\"3\" tabindex=\"-1\" aria-expanded=\"false\" aria-controls=\"e-n-accordion-item-1402\" >\n\t\t\t\t\t<span class='e-n-accordion-item-title-header'><div class=\"e-n-accordion-item-title-text\"> Ausstellerabend <\/div><\/span>\n\t\t\t\t\t\t\t<span class='e-n-accordion-item-title-icon'>\n\t\t\t<span class='e-opened' ><i aria-hidden=\"true\" class=\"fas fa-chevron-up\"><\/i><\/span>\n\t\t\t<span class='e-closed'><i aria-hidden=\"true\" class=\"fas fa-angle-down\"><\/i><\/span>\n\t\t<\/span>\n\n\t\t\t\t\t\t<\/summary>\n\t\t\t\t<div role=\"region\" aria-labelledby=\"e-n-accordion-item-1402\" class=\"elementor-element elementor-element-70248ab e-con-full e-flex e-con e-child\" data-id=\"70248ab\" data-element_type=\"container\" data-e-type=\"container\" data-settings=\"{&quot;background_background&quot;:&quot;classic&quot;}\">\n\t\t\t\t<div class=\"elementor-element elementor-element-ad55159 elementor-widget elementor-widget-text-editor\" data-id=\"ad55159\" data-element_type=\"widget\" data-e-type=\"widget\" data-widget_type=\"text-editor.default\">\n\t\t\t\t<div class=\"elementor-widget-container\">\n\t\t\t\t\t\t\t\t\t<p>Auch in diesem Jahr findet wieder ein Ausstellerabend auf dem Messegel\u00e4nde statt. Weitere Informationen folgen in K\u00fcrze.<\/p>\t\t\t\t\t\t\t\t<\/div>\n\t\t\t\t<\/div>\n\t\t\t\t<\/div>\n\t\t\t\t\t<\/details>\n\t\t\t\t\t\t<details id=\"e-n-accordion-item-1403\" class=\"e-n-accordion-item\" >\n\t\t\t\t<summary class=\"e-n-accordion-item-title\" data-accordion-index=\"4\" tabindex=\"-1\" aria-expanded=\"false\" aria-controls=\"e-n-accordion-item-1403\" >\n\t\t\t\t\t<span class='e-n-accordion-item-title-header'><div class=\"e-n-accordion-item-title-text\"> Aussteller-Catering <\/div><\/span>\n\t\t\t\t\t\t\t<span class='e-n-accordion-item-title-icon'>\n\t\t\t<span class='e-opened' ><i aria-hidden=\"true\" class=\"fas fa-chevron-up\"><\/i><\/span>\n\t\t\t<span class='e-closed'><i aria-hidden=\"true\" class=\"fas fa-angle-down\"><\/i><\/span>\n\t\t<\/span>\n\n\t\t\t\t\t\t<\/summary>\n\t\t\t\t<div role=\"region\" aria-labelledby=\"e-n-accordion-item-1403\" class=\"elementor-element elementor-element-c38d0b0 e-con-full e-flex e-con e-child\" data-id=\"c38d0b0\" data-element_type=\"container\" data-e-type=\"container\" data-settings=\"{&quot;background_background&quot;:&quot;classic&quot;}\">\n\t\t\t\t<div class=\"elementor-element elementor-element-9b2c4e4 elementor-widget elementor-widget-text-editor\" data-id=\"9b2c4e4\" data-element_type=\"widget\" data-e-type=\"widget\" data-widget_type=\"text-editor.default\">\n\t\t\t\t<div class=\"elementor-widget-container\">\n\t\t\t\t\t\t\t\t\t<p><strong>Aufbautag<\/strong><\/p><ul><li><strong>Bistro Halle 21:<\/strong> 11:00\u201316:00 Uhr, Getr\u00e4nke und Snacks auf eigene Rechnung<\/li><li><strong>FMB-Lounge:<\/strong> ganzt\u00e4gig kostenfreier Kaffee und eine s\u00fc\u00dfe Kleinigkeit<\/li><\/ul>\t\t\t\t\t\t\t\t<\/div>\n\t\t\t\t<\/div>\n\t\t\t\t<div class=\"elementor-element elementor-element-f06e6fa elementor-widget elementor-widget-text-editor\" data-id=\"f06e6fa\" data-element_type=\"widget\" data-e-type=\"widget\" data-widget_type=\"text-editor.default\">\n\t\t\t\t<div class=\"elementor-widget-container\">\n\t\t\t\t\t\t\t\t\t<p><strong>Messetage<\/strong><\/p><ul><li><strong>Bistros:<\/strong> ganzt\u00e4gig kostenfreie Hei\u00df- und Kaltgetr\u00e4nke f\u00fcr Aussteller und Besucher<\/li><li><strong>Gutscheine:<\/strong> Alle Messeteilnehmer erhalten bei der Anmeldung Gutscheine f\u00fcr einen Snack und einen warmen Mittagssnack im Bistro bzw. Messerestaurant (11:30\u201314:30 Uhr).<\/li><\/ul>\t\t\t\t\t\t\t\t<\/div>\n\t\t\t\t<\/div>\n\t\t\t\t<\/div>\n\t\t\t\t\t<\/details>\n\t\t\t\t\t\t<details id=\"e-n-accordion-item-1404\" class=\"e-n-accordion-item\" >\n\t\t\t\t<summary class=\"e-n-accordion-item-title\" data-accordion-index=\"5\" tabindex=\"-1\" aria-expanded=\"false\" aria-controls=\"e-n-accordion-item-1404\" >\n\t\t\t\t\t<span class='e-n-accordion-item-title-header'><div class=\"e-n-accordion-item-title-text\"> FMB Forum <\/div><\/span>\n\t\t\t\t\t\t\t<span class='e-n-accordion-item-title-icon'>\n\t\t\t<span class='e-opened' ><i aria-hidden=\"true\" class=\"fas fa-chevron-up\"><\/i><\/span>\n\t\t\t<span class='e-closed'><i aria-hidden=\"true\" class=\"fas fa-angle-down\"><\/i><\/span>\n\t\t<\/span>\n\n\t\t\t\t\t\t<\/summary>\n\t\t\t\t<div role=\"region\" aria-labelledby=\"e-n-accordion-item-1404\" class=\"elementor-element elementor-element-68ba842 e-con-full e-flex e-con e-child\" data-id=\"68ba842\" data-element_type=\"container\" data-e-type=\"container\" data-settings=\"{&quot;background_background&quot;:&quot;classic&quot;}\">\n\t\t\t\t<div class=\"elementor-element elementor-element-2127ef3 elementor-widget elementor-widget-text-editor\" data-id=\"2127ef3\" data-element_type=\"widget\" data-e-type=\"widget\" data-widget_type=\"text-editor.default\">\n\t\t\t\t<div class=\"elementor-widget-container\">\n\t\t\t\t\t\t\t\t\t<p>Bei gebuchtem Vortragsslot stehen folgende Ausstattung zur Verf\u00fcgung:<\/p><ul><li>Laptop<\/li><li>Beamer<\/li><li>Rednerpult<\/li><li>Mikrofonanlage<\/li><\/ul>\t\t\t\t\t\t\t\t<\/div>\n\t\t\t\t<\/div>\n\t\t\t\t<div class=\"elementor-element elementor-element-673a965 elementor-widget elementor-widget-text-editor\" data-id=\"673a965\" data-element_type=\"widget\" data-e-type=\"widget\" data-widget_type=\"text-editor.default\">\n\t\t\t\t<div class=\"elementor-widget-container\">\n\t\t\t\t\t\t\t\t\t<p>Die Pr\u00e4sentation ist vorab per E-Mail an <strong>anncathrin.hinkelmann@easyfairs.com<\/strong> zu senden. Die Wiedergabe erfolgt \u00fcber den vor Ort bereitgestellten Laptop; der Anschluss eines eigenen Laptops ist nicht m\u00f6glich.<\/p><p>Filme m\u00fcssen in abspielbarer Aufl\u00f6sung eingebunden sein. Eine Tonwiedergabe ist m\u00f6glich.<\/p><p><strong>Vor Ort:<\/strong> 10 Minuten vor Vortragsbeginn einfinden<\/p>\t\t\t\t\t\t\t\t<\/div>\n\t\t\t\t<\/div>\n\t\t\t\t<\/div>\n\t\t\t\t\t<\/details>\n\t\t\t\t\t\t<details id=\"e-n-accordion-item-1405\" class=\"e-n-accordion-item\" >\n\t\t\t\t<summary class=\"e-n-accordion-item-title\" data-accordion-index=\"6\" tabindex=\"-1\" aria-expanded=\"false\" aria-controls=\"e-n-accordion-item-1405\" >\n\t\t\t\t\t<span class='e-n-accordion-item-title-header'><div class=\"e-n-accordion-item-title-text\"> Garderobe <\/div><\/span>\n\t\t\t\t\t\t\t<span class='e-n-accordion-item-title-icon'>\n\t\t\t<span class='e-opened' ><i aria-hidden=\"true\" class=\"fas fa-chevron-up\"><\/i><\/span>\n\t\t\t<span class='e-closed'><i aria-hidden=\"true\" class=\"fas fa-angle-down\"><\/i><\/span>\n\t\t<\/span>\n\n\t\t\t\t\t\t<\/summary>\n\t\t\t\t<div role=\"region\" aria-labelledby=\"e-n-accordion-item-1405\" class=\"elementor-element elementor-element-2162fce e-con-full e-flex e-con e-child\" data-id=\"2162fce\" data-element_type=\"container\" data-e-type=\"container\" data-settings=\"{&quot;background_background&quot;:&quot;classic&quot;}\">\n\t\t\t\t<div class=\"elementor-element elementor-element-6f199ac elementor-widget elementor-widget-text-editor\" data-id=\"6f199ac\" data-element_type=\"widget\" data-e-type=\"widget\" data-widget_type=\"text-editor.default\">\n\t\t\t\t<div class=\"elementor-widget-container\">\n\t\t\t\t\t\t\t\t\t<p>Die Nutzung der Garderobe im Eingangsbereich ist f\u00fcr Aussteller und Besucher kostenfrei.<\/p>\t\t\t\t\t\t\t\t<\/div>\n\t\t\t\t<\/div>\n\t\t\t\t<\/div>\n\t\t\t\t\t<\/details>\n\t\t\t\t\t\t<details id=\"e-n-accordion-item-1406\" class=\"e-n-accordion-item\" >\n\t\t\t\t<summary class=\"e-n-accordion-item-title\" data-accordion-index=\"7\" tabindex=\"-1\" aria-expanded=\"false\" aria-controls=\"e-n-accordion-item-1406\" >\n\t\t\t\t\t<span class='e-n-accordion-item-title-header'><div class=\"e-n-accordion-item-title-text\"> Hallen- &amp; Gel\u00e4ndeplan <\/div><\/span>\n\t\t\t\t\t\t\t<span class='e-n-accordion-item-title-icon'>\n\t\t\t<span class='e-opened' ><i aria-hidden=\"true\" class=\"fas fa-chevron-up\"><\/i><\/span>\n\t\t\t<span class='e-closed'><i aria-hidden=\"true\" class=\"fas fa-angle-down\"><\/i><\/span>\n\t\t<\/span>\n\n\t\t\t\t\t\t<\/summary>\n\t\t\t\t<div role=\"region\" aria-labelledby=\"e-n-accordion-item-1406\" class=\"elementor-element elementor-element-f9a09f5 e-con-full e-flex e-con e-child\" data-id=\"f9a09f5\" data-element_type=\"container\" data-e-type=\"container\" data-settings=\"{&quot;background_background&quot;:&quot;classic&quot;}\">\n\t\t\t\t<div class=\"elementor-element elementor-element-5cd7d7b elementor-widget__width-initial elementor-widget elementor-widget-gallery\" data-id=\"5cd7d7b\" data-element_type=\"widget\" data-e-type=\"widget\" data-settings=\"{&quot;columns&quot;:1,&quot;lazyload&quot;:&quot;yes&quot;,&quot;gallery_layout&quot;:&quot;grid&quot;,&quot;columns_tablet&quot;:2,&quot;columns_mobile&quot;:1,&quot;gap&quot;:{&quot;unit&quot;:&quot;px&quot;,&quot;size&quot;:10,&quot;sizes&quot;:[]},&quot;gap_widescreen&quot;:{&quot;unit&quot;:&quot;px&quot;,&quot;size&quot;:&quot;&quot;,&quot;sizes&quot;:[]},&quot;gap_tablet&quot;:{&quot;unit&quot;:&quot;px&quot;,&quot;size&quot;:10,&quot;sizes&quot;:[]},&quot;gap_mobile&quot;:{&quot;unit&quot;:&quot;px&quot;,&quot;size&quot;:10,&quot;sizes&quot;:[]},&quot;link_to&quot;:&quot;file&quot;,&quot;aspect_ratio&quot;:&quot;3:2&quot;,&quot;overlay_background&quot;:&quot;yes&quot;,&quot;content_hover_animation&quot;:&quot;fade-in&quot;}\" data-widget_type=\"gallery.default\">\n\t\t\t\t<div class=\"elementor-widget-container\">\n\t\t\t\t\t\t\t<div class=\"elementor-gallery__container\">\n\t\t\t\t\t\t\t<a class=\"e-gallery-item elementor-gallery-item elementor-animated-content\" href=\"https:\/\/easyfairsassets.com\/sites\/248\/2026\/06\/Grafik_FMB-Gelaendeplan.jpg\" data-elementor-open-lightbox=\"yes\" data-elementor-lightbox-slideshow=\"5cd7d7b\" data-elementor-lightbox-title=\"FMB_Gel\u00e4ndeplan\" data-e-action-hash=\"#elementor-action%3Aaction%3Dlightbox%26settings%3DeyJpZCI6MTQ5ODY1LCJ1cmwiOiJodHRwczpcL1wvZm1iLW1lc3NlLWRlLmVhc3lmYWlycy5uZXR3b3JrXC93cC1jb250ZW50XC91cGxvYWRzXC9zaXRlc1wvMjQ4XC8yMDI2XC8wNlwvR3JhZmlrX0ZNQi1HZWxhZW5kZXBsYW4uanBnIiwic2xpZGVzaG93IjoiNWNkN2Q3YiJ9\">\n\t\t\t\t\t<div class=\"e-gallery-image elementor-gallery-item__image\" data-thumbnail=\"https:\/\/easyfairsassets.com\/sites\/248\/2026\/06\/Grafik_FMB-Gelaendeplan-1024x926.jpg\" data-width=\"800\" data-height=\"723\" aria-label=\"\" role=\"img\" ><\/div>\n\t\t\t\t\t\t\t\t\t\t\t<div class=\"elementor-gallery-item__overlay\"><\/div>\n\t\t\t\t\t\t\t\t\t\t\t\t\t\t<\/a>\n\t\t\t\t\t<\/div>\n\t\t\t\t\t<\/div>\n\t\t\t\t<\/div>\n\t\t\t\t<div class=\"elementor-element elementor-element-dad0bb5 elementor-widget elementor-widget-text-editor\" data-id=\"dad0bb5\" data-element_type=\"widget\" data-e-type=\"widget\" data-widget_type=\"text-editor.default\">\n\t\t\t\t<div class=\"elementor-widget-container\">\n\t\t\t\t\t\t\t\t\t<p><strong>Messegel\u00e4nde im \u00dcberblick:<\/strong><\/p><p>Die FMB findet in den Hallen 20 und 21 statt.<\/p><p>F\u00fcr eine vergr\u00f6\u00dferte Ansicht auf den Plan klicken. Eine detaillierte Aufteilung der Hallen ist im Hallenplan verf\u00fcgbar.<\/p>\t\t\t\t\t\t\t\t<\/div>\n\t\t\t\t<\/div>\n\t\t<div role=\"region\" aria-labelledby=\"e-n-accordion-item-1406\" class=\"elementor-element elementor-element-723b6a1 e-con-full e-flex e-con e-child\" data-id=\"723b6a1\" data-element_type=\"container\" data-e-type=\"container\">\n\t\t\t\t<div class=\"elementor-element elementor-element-984f6c6 elementor-mobile-align-center elementor-align-left btn-ghost-slide elementor-widget elementor-widget-button\" data-id=\"984f6c6\" data-element_type=\"widget\" data-e-type=\"widget\" data-widget_type=\"button.default\">\n\t\t\t\t<div class=\"elementor-widget-container\">\n\t\t\t\t\t\t\t\t\t<div class=\"elementor-button-wrapper\">\n\t\t\t\t\t<a class=\"elementor-button elementor-button-link elementor-size-sm\" href=\"https:\/\/drive.google.com\/file\/d\/1k8rEZBPi5e9TDGjjyKSYm1IgIjZsClkI\/view\" target=\"_blank\">\n\t\t\t\t\t\t<span class=\"elementor-button-content-wrapper\">\n\t\t\t\t\t\t<span class=\"elementor-button-icon\">\n\t\t\t\t<i aria-hidden=\"true\" class=\"fas fa-arrow-right\"><\/i>\t\t\t<\/span>\n\t\t\t\t\t\t\t\t\t<span class=\"elementor-button-text\">Zum Hallenplan<\/span>\n\t\t\t\t\t<\/span>\n\t\t\t\t\t<\/a>\n\t\t\t\t<\/div>\n\t\t\t\t\t\t\t\t<\/div>\n\t\t\t\t<\/div>\n\t\t\t\t<div class=\"elementor-element elementor-element-2733602 elementor-mobile-align-center elementor-align-left btn-ghost-slide elementor-widget elementor-widget-button\" data-id=\"2733602\" data-element_type=\"widget\" data-e-type=\"widget\" data-widget_type=\"button.default\">\n\t\t\t\t<div class=\"elementor-widget-container\">\n\t\t\t\t\t\t\t\t\t<div class=\"elementor-button-wrapper\">\n\t\t\t\t\t<a class=\"elementor-button elementor-button-link elementor-size-sm\" href=\"https:\/\/easyfairsassets.com\/sites\/248\/2020\/06\/Grafik_FMB-Gel%C3%A4ndeplan.pdf\" target=\"_blank\">\n\t\t\t\t\t\t<span class=\"elementor-button-content-wrapper\">\n\t\t\t\t\t\t<span class=\"elementor-button-icon\">\n\t\t\t\t<i aria-hidden=\"true\" class=\"fas fa-arrow-right\"><\/i>\t\t\t<\/span>\n\t\t\t\t\t\t\t\t\t<span class=\"elementor-button-text\">Zum Gel\u00e4ndeplan<\/span>\n\t\t\t\t\t<\/span>\n\t\t\t\t\t<\/a>\n\t\t\t\t<\/div>\n\t\t\t\t\t\t\t\t<\/div>\n\t\t\t\t<\/div>\n\t\t\t\t<\/div>\n\t\t\t\t<\/div>\n\t\t\t\t\t<\/details>\n\t\t\t\t\t\t<details id=\"e-n-accordion-item-1407\" class=\"e-n-accordion-item\" >\n\t\t\t\t<summary class=\"e-n-accordion-item-title\" data-accordion-index=\"8\" tabindex=\"-1\" aria-expanded=\"false\" aria-controls=\"e-n-accordion-item-1407\" >\n\t\t\t\t\t<span class='e-n-accordion-item-title-header'><div class=\"e-n-accordion-item-title-text\"> Hotel-Service <\/div><\/span>\n\t\t\t\t\t\t\t<span class='e-n-accordion-item-title-icon'>\n\t\t\t<span class='e-opened' ><i aria-hidden=\"true\" class=\"fas fa-chevron-up\"><\/i><\/span>\n\t\t\t<span class='e-closed'><i aria-hidden=\"true\" class=\"fas fa-angle-down\"><\/i><\/span>\n\t\t<\/span>\n\n\t\t\t\t\t\t<\/summary>\n\t\t\t\t<div role=\"region\" aria-labelledby=\"e-n-accordion-item-1407\" class=\"elementor-element elementor-element-c3a4ed4 e-con-full e-flex e-con e-child\" data-id=\"c3a4ed4\" data-element_type=\"container\" data-e-type=\"container\" data-settings=\"{&quot;background_background&quot;:&quot;classic&quot;}\">\n\t\t\t\t<div class=\"elementor-element elementor-element-28d6fe7 elementor-widget elementor-widget-text-editor\" data-id=\"28d6fe7\" data-element_type=\"widget\" data-e-type=\"widget\" data-widget_type=\"text-editor.default\">\n\t\t\t\t<div class=\"elementor-widget-container\">\n\t\t\t\t\t\t\t\t\t<p>F\u00fcr die Hotelbuchung steht der Service unseres Partners Hotelservice-Deutschland.de mit speziell eingerichteten Sonderkonditionen zur Verf\u00fcgung.<\/p><p><strong>Die Buchungsoption befindet sich derzeit in Bearbeitung und wird zeitnah verf\u00fcgbar sein.<\/strong><\/p>\t\t\t\t\t\t\t\t<\/div>\n\t\t\t\t<\/div>\n\t\t\t\t<\/div>\n\t\t\t\t\t<\/details>\n\t\t\t\t\t\t<details id=\"e-n-accordion-item-1408\" class=\"e-n-accordion-item\" >\n\t\t\t\t<summary class=\"e-n-accordion-item-title\" data-accordion-index=\"9\" tabindex=\"-1\" aria-expanded=\"false\" aria-controls=\"e-n-accordion-item-1408\" >\n\t\t\t\t\t<span class='e-n-accordion-item-title-header'><div class=\"e-n-accordion-item-title-text\"> Jobboard <\/div><\/span>\n\t\t\t\t\t\t\t<span class='e-n-accordion-item-title-icon'>\n\t\t\t<span class='e-opened' ><i aria-hidden=\"true\" class=\"fas fa-chevron-up\"><\/i><\/span>\n\t\t\t<span class='e-closed'><i aria-hidden=\"true\" class=\"fas fa-angle-down\"><\/i><\/span>\n\t\t<\/span>\n\n\t\t\t\t\t\t<\/summary>\n\t\t\t\t<div role=\"region\" aria-labelledby=\"e-n-accordion-item-1408\" class=\"elementor-element elementor-element-280fb81 e-con-full e-flex e-con e-child\" data-id=\"280fb81\" data-element_type=\"container\" data-e-type=\"container\" data-settings=\"{&quot;background_background&quot;:&quot;classic&quot;}\">\n\t\t\t\t<div class=\"elementor-element elementor-element-353cc19 elementor-widget elementor-widget-text-editor\" data-id=\"353cc19\" data-element_type=\"widget\" data-e-type=\"widget\" data-widget_type=\"text-editor.default\">\n\t\t\t\t<div class=\"elementor-widget-container\">\n\t\t\t\t\t\t\t\t\t<p>Vor Ort steht ein Jobboard f\u00fcr den kostenfreien Aushang von Stellenangeboten der Aussteller zur Verf\u00fcgung.<\/p><p>Stellenangebote im <strong>A4-Format<\/strong> k\u00f6nnen am Easyfairs Infocounter abgegeben werden. Der Aushang erfolgt am Jobboard.<\/p>\t\t\t\t\t\t\t\t<\/div>\n\t\t\t\t<\/div>\n\t\t\t\t<\/div>\n\t\t\t\t\t<\/details>\n\t\t\t\t\t\t<details id=\"e-n-accordion-item-1409\" class=\"e-n-accordion-item\" >\n\t\t\t\t<summary class=\"e-n-accordion-item-title\" data-accordion-index=\"10\" tabindex=\"-1\" aria-expanded=\"false\" aria-controls=\"e-n-accordion-item-1409\" >\n\t\t\t\t\t<span class='e-n-accordion-item-title-header'><div class=\"e-n-accordion-item-title-text\"> \u00d6ffnungszeiten <\/div><\/span>\n\t\t\t\t\t\t\t<span class='e-n-accordion-item-title-icon'>\n\t\t\t<span class='e-opened' ><i aria-hidden=\"true\" class=\"fas fa-chevron-up\"><\/i><\/span>\n\t\t\t<span class='e-closed'><i aria-hidden=\"true\" class=\"fas fa-angle-down\"><\/i><\/span>\n\t\t<\/span>\n\n\t\t\t\t\t\t<\/summary>\n\t\t\t\t<div role=\"region\" aria-labelledby=\"e-n-accordion-item-1409\" class=\"elementor-element elementor-element-3e0ccaf e-con-full e-flex e-con e-child\" data-id=\"3e0ccaf\" data-element_type=\"container\" data-e-type=\"container\" data-settings=\"{&quot;background_background&quot;:&quot;classic&quot;}\">\n\t\t\t\t<div class=\"elementor-element elementor-element-31fc39d elementor-widget elementor-widget-text-editor\" data-id=\"31fc39d\" data-element_type=\"widget\" data-e-type=\"widget\" data-widget_type=\"text-editor.default\">\n\t\t\t\t<div class=\"elementor-widget-container\">\n\t\t\t\t\t\t\t\t\t<ul><li><strong>Dienstag, 1. Messe-Tag<\/strong><br \/>9:00 \u2013 17:00 Uhr\u00a0<\/li><li><strong>Mittwoch, 2. Messe-Tag<\/strong><br \/>9:00 \u2013 17:00 Uhr\u00a0<\/li><li><strong>Donnerstag, 3. Messe-Tag<\/strong><br \/>9:00 \u2013 16:00 Uhr<\/li><\/ul>\t\t\t\t\t\t\t\t<\/div>\n\t\t\t\t<\/div>\n\t\t\t\t<\/div>\n\t\t\t\t\t<\/details>\n\t\t\t\t\t\t<details id=\"e-n-accordion-item-14010\" class=\"e-n-accordion-item\" >\n\t\t\t\t<summary class=\"e-n-accordion-item-title\" data-accordion-index=\"11\" tabindex=\"-1\" aria-expanded=\"false\" aria-controls=\"e-n-accordion-item-14010\" >\n\t\t\t\t\t<span class='e-n-accordion-item-title-header'><div class=\"e-n-accordion-item-title-text\"> Parken <\/div><\/span>\n\t\t\t\t\t\t\t<span class='e-n-accordion-item-title-icon'>\n\t\t\t<span class='e-opened' ><i aria-hidden=\"true\" class=\"fas fa-chevron-up\"><\/i><\/span>\n\t\t\t<span class='e-closed'><i aria-hidden=\"true\" class=\"fas fa-angle-down\"><\/i><\/span>\n\t\t<\/span>\n\n\t\t\t\t\t\t<\/summary>\n\t\t\t\t<div role=\"region\" aria-labelledby=\"e-n-accordion-item-14010\" class=\"elementor-element elementor-element-25886f5 e-con-full e-flex e-con e-child\" data-id=\"25886f5\" data-element_type=\"container\" data-e-type=\"container\" data-settings=\"{&quot;background_background&quot;:&quot;classic&quot;}\">\n\t\t\t\t<div class=\"elementor-element elementor-element-1427954 elementor-widget elementor-widget-text-editor\" data-id=\"1427954\" data-element_type=\"widget\" data-e-type=\"widget\" data-widget_type=\"text-editor.default\">\n\t\t\t\t<div class=\"elementor-widget-container\">\n\t\t\t\t\t\t\t\t\t<p>Auf dem gesamten Messegel\u00e4nde stehen kostenfreie Parkm\u00f6glichkeiten zur Verf\u00fcgung. Gesonderte Ausstellerparkpl\u00e4tze gibt es nicht.<\/p><p>F\u00fcr die Zufahrt zu den Parkpl\u00e4tzen <strong>P1 bis P5<\/strong> ist kein Parkausweis erforderlich. Die Anweisungen des Sicherheitspersonals sind zu beachten.<\/p>\t\t\t\t\t\t\t\t<\/div>\n\t\t\t\t<\/div>\n\t\t\t\t<\/div>\n\t\t\t\t\t<\/details>\n\t\t\t\t\t\t<details id=\"e-n-accordion-item-14011\" class=\"e-n-accordion-item\" >\n\t\t\t\t<summary class=\"e-n-accordion-item-title\" data-accordion-index=\"12\" tabindex=\"-1\" aria-expanded=\"false\" aria-controls=\"e-n-accordion-item-14011\" >\n\t\t\t\t\t<span class='e-n-accordion-item-title-header'><div class=\"e-n-accordion-item-title-text\"> Servicepoint, Infostand (Easyfairs-Team) <\/div><\/span>\n\t\t\t\t\t\t\t<span class='e-n-accordion-item-title-icon'>\n\t\t\t<span class='e-opened' ><i aria-hidden=\"true\" class=\"fas fa-chevron-up\"><\/i><\/span>\n\t\t\t<span class='e-closed'><i aria-hidden=\"true\" class=\"fas fa-angle-down\"><\/i><\/span>\n\t\t<\/span>\n\n\t\t\t\t\t\t<\/summary>\n\t\t\t\t<div role=\"region\" aria-labelledby=\"e-n-accordion-item-14011\" class=\"elementor-element elementor-element-4046d4e e-con-full e-flex e-con e-child\" data-id=\"4046d4e\" data-element_type=\"container\" data-e-type=\"container\" data-settings=\"{&quot;background_background&quot;:&quot;classic&quot;}\">\n\t\t\t\t<div class=\"elementor-element elementor-element-565feb6 elementor-widget elementor-widget-text-editor\" data-id=\"565feb6\" data-element_type=\"widget\" data-e-type=\"widget\" data-widget_type=\"text-editor.default\">\n\t\t\t\t<div class=\"elementor-widget-container\">\n\t\t\t\t\t\t\t\t\t<p>Der Easyfairs Servicepoint befindet sich an der FMB-Lounge in Halle 20. Die Mitarbeiter stehen w\u00e4hrend der folgenden Servicezeiten f\u00fcr Fragen zur Verf\u00fcgung.<\/p><p><strong>Montag, Servicetag: 12:00\u201318:00 Uhr<\/strong><\/p><ul><li>Abholung von Ausstellerunterlagen (Ausweise, Essensgutscheine)<\/li><li>Fragen zu Strom, Druckluft und Internet<\/li><li>Last-Minute-Bestellungen von Mobiliar (nur solange Vorrat reicht) und technischen Anschl\u00fcssen (ohne Garantie)<\/li><li>Reklamationen<\/li><li>Abgabe von<\/li><li>Stellenanzeigen f\u00fcr das Jobboard<\/li><li>WLAN-Zugangsdaten<\/li><li>Fragen zu digitalen L\u00f6sungen<\/li><li>Weitere Fragen, Probleme und W\u00fcnsche<\/li><\/ul>\t\t\t\t\t\t\t\t<\/div>\n\t\t\t\t<\/div>\n\t\t\t\t<div class=\"elementor-element elementor-element-2e9f1f8 elementor-widget elementor-widget-text-editor\" data-id=\"2e9f1f8\" data-element_type=\"widget\" data-e-type=\"widget\" data-widget_type=\"text-editor.default\">\n\t\t\t\t<div class=\"elementor-widget-container\">\n\t\t\t\t\t\t\t\t\t<p><strong>Dienstag, 1. Messe-Tag: 8:00\u201317:00 Uhr<\/strong><\/p><ul><li>Fragen zu Strom, Druckluft und Internet (8:00\u201310:00 Uhr)<\/li><li>Abgabe von Stellenanzeigen f\u00fcr das Jobboard<\/li><li>WLAN-Zugangsdaten<\/li><li>Fragen zu digitalen L\u00f6sungen<\/li><li>Weitere Fragen, Probleme und W\u00fcnsche<\/li><\/ul>\t\t\t\t\t\t\t\t<\/div>\n\t\t\t\t<\/div>\n\t\t\t\t<div class=\"elementor-element elementor-element-08b27e8 elementor-widget elementor-widget-text-editor\" data-id=\"08b27e8\" data-element_type=\"widget\" data-e-type=\"widget\" data-widget_type=\"text-editor.default\">\n\t\t\t\t<div class=\"elementor-widget-container\">\n\t\t\t\t\t\t\t\t\t<p><strong>Mittwoch, 2. Messe-Tag: 8:00\u201317:00 Uhr<\/strong><\/p><ul><li>WLAN-Zugangsdaten<\/li><li>Fragen zu digitalen L\u00f6sungen<\/li><li>Weitere Fragen, Probleme und W\u00fcnsche<\/li><\/ul>\t\t\t\t\t\t\t\t<\/div>\n\t\t\t\t<\/div>\n\t\t\t\t<div class=\"elementor-element elementor-element-2acd220 elementor-widget elementor-widget-text-editor\" data-id=\"2acd220\" data-element_type=\"widget\" data-e-type=\"widget\" data-widget_type=\"text-editor.default\">\n\t\t\t\t<div class=\"elementor-widget-container\">\n\t\t\t\t\t\t\t\t\t<p><strong>Donnerstag, 3. Messe-Tag: 8:00\u201316:00 Uhr<\/strong><\/p><ul><li>WLAN-Zugangsdaten<\/li><li>Fragen zu digitalen L\u00f6sungen<\/li><li>Weitere Fragen, Probleme und W\u00fcnsche<\/li><\/ul>\t\t\t\t\t\t\t\t<\/div>\n\t\t\t\t<\/div>\n\t\t\t\t<\/div>\n\t\t\t\t\t<\/details>\n\t\t\t\t\t\t<details id=\"e-n-accordion-item-14012\" class=\"e-n-accordion-item\" >\n\t\t\t\t<summary class=\"e-n-accordion-item-title\" data-accordion-index=\"13\" tabindex=\"-1\" aria-expanded=\"false\" aria-controls=\"e-n-accordion-item-14012\" >\n\t\t\t\t\t<span class='e-n-accordion-item-title-header'><div class=\"e-n-accordion-item-title-text\"> WLAN <\/div><\/span>\n\t\t\t\t\t\t\t<span class='e-n-accordion-item-title-icon'>\n\t\t\t<span class='e-opened' ><i aria-hidden=\"true\" class=\"fas fa-chevron-up\"><\/i><\/span>\n\t\t\t<span class='e-closed'><i aria-hidden=\"true\" class=\"fas fa-angle-down\"><\/i><\/span>\n\t\t<\/span>\n\n\t\t\t\t\t\t<\/summary>\n\t\t\t\t<div role=\"region\" aria-labelledby=\"e-n-accordion-item-14012\" class=\"elementor-element elementor-element-889a10e e-con-full e-flex e-con e-child\" data-id=\"889a10e\" data-element_type=\"container\" data-e-type=\"container\" data-settings=\"{&quot;background_background&quot;:&quot;classic&quot;}\">\n\t\t\t\t<div class=\"elementor-element elementor-element-dae530c elementor-widget elementor-widget-text-editor\" data-id=\"dae530c\" data-element_type=\"widget\" data-e-type=\"widget\" data-widget_type=\"text-editor.default\">\n\t\t\t\t<div class=\"elementor-widget-container\">\n\t\t\t\t\t\t\t\t\t<p>Ein separates <strong>WLAN<\/strong> steht allen Ausstellern am Aufbautag und w\u00e4hrend der Messetage <strong>kostenfrei<\/strong> zur Verf\u00fcgung.<\/p><p>Das \u00f6ffentliche WLAN ist nicht f\u00fcr die \u00dcbertragung gro\u00dfer Datenmengen ausgelegt. Eine durchg\u00e4ngige Verf\u00fcgbarkeit des Internetzugangs kann nicht gew\u00e4hrleistet werden.<\/p><p>Bei Bedarf einer <strong>LAN-Verbindung<\/strong> zus\u00e4tzlich zum allgemeinen WLAN ist diese fristgerecht und <strong>kostenpflichtig<\/strong> beim Operations-Team anzufragen.<\/p>\t\t\t\t\t\t\t\t<\/div>\n\t\t\t\t<\/div>\n\t\t\t\t<\/div>\n\t\t\t\t\t<\/details>\n\t\t\t\t\t<\/div>\n\t\t\t\t\t\t<\/div>\n\t\t\t\t<\/div>\n\t\t\t\t<\/div>\n\t\t<div class=\"elementor-element elementor-element-8bd1eb5 e-con-full e-flex e-con e-child\" data-id=\"8bd1eb5\" data-element_type=\"container\" data-e-type=\"container\">\n\t\t\t\t<div class=\"elementor-element elementor-element-40fb745 elementor-widget elementor-widget-image\" data-id=\"40fb745\" data-element_type=\"widget\" data-e-type=\"widget\" data-widget_type=\"image.default\">\n\t\t\t\t<div class=\"elementor-widget-container\">\n\t\t\t\t\t\t\t\t\t\t\t\t\t\t\t<img decoding=\"async\" width=\"662\" height=\"662\" src=\"https:\/\/easyfairsassets.com\/sites\/248\/2026\/06\/FMB2025-293_crop_1x1.webp\" class=\"attachment-large size-large wp-image-151503\" alt=\"FMB Fahnen Messe Aussenansicht\" srcset=\"https:\/\/easyfairsassets.com\/sites\/248\/2026\/06\/FMB2025-293_crop_1x1.webp 662w, https:\/\/easyfairsassets.com\/sites\/248\/2026\/06\/FMB2025-293_crop_1x1-300x300.webp 300w, https:\/\/easyfairsassets.com\/sites\/248\/2026\/06\/FMB2025-293_crop_1x1-150x150.webp 150w\" sizes=\"(max-width: 662px) 100vw, 662px\" \/>\t\t\t\t\t\t\t\t\t\t\t\t\t\t\t<\/div>\n\t\t\t\t<\/div>\n\t\t\t\t<\/div>\n\t\t\t\t<\/div>\n\t\t\t\t<\/div>\n\t\t\t\t\t<\/div>\n\t\t\t\t<\/div>\n\t\t<div class=\"elementor-element elementor-element-adb6bd3 section-s e-flex e-con-boxed e-con e-parent\" data-id=\"adb6bd3\" data-element_type=\"container\" data-e-type=\"container\" data-settings=\"{&quot;background_background&quot;:&quot;classic&quot;}\">\n\t\t\t\t\t<div class=\"e-con-inner\">\n\t\t\t\t<div class=\"elementor-element elementor-element-7116d78 elementor-widget elementor-widget-heading\" data-id=\"7116d78\" data-element_type=\"widget\" data-e-type=\"widget\" data-widget_type=\"heading.default\">\n\t\t\t\t<div class=\"elementor-widget-container\">\n\t\t\t\t\t<h2 class=\"elementor-heading-title elementor-size-default\">Auf- &amp; Abbau<\/h2>\t\t\t\t<\/div>\n\t\t\t\t<\/div>\n\t\t<div class=\"elementor-element elementor-element-33bb681 e-con-full e-flex e-con e-child\" data-id=\"33bb681\" data-element_type=\"container\" data-e-type=\"container\">\n\t\t<div class=\"elementor-element elementor-element-7d11eae e-con-full e-flex e-con e-child\" data-id=\"7d11eae\" data-element_type=\"container\" data-e-type=\"container\">\n\t\t<div class=\"elementor-element elementor-element-9696c69 e-con-full e-flex e-con e-child\" data-id=\"9696c69\" data-element_type=\"container\" data-e-type=\"container\">\n\t\t\t\t<div class=\"elementor-element elementor-element-0160923 elementor-widget__width-initial elementor-widget elementor-widget-n-accordion\" data-id=\"0160923\" data-element_type=\"widget\" data-e-type=\"widget\" data-settings=\"{&quot;default_state&quot;:&quot;all_collapsed&quot;,&quot;max_items_expended&quot;:&quot;one&quot;,&quot;n_accordion_animation_duration&quot;:{&quot;unit&quot;:&quot;ms&quot;,&quot;size&quot;:400,&quot;sizes&quot;:[]}}\" data-widget_type=\"nested-accordion.default\">\n\t\t\t\t<div class=\"elementor-widget-container\">\n\t\t\t\t\t\t\t<div class=\"e-n-accordion\" aria-label=\"Accordion. Open links with Enter or Space, close with Escape, and navigate with Arrow Keys\">\n\t\t\t\t\t\t<details id=\"e-n-accordion-item-1440\" class=\"e-n-accordion-item\" >\n\t\t\t\t<summary class=\"e-n-accordion-item-title\" data-accordion-index=\"1\" tabindex=\"0\" aria-expanded=\"false\" aria-controls=\"e-n-accordion-item-1440\" >\n\t\t\t\t\t<span class='e-n-accordion-item-title-header'><div class=\"e-n-accordion-item-title-text\"> Aufbau, Aufbauzeiten <\/div><\/span>\n\t\t\t\t\t\t\t<span class='e-n-accordion-item-title-icon'>\n\t\t\t<span class='e-opened' ><i aria-hidden=\"true\" class=\"fas fa-chevron-up\"><\/i><\/span>\n\t\t\t<span class='e-closed'><i aria-hidden=\"true\" class=\"fas fa-angle-down\"><\/i><\/span>\n\t\t<\/span>\n\n\t\t\t\t\t\t<\/summary>\n\t\t\t\t<div role=\"region\" aria-labelledby=\"e-n-accordion-item-1440\" class=\"elementor-element elementor-element-bc5f779 e-con-full e-flex e-con e-child\" data-id=\"bc5f779\" data-element_type=\"container\" data-e-type=\"container\" data-settings=\"{&quot;background_background&quot;:&quot;classic&quot;}\">\n\t\t\t\t<div class=\"elementor-element elementor-element-6ef82c5 elementor-widget elementor-widget-text-editor\" data-id=\"6ef82c5\" data-element_type=\"widget\" data-e-type=\"widget\" data-widget_type=\"text-editor.default\">\n\t\t\t\t<div class=\"elementor-widget-container\">\n\t\t\t\t\t\t\t\t\t<p><strong>Montag, Servicetag: 8:00\u201318:00 Uhr<\/strong><br \/>Zutritt f\u00fcr Aussteller ist w\u00e4hrend des gesamten Zeitraums m\u00f6glich.<\/p><ul><li><strong>Ab 12:00 Uhr:<\/strong> Systemst\u00e4nde sind bezugsfertig und der Easyfairs Servicepoint ist besetzt.<\/li><li><strong>12:00\u201318:00 Uhr:<\/strong> Reklamationen werden am Servicepoint entgegengenommen.<\/li><\/ul>\t\t\t\t\t\t\t\t<\/div>\n\t\t\t\t<\/div>\n\t\t\t\t<div class=\"elementor-element elementor-element-84ddcfa elementor-widget elementor-widget-text-editor\" data-id=\"84ddcfa\" data-element_type=\"widget\" data-e-type=\"widget\" data-widget_type=\"text-editor.default\">\n\t\t\t\t<div class=\"elementor-widget-container\">\n\t\t\t\t\t\t\t\t\t<p>Ein vorgezogener oder verl\u00e4ngerter Aufbau ist ausschlie\u00dflich nach Abstimmung mit dem Operations-Team m\u00f6glich.<\/p>\t\t\t\t\t\t\t\t<\/div>\n\t\t\t\t<\/div>\n\t\t\t\t<\/div>\n\t\t\t\t\t<\/details>\n\t\t\t\t\t\t<details id=\"e-n-accordion-item-1441\" class=\"e-n-accordion-item\" >\n\t\t\t\t<summary class=\"e-n-accordion-item-title\" data-accordion-index=\"2\" tabindex=\"-1\" aria-expanded=\"false\" aria-controls=\"e-n-accordion-item-1441\" >\n\t\t\t\t\t<span class='e-n-accordion-item-title-header'><div class=\"e-n-accordion-item-title-text\"> Abbau, Abbauzeiten <\/div><\/span>\n\t\t\t\t\t\t\t<span class='e-n-accordion-item-title-icon'>\n\t\t\t<span class='e-opened' ><i aria-hidden=\"true\" class=\"fas fa-chevron-up\"><\/i><\/span>\n\t\t\t<span class='e-closed'><i aria-hidden=\"true\" class=\"fas fa-angle-down\"><\/i><\/span>\n\t\t<\/span>\n\n\t\t\t\t\t\t<\/summary>\n\t\t\t\t<div role=\"region\" aria-labelledby=\"e-n-accordion-item-1441\" class=\"elementor-element elementor-element-302710c e-flex e-con-boxed e-con e-child\" data-id=\"302710c\" data-element_type=\"container\" data-e-type=\"container\" data-settings=\"{&quot;background_background&quot;:&quot;classic&quot;}\">\n\t\t\t\t\t<div class=\"e-con-inner\">\n\t\t<div role=\"region\" aria-labelledby=\"e-n-accordion-item-1441\" class=\"elementor-element elementor-element-f838df0 e-con-full e-flex e-con e-child\" data-id=\"f838df0\" data-element_type=\"container\" data-e-type=\"container\">\n\t\t\t\t<div class=\"elementor-element elementor-element-eac21dd elementor-widget elementor-widget-text-editor\" data-id=\"eac21dd\" data-element_type=\"widget\" data-e-type=\"widget\" data-widget_type=\"text-editor.default\">\n\t\t\t\t<div class=\"elementor-widget-container\">\n\t\t\t\t\t\t\t\t\t<p><strong>Donnerstag, 3. Messe-Tag: 16:30\u201322:00 Uhr<\/strong><br \/>R\u00e4umung der Systemst\u00e4nde und Abbau durch Aussteller, \u00d6ffnung der Hallentore<\/p><p><strong>Freitag: 08:00\u201312:00 Uhr<br \/><\/strong>Die Abholung schwerer Maschinen oder anderer Materialien am Freitag ist nur nach vorheriger Abstimmung mit dem Veranstalter m\u00f6glich.<\/p><p><strong>Hinweise zum Abbau<\/strong><\/p><ul><li>Ein Abbau oder R\u00e4umen des Standes ist w\u00e4hrend der offiziellen Messelaufzeit nicht gestattet.<\/li><li>Exponate verpackt und mit Firmenname, Mobilnummer und Standnummer kennzeichnen.<\/li><li>Alle mitgebrachten Gegenst\u00e4nde vollst\u00e4ndig mitnehmen.<\/li><li>Kabinenschl\u00fcssel nach Veranstaltungsende wieder am jeweiligen Kabinenschloss anbringen.<\/li><li>Smart Badge Reader am daf\u00fcr vorgesehenen St\u00e4nder hinterlassen.<\/li><li>W\u00e4hrend der Abbauphase erfolgt keine Hallenbewachung.<\/li><\/ul>\t\t\t\t\t\t\t\t<\/div>\n\t\t\t\t<\/div>\n\t\t\t\t<\/div>\n\t\t\t\t\t<\/div>\n\t\t\t\t<\/div>\n\t\t\t\t\t<\/details>\n\t\t\t\t\t\t<details id=\"e-n-accordion-item-1442\" class=\"e-n-accordion-item\" >\n\t\t\t\t<summary class=\"e-n-accordion-item-title\" data-accordion-index=\"3\" tabindex=\"-1\" aria-expanded=\"false\" aria-controls=\"e-n-accordion-item-1442\" >\n\t\t\t\t\t<span class='e-n-accordion-item-title-header'><div class=\"e-n-accordion-item-title-text\"> Abfallentsorgung <\/div><\/span>\n\t\t\t\t\t\t\t<span class='e-n-accordion-item-title-icon'>\n\t\t\t<span class='e-opened' ><i aria-hidden=\"true\" class=\"fas fa-chevron-up\"><\/i><\/span>\n\t\t\t<span class='e-closed'><i aria-hidden=\"true\" class=\"fas fa-angle-down\"><\/i><\/span>\n\t\t<\/span>\n\n\t\t\t\t\t\t<\/summary>\n\t\t\t\t<div role=\"region\" aria-labelledby=\"e-n-accordion-item-1442\" class=\"elementor-element elementor-element-c8c2019 e-con-full e-flex e-con e-child\" data-id=\"c8c2019\" data-element_type=\"container\" data-e-type=\"container\" data-settings=\"{&quot;background_background&quot;:&quot;classic&quot;}\">\n\t\t\t\t<div class=\"elementor-element elementor-element-c63757b elementor-widget elementor-widget-text-editor\" data-id=\"c63757b\" data-element_type=\"widget\" data-e-type=\"widget\" data-widget_type=\"text-editor.default\">\n\t\t\t\t<div class=\"elementor-widget-container\">\n\t\t\t\t\t\t\t\t\t<p>Bei gr\u00f6\u00dferen Abfallmengen und entsprechendem Bedarf an Containern steht das zust\u00e4ndige Operations-Team als Ansprechpartner zur Verf\u00fcgung.<\/p><p><strong>Hinweis zur M\u00fclltrennung:<\/strong><br \/>F\u00fcr eine m\u00f6glichst nachhaltige Veranstaltung und zur Vermeidung unn\u00f6tiger Abf\u00e4lle wird um die konsequente Nutzung der vorhandenen M\u00fclltrennsysteme sowie um eine m\u00f6glichst geringe Verwendung von Verpackungen und Printmedien gebeten.<\/p>\t\t\t\t\t\t\t\t<\/div>\n\t\t\t\t<\/div>\n\t\t\t\t<\/div>\n\t\t\t\t\t<\/details>\n\t\t\t\t\t\t<details id=\"e-n-accordion-item-1443\" class=\"e-n-accordion-item\" >\n\t\t\t\t<summary class=\"e-n-accordion-item-title\" data-accordion-index=\"4\" tabindex=\"-1\" aria-expanded=\"false\" aria-controls=\"e-n-accordion-item-1443\" >\n\t\t\t\t\t<span class='e-n-accordion-item-title-header'><div class=\"e-n-accordion-item-title-text\"> Anfahrt f\u00fcr Auf- &amp; Abbau <\/div><\/span>\n\t\t\t\t\t\t\t<span class='e-n-accordion-item-title-icon'>\n\t\t\t<span class='e-opened' ><i aria-hidden=\"true\" class=\"fas fa-chevron-up\"><\/i><\/span>\n\t\t\t<span class='e-closed'><i aria-hidden=\"true\" class=\"fas fa-angle-down\"><\/i><\/span>\n\t\t<\/span>\n\n\t\t\t\t\t\t<\/summary>\n\t\t\t\t<div role=\"region\" aria-labelledby=\"e-n-accordion-item-1443\" class=\"elementor-element elementor-element-5deaaee e-flex e-con-boxed e-con e-child\" data-id=\"5deaaee\" data-element_type=\"container\" data-e-type=\"container\">\n\t\t\t\t\t<div class=\"e-con-inner\">\n\t\t\t\t<div class=\"elementor-element elementor-element-8cfcd0c elementor-widget elementor-widget-text-editor\" data-id=\"8cfcd0c\" data-element_type=\"widget\" data-e-type=\"widget\" data-widget_type=\"text-editor.default\">\n\t\t\t\t<div class=\"elementor-widget-container\">\n\t\t\t\t\t\t\t\t\t<p><strong>Zufahrt zum Messegel\u00e4nde<\/strong><\/p><ul><li>Die ausgeschilderten Zufahrten sind zu nutzen. Die Zufahrt bis zum Hallentor erfolgt abh\u00e4ngig von der Auslastung und nach Anweisung des Sicherheitspersonals. Ein Anspruch auf direkte Zufahrt besteht nicht.<\/li><li>Am letzten Messetag d\u00fcrfen Transporter, LKW und Fahrzeuge mit Anh\u00e4nger das Gel\u00e4nde erst nach Messeschluss und Freigabe befahren.<\/li><\/ul>\t\t\t\t\t\t\t\t<\/div>\n\t\t\t\t<\/div>\n\t\t\t\t<div class=\"elementor-element elementor-element-b223c2e elementor-widget elementor-widget-text-editor\" data-id=\"b223c2e\" data-element_type=\"widget\" data-e-type=\"widget\" data-widget_type=\"text-editor.default\">\n\t\t\t\t<div class=\"elementor-widget-container\">\n\t\t\t\t\t\t\t\t\t<p><strong>Verkehr und Sicherheit<\/strong><\/p><ul><li>Auf dem gesamten Messegel\u00e4nde gilt die StVO. Den Anweisungen des Park- und Sicherheitspersonals ist Folge zu leisten. Aufgrund der jahreszeitlichen Sichtverh\u00e4ltnisse ist besondere Vorsicht geboten.<\/li><li>Zufahrten, Tore sowie Flucht- und Rettungswege sind jederzeit freizuhalten. Blockierende Fahrzeuge oder Materialien werden kostenpflichtig entfernt.<\/li><\/ul>\t\t\t\t\t\t\t\t<\/div>\n\t\t\t\t<\/div>\n\t\t\t\t<div class=\"elementor-element elementor-element-e833b3a elementor-widget elementor-widget-text-editor\" data-id=\"e833b3a\" data-element_type=\"widget\" data-e-type=\"widget\" data-widget_type=\"text-editor.default\">\n\t\t\t\t<div class=\"elementor-widget-container\">\n\t\t\t\t\t\t\t\t\t<p><strong>Be- und Entladen<\/strong><\/p><ul><li>Nach dem Entladen sind Fahrzeuge und Anh\u00e4nger umgehend aus den Ladezonen zu entfernen und gem\u00e4\u00df den Anweisungen des Sicherheitspersonals zu parken.<\/li><li>Eine Kaution f\u00fcr die Anlieferung ist nicht erforderlich.<\/li><\/ul>\t\t\t\t\t\t\t\t<\/div>\n\t\t\t\t<\/div>\n\t\t\t\t<div class=\"elementor-element elementor-element-2412923 elementor-widget elementor-widget-text-editor\" data-id=\"2412923\" data-element_type=\"widget\" data-e-type=\"widget\" data-widget_type=\"text-editor.default\">\n\t\t\t\t<div class=\"elementor-widget-container\">\n\t\t\t\t\t\t\t\t\t<p><strong>Weitere Hinweise<\/strong><\/p><ul><li>Private Fahrzeuge sind in den Messehallen nicht gestattet.<\/li><\/ul>\t\t\t\t\t\t\t\t<\/div>\n\t\t\t\t<\/div>\n\t\t\t\t\t<\/div>\n\t\t\t\t<\/div>\n\t\t\t\t\t<\/details>\n\t\t\t\t\t\t<details id=\"e-n-accordion-item-1444\" class=\"e-n-accordion-item\" >\n\t\t\t\t<summary class=\"e-n-accordion-item-title\" data-accordion-index=\"5\" tabindex=\"-1\" aria-expanded=\"false\" aria-controls=\"e-n-accordion-item-1444\" >\n\t\t\t\t\t<span class='e-n-accordion-item-title-header'><div class=\"e-n-accordion-item-title-text\"> Anlieferung &amp; Abholung <\/div><\/span>\n\t\t\t\t\t\t\t<span class='e-n-accordion-item-title-icon'>\n\t\t\t<span class='e-opened' ><i aria-hidden=\"true\" class=\"fas fa-chevron-up\"><\/i><\/span>\n\t\t\t<span class='e-closed'><i aria-hidden=\"true\" class=\"fas fa-angle-down\"><\/i><\/span>\n\t\t<\/span>\n\n\t\t\t\t\t\t<\/summary>\n\t\t\t\t<div role=\"region\" aria-labelledby=\"e-n-accordion-item-1444\" class=\"elementor-element elementor-element-6e020f4 e-con-full e-flex e-con e-child\" data-id=\"6e020f4\" data-element_type=\"container\" data-e-type=\"container\" data-settings=\"{&quot;background_background&quot;:&quot;classic&quot;}\">\n\t\t\t\t<div class=\"elementor-element elementor-element-9fc2e45 elementor-widget elementor-widget-text-editor\" data-id=\"9fc2e45\" data-element_type=\"widget\" data-e-type=\"widget\" data-widget_type=\"text-editor.default\">\n\t\t\t\t<div class=\"elementor-widget-container\">\n\t\t\t\t\t\t\t\t\t<p><strong>Lieferung direkt an den Stand<\/strong><\/p><ul><li>Ausschlie\u00dflich am <strong>Montag (Servicetag), 8:00\u201320:00 Uhr<\/strong><\/li><li>Bei zu fr\u00fch erfolgter Anlieferung werden Lagerkosten verrechnet.<\/li><li>Individuelle oder bevorzugte Liefertermine sind nur nach vorheriger Abstimmung mit dem Operations-Team m\u00f6glich.<\/li><\/ul>\t\t\t\t\t\t\t\t<\/div>\n\t\t\t\t<\/div>\n\t\t\t\t<div class=\"elementor-element elementor-element-883d185 elementor-widget elementor-widget-text-editor\" data-id=\"883d185\" data-element_type=\"widget\" data-e-type=\"widget\" data-widget_type=\"text-editor.default\">\n\t\t\t\t<div class=\"elementor-widget-container\">\n\t\t\t\t\t\t\t\t\t<p><strong>Lieferadresse<\/strong><\/p><p>Messezentrum Bad Salzuflen<br \/>Halle 20 oder Halle 21<br \/>FMB Fachmesse f\u00fcr Maschinenbau<br \/>AUSSTELLERNAME<br \/>Halle 2x, Stand XXX \/ Ansprechpartner XXX (Tel.: XXX)<br \/>Benzstra\u00dfe 23<br \/>32108 Bad Salzuflen<\/p><p><strong>Wichtige Hinweise<\/strong><\/p><ul><li>Easyfairs nimmt keine Lieferungen f\u00fcr Aussteller entgegen und \u00fcbernimmt keine Haftung f\u00fcr angelieferte Ware.<\/li><li>Eine annahmeberechtigte Person muss zur Anlieferung vor Ort und telefonisch erreichbar sein.<\/li><\/ul>\t\t\t\t\t\t\t\t<\/div>\n\t\t\t\t<\/div>\n\t\t\t\t<\/div>\n\t\t\t\t\t<\/details>\n\t\t\t\t\t\t<details id=\"e-n-accordion-item-1445\" class=\"e-n-accordion-item\" >\n\t\t\t\t<summary class=\"e-n-accordion-item-title\" data-accordion-index=\"6\" tabindex=\"-1\" aria-expanded=\"false\" aria-controls=\"e-n-accordion-item-1445\" >\n\t\t\t\t\t<span class='e-n-accordion-item-title-header'><div class=\"e-n-accordion-item-title-text\"> Bodenbelastbarkeit <\/div><\/span>\n\t\t\t\t\t\t\t<span class='e-n-accordion-item-title-icon'>\n\t\t\t<span class='e-opened' ><i aria-hidden=\"true\" class=\"fas fa-chevron-up\"><\/i><\/span>\n\t\t\t<span class='e-closed'><i aria-hidden=\"true\" class=\"fas fa-angle-down\"><\/i><\/span>\n\t\t<\/span>\n\n\t\t\t\t\t\t<\/summary>\n\t\t\t\t<div role=\"region\" aria-labelledby=\"e-n-accordion-item-1445\" class=\"elementor-element elementor-element-69fd415 e-flex e-con-boxed e-con e-child\" data-id=\"69fd415\" data-element_type=\"container\" data-e-type=\"container\" data-settings=\"{&quot;background_background&quot;:&quot;classic&quot;}\">\n\t\t\t\t\t<div class=\"e-con-inner\">\n\t\t\t\t<div class=\"elementor-element elementor-element-93b6ec5 elementor-widget elementor-widget-text-editor\" data-id=\"93b6ec5\" data-element_type=\"widget\" data-e-type=\"widget\" data-widget_type=\"text-editor.default\">\n\t\t\t\t<div class=\"elementor-widget-container\">\n\t\t\t\t\t\t\t\t\t<p><strong>Bodenbelastbarkeit und Ma\u00dfe der Hallentore:<\/strong><\/p><p><strong>Halle 20<\/strong><br \/>Tore: 5,00 m hoch; 4,50 m breit <br \/>Bodenbelastung: Punktbelastung &gt; 5t<\/p><p><strong>Halle 21<\/strong><br \/>Tore: 5,00 m hoch; 4,50 m breit<br \/>Bodenbelastung: Punktbelastung &gt; 5t<\/p>\t\t\t\t\t\t\t\t<\/div>\n\t\t\t\t<\/div>\n\t\t\t\t\t<\/div>\n\t\t\t\t<\/div>\n\t\t\t\t\t<\/details>\n\t\t\t\t\t\t<details id=\"e-n-accordion-item-1446\" class=\"e-n-accordion-item\" >\n\t\t\t\t<summary class=\"e-n-accordion-item-title\" data-accordion-index=\"7\" tabindex=\"-1\" aria-expanded=\"false\" aria-controls=\"e-n-accordion-item-1446\" >\n\t\t\t\t\t<span class='e-n-accordion-item-title-header'><div class=\"e-n-accordion-item-title-text\"> Schwere Maschinen <\/div><\/span>\n\t\t\t\t\t\t\t<span class='e-n-accordion-item-title-icon'>\n\t\t\t<span class='e-opened' ><i aria-hidden=\"true\" class=\"fas fa-chevron-up\"><\/i><\/span>\n\t\t\t<span class='e-closed'><i aria-hidden=\"true\" class=\"fas fa-angle-down\"><\/i><\/span>\n\t\t<\/span>\n\n\t\t\t\t\t\t<\/summary>\n\t\t\t\t<div role=\"region\" aria-labelledby=\"e-n-accordion-item-1446\" class=\"elementor-element elementor-element-9e54742 e-con-full e-flex e-con e-child\" data-id=\"9e54742\" data-element_type=\"container\" data-e-type=\"container\" data-settings=\"{&quot;background_background&quot;:&quot;classic&quot;}\">\n\t\t\t\t<div class=\"elementor-element elementor-element-588f5c6 elementor-widget elementor-widget-text-editor\" data-id=\"588f5c6\" data-element_type=\"widget\" data-e-type=\"widget\" data-widget_type=\"text-editor.default\">\n\t\t\t\t<div class=\"elementor-widget-container\">\n\t\t\t\t\t\t\t\t\t<p>Schwere Maschinen\/Exponate \u00fcber 1.000 kg und\/oder sperrige Maschinen\/Exponate \u00fcber 120 \u00d7 80 cm (Europalette) sind beim Veranstalter und beim offiziellen Messespediteur anzumelden. Die vorgegebenen Anlieferzonen der Spedition sind zu beachten.<\/p><p><strong>Deadline:<\/strong> Anmeldung beim Operations-Team und Messespediteur bis sp\u00e4testens <strong>19.10.2026<\/strong><\/p><p><strong>Kontakt:<\/strong><br \/>DSV Fairs &amp; Events GmbH<br \/>Riemannstrasse 29b<br \/>04107 Leipzig<br \/><a href=\"mailto:Fairs.Leipzig@dsv.com\"><span style=\"text-decoration: underline;\"><span style=\"color: #64748b; text-decoration: underline;\">Fairs.Leipzig@dsv.com<\/span><\/span><\/a><\/p>\t\t\t\t\t\t\t\t<\/div>\n\t\t\t\t<\/div>\n\t\t\t\t<\/div>\n\t\t\t\t\t<\/details>\n\t\t\t\t\t\t<details id=\"e-n-accordion-item-1447\" class=\"e-n-accordion-item\" >\n\t\t\t\t<summary class=\"e-n-accordion-item-title\" data-accordion-index=\"8\" tabindex=\"-1\" aria-expanded=\"false\" aria-controls=\"e-n-accordion-item-1447\" >\n\t\t\t\t\t<span class='e-n-accordion-item-title-header'><div class=\"e-n-accordion-item-title-text\"> Spedition &amp; Messelogistik  <\/div><\/span>\n\t\t\t\t\t\t\t<span class='e-n-accordion-item-title-icon'>\n\t\t\t<span class='e-opened' ><i aria-hidden=\"true\" class=\"fas fa-chevron-up\"><\/i><\/span>\n\t\t\t<span class='e-closed'><i aria-hidden=\"true\" class=\"fas fa-angle-down\"><\/i><\/span>\n\t\t<\/span>\n\n\t\t\t\t\t\t<\/summary>\n\t\t\t\t<div role=\"region\" aria-labelledby=\"e-n-accordion-item-1447\" class=\"elementor-element elementor-element-1d2bb21 e-con-full e-flex e-con e-child\" data-id=\"1d2bb21\" data-element_type=\"container\" data-e-type=\"container\" data-settings=\"{&quot;background_background&quot;:&quot;classic&quot;}\">\n\t\t\t\t<div class=\"elementor-element elementor-element-7e782d3 elementor-widget elementor-widget-text-editor\" data-id=\"7e782d3\" data-element_type=\"widget\" data-e-type=\"widget\" data-widget_type=\"text-editor.default\">\n\t\t\t\t<div class=\"elementor-widget-container\">\n\t\t\t\t\t\t\t\t\t<p><strong>Spedition, Hubwagen, Gabelstapler, Leerguteinlagerung und schwere\/sperrige Exponate<\/strong><\/p><p><strong>Kontakt:<\/strong><br \/>DSV Fairs &amp; Events GmbH<br \/>Riemannstrasse 29b<br \/>04107 Leipzig<br \/>Fairs.Leipzig@dsv.com<\/p><p><strong>Hinweise:<\/strong><\/p><ul><li>Fahrzeuge, Gabelstapler, Container und motorisierte Flurf\u00f6rderzeuge d\u00fcrfen in den Hallen ausschlie\u00dflich durch den offiziellen Messeplatzspediteur eingesetzt werden.<\/li><li>Messepersonal nimmt keine Messeg\u00fcter an und verwahrt diese nicht. Annahme, Verwahrung und Abrechnung erfolgen direkt \u00fcber den offiziellen Spediteur.<\/li><li>Be- und Entladetermine sowie Preise sind direkt mit dem Spediteur zu vereinbaren.<\/li><\/ul>\t\t\t\t\t\t\t\t<\/div>\n\t\t\t\t<\/div>\n\t\t\t\t<\/div>\n\t\t\t\t\t<\/details>\n\t\t\t\t\t\t<details id=\"e-n-accordion-item-1448\" class=\"e-n-accordion-item\" >\n\t\t\t\t<summary class=\"e-n-accordion-item-title\" data-accordion-index=\"9\" tabindex=\"-1\" aria-expanded=\"false\" aria-controls=\"e-n-accordion-item-1448\" >\n\t\t\t\t\t<span class='e-n-accordion-item-title-header'><div class=\"e-n-accordion-item-title-text\"> Verzollung <\/div><\/span>\n\t\t\t\t\t\t\t<span class='e-n-accordion-item-title-icon'>\n\t\t\t<span class='e-opened' ><i aria-hidden=\"true\" class=\"fas fa-chevron-up\"><\/i><\/span>\n\t\t\t<span class='e-closed'><i aria-hidden=\"true\" class=\"fas fa-angle-down\"><\/i><\/span>\n\t\t<\/span>\n\n\t\t\t\t\t\t<\/summary>\n\t\t\t\t<div role=\"region\" aria-labelledby=\"e-n-accordion-item-1448\" class=\"elementor-element elementor-element-cf01ab5 e-con-full e-flex e-con e-child\" data-id=\"cf01ab5\" data-element_type=\"container\" data-e-type=\"container\" data-settings=\"{&quot;background_background&quot;:&quot;classic&quot;}\">\n\t\t\t\t<div class=\"elementor-element elementor-element-29275db elementor-widget elementor-widget-text-editor\" data-id=\"29275db\" data-element_type=\"widget\" data-e-type=\"widget\" data-widget_type=\"text-editor.default\">\n\t\t\t\t<div class=\"elementor-widget-container\">\n\t\t\t\t\t\t\t\t\t<p>S\u00e4mtliche Zollbestimmungen des Veranstaltungslandes sind einzuhalten. Dies betrifft insbesondere die Verzollung tempor\u00e4r eingef\u00fchrter G\u00fcter, z. B. Exponate, die Zollanmeldung dauerhaft eingef\u00fchrter Waren, z. B. Give-aways und Infomaterial, sowie die Anmeldung des auf dem Messestand eingesetzten Personals.<\/p><p>Easyfairs \u00fcbernimmt keine Verzollungen oder damit verbundene Kosten und haftet nicht f\u00fcr Verst\u00f6\u00dfe gegen gesetzliche Bestimmungen.<\/p>\t\t\t\t\t\t\t\t<\/div>\n\t\t\t\t<\/div>\n\t\t\t\t<\/div>\n\t\t\t\t\t<\/details>\n\t\t\t\t\t<\/div>\n\t\t\t\t\t\t<\/div>\n\t\t\t\t<\/div>\n\t\t\t\t<\/div>\n\t\t<div class=\"elementor-element elementor-element-4d0457e e-con-full e-flex e-con e-child\" data-id=\"4d0457e\" data-element_type=\"container\" data-e-type=\"container\">\n\t\t\t\t<div class=\"elementor-element elementor-element-d571f61 elementor-widget elementor-widget-image\" data-id=\"d571f61\" data-element_type=\"widget\" data-e-type=\"widget\" data-widget_type=\"image.default\">\n\t\t\t\t<div class=\"elementor-widget-container\">\n\t\t\t\t\t\t\t\t\t\t\t\t\t\t\t<img loading=\"lazy\" decoding=\"async\" width=\"662\" height=\"662\" src=\"https:\/\/easyfairsassets.com\/sites\/248\/2026\/06\/FMB2025-183_crop_1x1.webp\" class=\"attachment-large size-large wp-image-151501\" alt=\"Messe Roboarm Aussteller erkl\u00e4rt\" srcset=\"https:\/\/easyfairsassets.com\/sites\/248\/2026\/06\/FMB2025-183_crop_1x1.webp 662w, https:\/\/easyfairsassets.com\/sites\/248\/2026\/06\/FMB2025-183_crop_1x1-300x300.webp 300w, https:\/\/easyfairsassets.com\/sites\/248\/2026\/06\/FMB2025-183_crop_1x1-150x150.webp 150w\" sizes=\"(max-width: 662px) 100vw, 662px\" \/>\t\t\t\t\t\t\t\t\t\t\t\t\t\t\t<\/div>\n\t\t\t\t<\/div>\n\t\t\t\t<\/div>\n\t\t\t\t<\/div>\n\t\t\t\t<\/div>\n\t\t\t\t\t<\/div>\n\t\t\t\t<\/div>\n\t\t<div class=\"elementor-element elementor-element-4908a44 section-l e-flex e-con-boxed e-con e-parent\" data-id=\"4908a44\" data-element_type=\"container\" data-e-type=\"container\" data-settings=\"{&quot;background_background&quot;:&quot;classic&quot;}\">\n\t\t\t\t\t<div class=\"e-con-inner\">\n\t\t<div class=\"elementor-element elementor-element-7a14c3c e-con-full e-flex e-con e-child\" data-id=\"7a14c3c\" data-element_type=\"container\" data-e-type=\"container\">\n\t\t\t\t<div class=\"elementor-element elementor-element-05b2425 btn-glass  elementor-widget elementor-widget-button\" data-id=\"05b2425\" data-element_type=\"widget\" data-e-type=\"widget\" data-widget_type=\"button.default\">\n\t\t\t\t<div class=\"elementor-widget-container\">\n\t\t\t\t\t\t\t\t\t<div class=\"elementor-button-wrapper\">\n\t\t\t\t\t<a class=\"elementor-button elementor-size-sm\" role=\"button\">\n\t\t\t\t\t\t<span class=\"elementor-button-content-wrapper\">\n\t\t\t\t\t\t\t\t\t<span class=\"elementor-button-text\">Haben Sie Fragen?<\/span>\n\t\t\t\t\t<\/span>\n\t\t\t\t\t<\/a>\n\t\t\t\t<\/div>\n\t\t\t\t\t\t\t\t<\/div>\n\t\t\t\t<\/div>\n\t\t\t\t<div class=\"elementor-element elementor-element-6820b63 hyphenate elementor-widget elementor-widget-heading\" data-id=\"6820b63\" data-element_type=\"widget\" data-e-type=\"widget\" data-widget_type=\"heading.default\">\n\t\t\t\t<div class=\"elementor-widget-container\">\n\t\t\t\t\t<h2 class=\"elementor-heading-title elementor-size-default\">Ihre Ansprechpartner*innen<\/h2>\t\t\t\t<\/div>\n\t\t\t\t<\/div>\n\t\t<div class=\"elementor-element elementor-element-5c1853e e-grid e-con-full e-con e-child\" data-id=\"5c1853e\" data-element_type=\"container\" data-e-type=\"container\">\n\t\t<div class=\"elementor-element elementor-element-6b4a6c9 e-con-full card-glass e-flex e-con e-child\" data-id=\"6b4a6c9\" data-element_type=\"container\" data-e-type=\"container\" data-settings=\"{&quot;background_background&quot;:&quot;classic&quot;}\">\n\t\t\t\t<div class=\"elementor-element elementor-element-1f1fdd2 elementor-widget elementor-widget-heading\" data-id=\"1f1fdd2\" data-element_type=\"widget\" data-e-type=\"widget\" data-widget_type=\"heading.default\">\n\t\t\t\t<div class=\"elementor-widget-container\">\n\t\t\t\t\t<div class=\"elementor-heading-title elementor-size-default\">Fragen zu Abl\u00e4ufen, Angeboten und Systemen<\/div>\t\t\t\t<\/div>\n\t\t\t\t<\/div>\n\t\t\t\t<div class=\"elementor-element elementor-element-088250d elementor-widget-divider--view-line elementor-widget elementor-widget-divider\" data-id=\"088250d\" data-element_type=\"widget\" data-e-type=\"widget\" data-widget_type=\"divider.default\">\n\t\t\t\t<div class=\"elementor-widget-container\">\n\t\t\t\t\t\t\t<div class=\"elementor-divider\">\n\t\t\t<span class=\"elementor-divider-separator\">\n\t\t\t\t\t\t<\/span>\n\t\t<\/div>\n\t\t\t\t\t\t<\/div>\n\t\t\t\t<\/div>\n\t\t\t\t<div class=\"elementor-element elementor-element-737dd92 elementor-widget elementor-widget-heading\" data-id=\"737dd92\" data-element_type=\"widget\" data-e-type=\"widget\" data-widget_type=\"heading.default\">\n\t\t\t\t<div class=\"elementor-widget-container\">\n\t\t\t\t\t<h3 class=\"elementor-heading-title elementor-size-default\">Event Coordination Team<\/h3>\t\t\t\t<\/div>\n\t\t\t\t<\/div>\n\t\t<div class=\"elementor-element elementor-element-10e4dac e-con-full e-flex e-con e-child\" data-id=\"10e4dac\" data-element_type=\"container\" data-e-type=\"container\">\n\t\t\t\t<div class=\"elementor-element elementor-element-c3eb9d7 elementor-view-default elementor-widget elementor-widget-icon\" data-id=\"c3eb9d7\" data-element_type=\"widget\" data-e-type=\"widget\" data-widget_type=\"icon.default\">\n\t\t\t\t<div class=\"elementor-widget-container\">\n\t\t\t\t\t\t\t<div class=\"elementor-icon-wrapper\">\n\t\t\t<div class=\"elementor-icon\">\n\t\t\t<i aria-hidden=\"true\" class=\"fas fa-user\"><\/i>\t\t\t<\/div>\n\t\t<\/div>\n\t\t\t\t\t\t<\/div>\n\t\t\t\t<\/div>\n\t\t\t\t<div class=\"elementor-element elementor-element-742e057 elementor-widget elementor-widget-text-editor\" data-id=\"742e057\" data-element_type=\"widget\" data-e-type=\"widget\" data-widget_type=\"text-editor.default\">\n\t\t\t\t<div class=\"elementor-widget-container\">\n\t\t\t\t\t\t\t\t\t<p>Daniela Klumpp, Laura Palmowski, <br \/>Jan Breimann, Elena Carpene, <br \/>Lena Kirchherr<\/p>\t\t\t\t\t\t\t\t<\/div>\n\t\t\t\t<\/div>\n\t\t\t\t<\/div>\n\t\t<div class=\"elementor-element elementor-element-c714ba2 e-con-full e-flex e-con e-child\" data-id=\"c714ba2\" data-element_type=\"container\" data-e-type=\"container\">\n\t\t\t\t<div class=\"elementor-element elementor-element-ed8e90d elementor-view-default elementor-widget elementor-widget-icon\" data-id=\"ed8e90d\" data-element_type=\"widget\" data-e-type=\"widget\" data-widget_type=\"icon.default\">\n\t\t\t\t<div class=\"elementor-widget-container\">\n\t\t\t\t\t\t\t<div class=\"elementor-icon-wrapper\">\n\t\t\t<div class=\"elementor-icon\">\n\t\t\t<i aria-hidden=\"true\" class=\"fas fa-envelope\"><\/i>\t\t\t<\/div>\n\t\t<\/div>\n\t\t\t\t\t\t<\/div>\n\t\t\t\t<\/div>\n\t\t\t\t<div class=\"elementor-element elementor-element-811852b elementor-widget elementor-widget-text-editor\" data-id=\"811852b\" data-element_type=\"widget\" data-e-type=\"widget\" data-widget_type=\"text-editor.default\">\n\t\t\t\t<div class=\"elementor-widget-container\">\n\t\t\t\t\t\t\t\t\t<p><a href=\"mailto:fmb-orga@easyfairs.com\">fmb-orga@easyfairs.com<\/a><\/p>\t\t\t\t\t\t\t\t<\/div>\n\t\t\t\t<\/div>\n\t\t\t\t<\/div>\n\t\t<div class=\"elementor-element elementor-element-23877ce e-con-full e-flex e-con e-child\" data-id=\"23877ce\" data-element_type=\"container\" data-e-type=\"container\">\n\t\t\t\t<div class=\"elementor-element elementor-element-8b1e318 elementor-view-default elementor-widget elementor-widget-icon\" data-id=\"8b1e318\" data-element_type=\"widget\" data-e-type=\"widget\" data-widget_type=\"icon.default\">\n\t\t\t\t<div class=\"elementor-widget-container\">\n\t\t\t\t\t\t\t<div class=\"elementor-icon-wrapper\">\n\t\t\t<div class=\"elementor-icon\">\n\t\t\t<i aria-hidden=\"true\" class=\"fas fa-phone-alt\"><\/i>\t\t\t<\/div>\n\t\t<\/div>\n\t\t\t\t\t\t<\/div>\n\t\t\t\t<\/div>\n\t\t\t\t<div class=\"elementor-element elementor-element-2985390 elementor-widget elementor-widget-text-editor\" data-id=\"2985390\" data-element_type=\"widget\" data-e-type=\"widget\" data-widget_type=\"text-editor.default\">\n\t\t\t\t<div class=\"elementor-widget-container\">\n\t\t\t\t\t\t\t\t\t<p><a href=\"tel:+49071121726750\">+49 (0)711 217267-50<\/a><\/p>\t\t\t\t\t\t\t\t<\/div>\n\t\t\t\t<\/div>\n\t\t\t\t<\/div>\n\t\t\t\t<\/div>\n\t\t<div class=\"elementor-element elementor-element-2d3c588 e-con-full card-glass e-flex e-con e-child\" data-id=\"2d3c588\" data-element_type=\"container\" data-e-type=\"container\" data-settings=\"{&quot;background_background&quot;:&quot;classic&quot;}\">\n\t\t\t\t<div class=\"elementor-element elementor-element-69fd10c elementor-widget elementor-widget-heading\" data-id=\"69fd10c\" data-element_type=\"widget\" data-e-type=\"widget\" data-widget_type=\"heading.default\">\n\t\t\t\t<div class=\"elementor-widget-container\">\n\t\t\t\t\t<div class=\"elementor-heading-title elementor-size-default\">Fragen zu buchbaren Marketing-<br>leistungen, Werbemitteln, Bannern<\/div>\t\t\t\t<\/div>\n\t\t\t\t<\/div>\n\t\t\t\t<div class=\"elementor-element elementor-element-174ad47 elementor-widget-divider--view-line elementor-widget elementor-widget-divider\" data-id=\"174ad47\" data-element_type=\"widget\" data-e-type=\"widget\" data-widget_type=\"divider.default\">\n\t\t\t\t<div class=\"elementor-widget-container\">\n\t\t\t\t\t\t\t<div class=\"elementor-divider\">\n\t\t\t<span class=\"elementor-divider-separator\">\n\t\t\t\t\t\t<\/span>\n\t\t<\/div>\n\t\t\t\t\t\t<\/div>\n\t\t\t\t<\/div>\n\t\t\t\t<div class=\"elementor-element elementor-element-59748ed elementor-widget elementor-widget-heading\" data-id=\"59748ed\" data-element_type=\"widget\" data-e-type=\"widget\" data-widget_type=\"heading.default\">\n\t\t\t\t<div class=\"elementor-widget-container\">\n\t\t\t\t\t<h3 class=\"elementor-heading-title elementor-size-default\">Marketing-Team<\/h3>\t\t\t\t<\/div>\n\t\t\t\t<\/div>\n\t\t<div class=\"elementor-element elementor-element-398f227 e-con-full e-flex e-con e-child\" data-id=\"398f227\" data-element_type=\"container\" data-e-type=\"container\">\n\t\t\t\t<div class=\"elementor-element elementor-element-767ed52 elementor-view-default elementor-widget elementor-widget-icon\" data-id=\"767ed52\" data-element_type=\"widget\" data-e-type=\"widget\" data-widget_type=\"icon.default\">\n\t\t\t\t<div class=\"elementor-widget-container\">\n\t\t\t\t\t\t\t<div class=\"elementor-icon-wrapper\">\n\t\t\t<div class=\"elementor-icon\">\n\t\t\t<i aria-hidden=\"true\" class=\"fas fa-user\"><\/i>\t\t\t<\/div>\n\t\t<\/div>\n\t\t\t\t\t\t<\/div>\n\t\t\t\t<\/div>\n\t\t\t\t<div class=\"elementor-element elementor-element-6423915 elementor-widget elementor-widget-text-editor\" data-id=\"6423915\" data-element_type=\"widget\" data-e-type=\"widget\" data-widget_type=\"text-editor.default\">\n\t\t\t\t<div class=\"elementor-widget-container\">\n\t\t\t\t\t\t\t\t\t<p>Ann-Cathrin Hinkelmann<\/p>\t\t\t\t\t\t\t\t<\/div>\n\t\t\t\t<\/div>\n\t\t\t\t<\/div>\n\t\t<div class=\"elementor-element elementor-element-56aaf4d e-con-full e-flex e-con e-child\" data-id=\"56aaf4d\" data-element_type=\"container\" data-e-type=\"container\">\n\t\t\t\t<div class=\"elementor-element elementor-element-c70d72b elementor-view-default elementor-widget elementor-widget-icon\" data-id=\"c70d72b\" data-element_type=\"widget\" data-e-type=\"widget\" data-widget_type=\"icon.default\">\n\t\t\t\t<div class=\"elementor-widget-container\">\n\t\t\t\t\t\t\t<div class=\"elementor-icon-wrapper\">\n\t\t\t<div class=\"elementor-icon\">\n\t\t\t<i aria-hidden=\"true\" class=\"fas fa-envelope\"><\/i>\t\t\t<\/div>\n\t\t<\/div>\n\t\t\t\t\t\t<\/div>\n\t\t\t\t<\/div>\n\t\t\t\t<div class=\"elementor-element elementor-element-fec04de elementor-widget elementor-widget-text-editor\" data-id=\"fec04de\" data-element_type=\"widget\" data-e-type=\"widget\" data-widget_type=\"text-editor.default\">\n\t\t\t\t<div class=\"elementor-widget-container\">\n\t\t\t\t\t\t\t\t\t<p><a href=\"mailto:anncathrin.hinkelmann@easyfairs.com\">anncathrin.hinkelmann@easyfairs.com<\/a><\/p>\t\t\t\t\t\t\t\t<\/div>\n\t\t\t\t<\/div>\n\t\t\t\t<\/div>\n\t\t<div class=\"elementor-element elementor-element-7aedcd7 e-con-full e-flex e-con e-child\" data-id=\"7aedcd7\" data-element_type=\"container\" data-e-type=\"container\">\n\t\t\t\t<div class=\"elementor-element elementor-element-bbb2175 elementor-view-default elementor-widget elementor-widget-icon\" data-id=\"bbb2175\" data-element_type=\"widget\" data-e-type=\"widget\" data-widget_type=\"icon.default\">\n\t\t\t\t<div class=\"elementor-widget-container\">\n\t\t\t\t\t\t\t<div class=\"elementor-icon-wrapper\">\n\t\t\t<div class=\"elementor-icon\">\n\t\t\t<i aria-hidden=\"true\" class=\"fas fa-phone-alt\"><\/i>\t\t\t<\/div>\n\t\t<\/div>\n\t\t\t\t\t\t<\/div>\n\t\t\t\t<\/div>\n\t\t\t\t<div class=\"elementor-element elementor-element-2ca0377 elementor-widget elementor-widget-text-editor\" data-id=\"2ca0377\" data-element_type=\"widget\" data-e-type=\"widget\" data-widget_type=\"text-editor.default\">\n\t\t\t\t<div class=\"elementor-widget-container\">\n\t\t\t\t\t\t\t\t\t<p><a href=\"tel:+495219653367\">+49 (0) 521 96 533-67 <\/a><\/p>\t\t\t\t\t\t\t\t<\/div>\n\t\t\t\t<\/div>\n\t\t\t\t<\/div>\n\t\t\t\t<div class=\"elementor-element elementor-element-33da9e1 elementor-widget-divider--view-line elementor-widget elementor-widget-divider\" data-id=\"33da9e1\" data-element_type=\"widget\" data-e-type=\"widget\" data-widget_type=\"divider.default\">\n\t\t\t\t<div class=\"elementor-widget-container\">\n\t\t\t\t\t\t\t<div class=\"elementor-divider\">\n\t\t\t<span class=\"elementor-divider-separator\">\n\t\t\t\t\t\t<\/span>\n\t\t<\/div>\n\t\t\t\t\t\t<\/div>\n\t\t\t\t<\/div>\n\t\t<div class=\"elementor-element elementor-element-c87c637 e-con-full e-flex e-con e-child\" data-id=\"c87c637\" data-element_type=\"container\" data-e-type=\"container\">\n\t\t\t\t<div class=\"elementor-element elementor-element-c4c644d elementor-view-default elementor-widget elementor-widget-icon\" data-id=\"c4c644d\" data-element_type=\"widget\" data-e-type=\"widget\" data-widget_type=\"icon.default\">\n\t\t\t\t<div class=\"elementor-widget-container\">\n\t\t\t\t\t\t\t<div class=\"elementor-icon-wrapper\">\n\t\t\t<div class=\"elementor-icon\">\n\t\t\t<i aria-hidden=\"true\" class=\"fas fa-user\"><\/i>\t\t\t<\/div>\n\t\t<\/div>\n\t\t\t\t\t\t<\/div>\n\t\t\t\t<\/div>\n\t\t\t\t<div class=\"elementor-element elementor-element-e0d26a4 elementor-widget elementor-widget-text-editor\" data-id=\"e0d26a4\" data-element_type=\"widget\" data-e-type=\"widget\" data-widget_type=\"text-editor.default\">\n\t\t\t\t<div class=\"elementor-widget-container\">\n\t\t\t\t\t\t\t\t\t<p>Nela Baumann<\/p>\t\t\t\t\t\t\t\t<\/div>\n\t\t\t\t<\/div>\n\t\t\t\t<\/div>\n\t\t<div class=\"elementor-element elementor-element-811aa5b e-con-full e-flex e-con e-child\" data-id=\"811aa5b\" data-element_type=\"container\" data-e-type=\"container\">\n\t\t\t\t<div class=\"elementor-element elementor-element-7bb6d84 elementor-view-default elementor-widget elementor-widget-icon\" data-id=\"7bb6d84\" data-element_type=\"widget\" data-e-type=\"widget\" data-widget_type=\"icon.default\">\n\t\t\t\t<div class=\"elementor-widget-container\">\n\t\t\t\t\t\t\t<div class=\"elementor-icon-wrapper\">\n\t\t\t<div class=\"elementor-icon\">\n\t\t\t<i aria-hidden=\"true\" class=\"fas fa-envelope\"><\/i>\t\t\t<\/div>\n\t\t<\/div>\n\t\t\t\t\t\t<\/div>\n\t\t\t\t<\/div>\n\t\t\t\t<div class=\"elementor-element elementor-element-82ab0ee elementor-widget elementor-widget-text-editor\" data-id=\"82ab0ee\" data-element_type=\"widget\" data-e-type=\"widget\" data-widget_type=\"text-editor.default\">\n\t\t\t\t<div class=\"elementor-widget-container\">\n\t\t\t\t\t\t\t\t\t<p><a href=\"mailto:nela.baumann@easyfairs.com\">nela.baumann@easyfairs.com<\/a><\/p>\t\t\t\t\t\t\t\t<\/div>\n\t\t\t\t<\/div>\n\t\t\t\t<\/div>\n\t\t<div class=\"elementor-element elementor-element-bfe5ea7 e-con-full e-flex e-con e-child\" data-id=\"bfe5ea7\" data-element_type=\"container\" data-e-type=\"container\">\n\t\t\t\t<div class=\"elementor-element elementor-element-1d84163 elementor-view-default elementor-widget elementor-widget-icon\" data-id=\"1d84163\" data-element_type=\"widget\" data-e-type=\"widget\" data-widget_type=\"icon.default\">\n\t\t\t\t<div class=\"elementor-widget-container\">\n\t\t\t\t\t\t\t<div class=\"elementor-icon-wrapper\">\n\t\t\t<div class=\"elementor-icon\">\n\t\t\t<i aria-hidden=\"true\" class=\"fas fa-phone-alt\"><\/i>\t\t\t<\/div>\n\t\t<\/div>\n\t\t\t\t\t\t<\/div>\n\t\t\t\t<\/div>\n\t\t\t\t<div class=\"elementor-element elementor-element-541684a elementor-widget elementor-widget-text-editor\" data-id=\"541684a\" data-element_type=\"widget\" data-e-type=\"widget\" data-widget_type=\"text-editor.default\">\n\t\t\t\t<div class=\"elementor-widget-container\">\n\t\t\t\t\t\t\t\t\t<p><a href=\"tel:+495219653343\">+49 (0) 521 96 533-43<\/a><\/p>\t\t\t\t\t\t\t\t<\/div>\n\t\t\t\t<\/div>\n\t\t\t\t<\/div>\n\t\t\t\t<\/div>\n\t\t<div class=\"elementor-element elementor-element-da71898 e-con-full card-glass e-flex e-con e-child\" data-id=\"da71898\" data-element_type=\"container\" data-e-type=\"container\" data-settings=\"{&quot;background_background&quot;:&quot;classic&quot;}\">\n\t\t\t\t<div class=\"elementor-element elementor-element-9a2c642 elementor-widget elementor-widget-heading\" data-id=\"9a2c642\" data-element_type=\"widget\" data-e-type=\"widget\" data-widget_type=\"heading.default\">\n\t\t\t\t<div class=\"elementor-widget-container\">\n\t\t\t\t\t<div class=\"elementor-heading-title elementor-size-default\">Fragen zu standbezogenen Leistungen, Standbau, Grafik, M\u00f6beln<\/div>\t\t\t\t<\/div>\n\t\t\t\t<\/div>\n\t\t\t\t<div class=\"elementor-element elementor-element-7830486 elementor-widget-divider--view-line elementor-widget elementor-widget-divider\" data-id=\"7830486\" data-element_type=\"widget\" data-e-type=\"widget\" data-widget_type=\"divider.default\">\n\t\t\t\t<div class=\"elementor-widget-container\">\n\t\t\t\t\t\t\t<div class=\"elementor-divider\">\n\t\t\t<span class=\"elementor-divider-separator\">\n\t\t\t\t\t\t<\/span>\n\t\t<\/div>\n\t\t\t\t\t\t<\/div>\n\t\t\t\t<\/div>\n\t\t\t\t<div class=\"elementor-element elementor-element-dcd2220 elementor-widget elementor-widget-heading\" data-id=\"dcd2220\" data-element_type=\"widget\" data-e-type=\"widget\" data-widget_type=\"heading.default\">\n\t\t\t\t<div class=\"elementor-widget-container\">\n\t\t\t\t\t<h3 class=\"elementor-heading-title elementor-size-default\">Operations-Team<\/h3>\t\t\t\t<\/div>\n\t\t\t\t<\/div>\n\t\t<div class=\"elementor-element elementor-element-56a0902 e-con-full e-flex e-con e-child\" data-id=\"56a0902\" data-element_type=\"container\" data-e-type=\"container\">\n\t\t\t\t<div class=\"elementor-element elementor-element-9d2b074 elementor-view-default elementor-widget elementor-widget-icon\" data-id=\"9d2b074\" data-element_type=\"widget\" data-e-type=\"widget\" data-widget_type=\"icon.default\">\n\t\t\t\t<div class=\"elementor-widget-container\">\n\t\t\t\t\t\t\t<div class=\"elementor-icon-wrapper\">\n\t\t\t<div class=\"elementor-icon\">\n\t\t\t<i aria-hidden=\"true\" class=\"fas fa-user\"><\/i>\t\t\t<\/div>\n\t\t<\/div>\n\t\t\t\t\t\t<\/div>\n\t\t\t\t<\/div>\n\t\t\t\t<div class=\"elementor-element elementor-element-ed2d091 elementor-widget elementor-widget-text-editor\" data-id=\"ed2d091\" data-element_type=\"widget\" data-e-type=\"widget\" data-widget_type=\"text-editor.default\">\n\t\t\t\t<div class=\"elementor-widget-container\">\n\t\t\t\t\t\t\t\t\t<p>Operations-Team<\/p>\t\t\t\t\t\t\t\t<\/div>\n\t\t\t\t<\/div>\n\t\t\t\t<\/div>\n\t\t<div class=\"elementor-element elementor-element-288691b e-con-full e-flex e-con e-child\" data-id=\"288691b\" data-element_type=\"container\" data-e-type=\"container\">\n\t\t\t\t<div class=\"elementor-element elementor-element-d15e731 elementor-view-default elementor-widget elementor-widget-icon\" data-id=\"d15e731\" data-element_type=\"widget\" data-e-type=\"widget\" data-widget_type=\"icon.default\">\n\t\t\t\t<div class=\"elementor-widget-container\">\n\t\t\t\t\t\t\t<div class=\"elementor-icon-wrapper\">\n\t\t\t<div class=\"elementor-icon\">\n\t\t\t<i aria-hidden=\"true\" class=\"fas fa-envelope\"><\/i>\t\t\t<\/div>\n\t\t<\/div>\n\t\t\t\t\t\t<\/div>\n\t\t\t\t<\/div>\n\t\t\t\t<div class=\"elementor-element elementor-element-d7cfe2d elementor-widget elementor-widget-text-editor\" data-id=\"d7cfe2d\" data-element_type=\"widget\" data-e-type=\"widget\" data-widget_type=\"text-editor.default\">\n\t\t\t\t<div class=\"elementor-widget-container\">\n\t\t\t\t\t\t\t\t\t<p><a href=\"mailto:fmb.ops@easyfairs.com\">fmb.ops@easyfairs.com<\/a><\/p>\t\t\t\t\t\t\t\t<\/div>\n\t\t\t\t<\/div>\n\t\t\t\t<\/div>\n\t\t<div class=\"elementor-element elementor-element-68ef3d3 e-con-full e-flex e-con e-child\" data-id=\"68ef3d3\" data-element_type=\"container\" data-e-type=\"container\">\n\t\t\t\t<div class=\"elementor-element elementor-element-2f4f32e elementor-view-default elementor-widget elementor-widget-icon\" data-id=\"2f4f32e\" data-element_type=\"widget\" data-e-type=\"widget\" data-widget_type=\"icon.default\">\n\t\t\t\t<div class=\"elementor-widget-container\">\n\t\t\t\t\t\t\t<div class=\"elementor-icon-wrapper\">\n\t\t\t<div class=\"elementor-icon\">\n\t\t\t<i aria-hidden=\"true\" class=\"fas fa-phone-alt\"><\/i>\t\t\t<\/div>\n\t\t<\/div>\n\t\t\t\t\t\t<\/div>\n\t\t\t\t<\/div>\n\t\t\t\t<div class=\"elementor-element elementor-element-25963cd elementor-widget elementor-widget-text-editor\" data-id=\"25963cd\" data-element_type=\"widget\" data-e-type=\"widget\" data-widget_type=\"text-editor.default\">\n\t\t\t\t<div class=\"elementor-widget-container\">\n\t\t\t\t\t\t\t\t\t<p><a href=\"tel:+4989127165129\">+49 (0)89 127 165 129<\/a><\/p>\t\t\t\t\t\t\t\t<\/div>\n\t\t\t\t<\/div>\n\t\t\t\t<\/div>\n\t\t\t\t<\/div>\n\t\t\t\t<\/div>\n\t\t\t\t<\/div>\n\t\t\t\t\t<\/div>\n\t\t\t\t<\/div>\n\t\t\t\t<\/div>\n\t\t","protected":false},"excerpt":{"rendered":"<p>Messeorganisation von A-Z Zur\u00fcck zum Ausstellerportal Zum MyEasyfairs Login Zur Deadline-Checkliste Standplanung Ablauf Systemstand, Grafik &amp; M\u00f6blierung Deadline: Die Deadline zur Freigabe der Standbauplanung ist am 25.09.2026. Ma\u00dfnahmen bis zur Deadline Zus\u00e4tzliche Standausstattung im MyEasyfairs Onlineshop bestellen All-inclusive-M\u00f6bel und Bonusartikel ausw\u00e4hlen und im MyEasyfairs Onlineshop bestellen Technische Standzeichnung pr\u00fcfen und freigeben Druckdateien f\u00fcr Standgrafiken an [&hellip;]<\/p>\n","protected":false},"author":70,"featured_media":0,"parent":0,"menu_order":0,"comment_status":"closed","ping_status":"closed","template":"","meta":{"_seopress_titles_title":"FMB \u2013 Fachmesse f\u00fcr Maschinenbau: Ausstellerportal","_seopress_titles_desc":"Als Aussteller der FMB finden Sie hier alle wichtigen Infos f\u00fcr Ihre Teilnahme an der Messe","_seopress_robots_index":"","_seopress_robots_follow":"","_seopress_robots_imageindex":"","_seopress_robots_snippet":"","_seopress_robots_primary_cat":"","_seopress_robots_breadcrumbs":"","_seopress_robots_freeze_modified_date":"","_seopress_robots_custom_modified_date":"","_seopress_robots_canonical":"","_seopress_social_fb_title":"","_seopress_social_fb_desc":"","_seopress_social_fb_img":"","_seopress_social_fb_img_attachment_id":0,"_seopress_social_fb_img_width":0,"_seopress_social_fb_img_height":0,"_seopress_social_twitter_title":"","_seopress_social_twitter_desc":"","_seopress_social_twitter_img":"","_seopress_social_twitter_img_attachment_id":0,"_seopress_social_twitter_img_width":0,"_seopress_social_twitter_img_height":0,"_seopress_redirections_value":"","_seopress_redirections_enabled":"","_seopress_redirections_enabled_regex":"","_seopress_redirections_logged_status":"both","_seopress_redirections_param":"","_seopress_redirections_type":301,"_seopress_analysis_target_kw":"","_seopress_news_disabled":"","_seopress_video_disabled":"","_seopress_video":[],"_seopress_pro_schemas_manual":[],"_seopress_pro_rich_snippets_disable_all":"","_seopress_pro_rich_snippets_disable":[],"_seopress_pro_schemas":[],"footnotes":""},"class_list":["post-147700","page","type-page","status-publish","hentry"],"_links":{"self":[{"href":"https:\/\/www.fmb-messe.de\/de\/wp-json\/wp\/v2\/pages\/147700","targetHints":{"allow":["GET"]}}],"collection":[{"href":"https:\/\/www.fmb-messe.de\/de\/wp-json\/wp\/v2\/pages"}],"about":[{"href":"https:\/\/www.fmb-messe.de\/de\/wp-json\/wp\/v2\/types\/page"}],"author":[{"embeddable":true,"href":"https:\/\/www.fmb-messe.de\/de\/wp-json\/wp\/v2\/users\/70"}],"replies":[{"embeddable":true,"href":"https:\/\/www.fmb-messe.de\/de\/wp-json\/wp\/v2\/comments?post=147700"}],"version-history":[{"count":5,"href":"https:\/\/www.fmb-messe.de\/de\/wp-json\/wp\/v2\/pages\/147700\/revisions"}],"predecessor-version":[{"id":155029,"href":"https:\/\/www.fmb-messe.de\/de\/wp-json\/wp\/v2\/pages\/147700\/revisions\/155029"}],"wp:attachment":[{"href":"https:\/\/www.fmb-messe.de\/de\/wp-json\/wp\/v2\/media?parent=147700"}],"curies":[{"name":"wp","href":"https:\/\/api.w.org\/{rel}","templated":true}]}}