{"id":102,"date":"2020-04-06T16:04:36","date_gmt":"2020-04-06T14:04:36","guid":{"rendered":"https:\/\/www.fmb-messe.de\/?page_id=102"},"modified":"2025-05-20T14:02:40","modified_gmt":"2025-05-20T12:02:40","slug":"aktuelles","status":"publish","type":"page","link":"https:\/\/www.fmb-messe.de\/de\/aktuelles\/","title":{"rendered":"Aktuelles"},"content":{"rendered":"\t\t<div data-elementor-type=\"wp-page\" data-elementor-id=\"102\" class=\"elementor elementor-102\" data-elementor-post-type=\"page\">\n\t\t\t\t\t\t<section class=\"elementor-section elementor-top-section elementor-element elementor-element-35aa706 elementor-section-full_width elementor-section-height-min-height elementor-section-height-default elementor-section-items-middle\" data-id=\"35aa706\" data-element_type=\"section\" data-settings=\"{&quot;background_background&quot;:&quot;classic&quot;}\">\n\t\t\t\t\t\t<div class=\"elementor-container elementor-column-gap-no\">\n\t\t\t\t\t<div class=\"elementor-column elementor-col-100 elementor-top-column elementor-element elementor-element-a231f18\" data-id=\"a231f18\" data-element_type=\"column\">\n\t\t\t<div class=\"elementor-widget-wrap\">\n\t\t\t\t\t\t\t<\/div>\n\t\t<\/div>\n\t\t\t\t\t<\/div>\n\t\t<\/section>\n\t\t\t\t<section class=\"elementor-section elementor-top-section elementor-element elementor-element-cdcca22 elementor-section-boxed elementor-section-height-default elementor-section-height-default\" data-id=\"cdcca22\" data-element_type=\"section\">\n\t\t\t\t\t\t<div class=\"elementor-container elementor-column-gap-default\">\n\t\t\t\t\t<div class=\"elementor-column elementor-col-100 elementor-top-column elementor-element elementor-element-4a19b76\" data-id=\"4a19b76\" data-element_type=\"column\">\n\t\t\t<div class=\"elementor-widget-wrap elementor-element-populated\">\n\t\t\t\t\t\t<div class=\"elementor-element elementor-element-d40d18e elementor-widget elementor-widget-spacer\" data-id=\"d40d18e\" data-element_type=\"widget\" data-widget_type=\"spacer.default\">\n\t\t\t\t<div class=\"elementor-widget-container\">\n\t\t\t\t\t\t\t<div class=\"elementor-spacer\">\n\t\t\t<div class=\"elementor-spacer-inner\"><\/div>\n\t\t<\/div>\n\t\t\t\t\t\t<\/div>\n\t\t\t\t<\/div>\n\t\t\t\t<div class=\"elementor-element elementor-element-0e10929 elementor-widget elementor-widget-heading\" data-id=\"0e10929\" data-element_type=\"widget\" data-widget_type=\"heading.default\">\n\t\t\t\t<div class=\"elementor-widget-container\">\n\t\t\t\t\t<h2 class=\"elementor-heading-title elementor-size-default\">Aktuelles rund um die Messe<\/h2>\t\t\t\t<\/div>\n\t\t\t\t<\/div>\n\t\t\t\t<div class=\"elementor-element elementor-element-f4f5eaf elementor-widget elementor-widget-spacer\" data-id=\"f4f5eaf\" data-element_type=\"widget\" data-widget_type=\"spacer.default\">\n\t\t\t\t<div class=\"elementor-widget-container\">\n\t\t\t\t\t\t\t<div class=\"elementor-spacer\">\n\t\t\t<div class=\"elementor-spacer-inner\"><\/div>\n\t\t<\/div>\n\t\t\t\t\t\t<\/div>\n\t\t\t\t<\/div>\n\t\t\t\t\t<\/div>\n\t\t<\/div>\n\t\t\t\t\t<\/div>\n\t\t<\/section>\n\t\t\t\t<section class=\"elementor-section elementor-top-section elementor-element elementor-element-e59eddc elementor-section-boxed elementor-section-height-default elementor-section-height-default\" data-id=\"e59eddc\" data-element_type=\"section\">\n\t\t\t\t\t\t<div class=\"elementor-container elementor-column-gap-wide\">\n\t\t\t\t\t<div class=\"elementor-column elementor-col-50 elementor-top-column elementor-element elementor-element-d5a89a7\" data-id=\"d5a89a7\" data-element_type=\"column\">\n\t\t\t<div class=\"elementor-widget-wrap elementor-element-populated\">\n\t\t\t\t\t\t<div class=\"elementor-element elementor-element-97781fc elementor-widget elementor-widget-image\" data-id=\"97781fc\" data-element_type=\"widget\" data-widget_type=\"image.default\">\n\t\t\t\t<div class=\"elementor-widget-container\">\n\t\t\t\t\t\t\t\t\t\t\t\t\t\t\t<img fetchpriority=\"high\" decoding=\"async\" width=\"800\" height=\"612\" src=\"https:\/\/easyfairsassets.com\/sites\/248\/2025\/01\/20-Edition-FMB.jpg\" class=\"attachment-large size-large wp-image-112041\" alt=\"20 Jahre FMB Die Fachmesse f\u00fcr Maschinenbau feiert Geburtstag\" srcset=\"https:\/\/easyfairsassets.com\/sites\/248\/2025\/01\/20-Edition-FMB.jpg 850w, https:\/\/easyfairsassets.com\/sites\/248\/2025\/01\/20-Edition-FMB-300x229.jpg 300w, https:\/\/easyfairsassets.com\/sites\/248\/2025\/01\/20-Edition-FMB-768x587.jpg 768w\" sizes=\"(max-width: 800px) 100vw, 800px\" \/>\t\t\t\t\t\t\t\t\t\t\t\t\t\t\t<\/div>\n\t\t\t\t<\/div>\n\t\t\t\t\t<\/div>\n\t\t<\/div>\n\t\t\t\t<div class=\"elementor-column elementor-col-50 elementor-top-column elementor-element elementor-element-a4641d2\" data-id=\"a4641d2\" data-element_type=\"column\">\n\t\t\t<div class=\"elementor-widget-wrap elementor-element-populated\">\n\t\t\t\t\t\t<div class=\"elementor-element elementor-element-7b63316 elementor-widget elementor-widget-text-editor\" data-id=\"7b63316\" data-element_type=\"widget\" data-widget_type=\"text-editor.default\">\n\t\t\t\t<div class=\"elementor-widget-container\">\n\t\t\t\t\t\t\t\t\t<h3 style=\"font-style: normal; font-weight: 400; font-family: Roboto, sans-serif; font-size: 1.35714rem;\" data-elementor-setting-key=\"title\" data-pen-placeholder=\"Type Here...\">Die 20. Edition der FMB!<\/h3><p>2025 wird f\u00fcr uns ein ganz besonderes Jahr: Vom 4. bis 6. November findet die 20. Edition der FMB-Fachmesse f\u00fcr Maschinenbau statt.\u00a0<\/p><p>Wir freuen uns riesig auf das, was dieses Jahr bringt.<\/p><p>SAVE THE DATE: Mit nur einem Klick k\u00f6nnen Sie sich unser Jubil\u00e4um im Kalender speichern: <a href=\"https:\/\/qrco.de\/FMB25\">Zum Kalendereintrag.<\/a><\/p>\t\t\t\t\t\t\t\t<\/div>\n\t\t\t\t<\/div>\n\t\t\t\t\t<\/div>\n\t\t<\/div>\n\t\t\t\t\t<\/div>\n\t\t<\/section>\n\t\t\t\t<section class=\"elementor-section elementor-top-section elementor-element elementor-element-589deaf elementor-section-boxed elementor-section-height-default elementor-section-height-default\" data-id=\"589deaf\" data-element_type=\"section\">\n\t\t\t\t\t\t<div class=\"elementor-container elementor-column-gap-wide\">\n\t\t\t\t\t<div class=\"elementor-column elementor-col-50 elementor-top-column elementor-element elementor-element-572e914\" data-id=\"572e914\" data-element_type=\"column\">\n\t\t\t<div class=\"elementor-widget-wrap elementor-element-populated\">\n\t\t\t\t\t\t<div class=\"elementor-element elementor-element-1ea7802 elementor-widget elementor-widget-image\" data-id=\"1ea7802\" data-element_type=\"widget\" data-widget_type=\"image.default\">\n\t\t\t\t<div class=\"elementor-widget-container\">\n\t\t\t\t\t\t\t\t\t\t\t\t\t\t\t<img decoding=\"async\" width=\"800\" height=\"612\" src=\"https:\/\/easyfairsassets.com\/sites\/248\/2025\/01\/FUeR-EIN-SUeSSES-WIEDERSEHEN-AM-1200-x-1200-px-1.jpg\" class=\"attachment-large size-large wp-image-112029\" alt=\"Die FMB spendet f\u00fcr das Bienenprojekt auf dem Weg zu mehr Nachhaltigkeit\" srcset=\"https:\/\/easyfairsassets.com\/sites\/248\/2025\/01\/FUeR-EIN-SUeSSES-WIEDERSEHEN-AM-1200-x-1200-px-1.jpg 850w, https:\/\/easyfairsassets.com\/sites\/248\/2025\/01\/FUeR-EIN-SUeSSES-WIEDERSEHEN-AM-1200-x-1200-px-1-300x229.jpg 300w, https:\/\/easyfairsassets.com\/sites\/248\/2025\/01\/FUeR-EIN-SUeSSES-WIEDERSEHEN-AM-1200-x-1200-px-1-768x587.jpg 768w\" sizes=\"(max-width: 800px) 100vw, 800px\" \/>\t\t\t\t\t\t\t\t\t\t\t\t\t\t\t<\/div>\n\t\t\t\t<\/div>\n\t\t\t\t\t<\/div>\n\t\t<\/div>\n\t\t\t\t<div class=\"elementor-column elementor-col-50 elementor-top-column elementor-element elementor-element-fa35cb6\" data-id=\"fa35cb6\" data-element_type=\"column\">\n\t\t\t<div class=\"elementor-widget-wrap elementor-element-populated\">\n\t\t\t\t\t\t<div class=\"elementor-element elementor-element-df3a4e7 elementor-widget elementor-widget-text-editor\" data-id=\"df3a4e7\" data-element_type=\"widget\" data-widget_type=\"text-editor.default\">\n\t\t\t\t<div class=\"elementor-widget-container\">\n\t\t\t\t\t\t\t\t\t<h3 style=\"font-style: normal; font-weight: 400; font-family: Roboto, sans-serif; font-size: 1.35714rem;\" data-elementor-setting-key=\"title\" data-pen-placeholder=\"Type Here...\">Wir retten Bienen!<\/h3><p>Ein Teil unseres Weges, die FMB gr\u00fcner zu machen, ist es, ein Herzensprojekt zu unterst\u00fctzen. Das Bienensterben ist ein Spiegelbild des\u00a0Zustands unserer Umwelt!<\/p><p>Eine Welt ohne Bienen w\u00e4re undenkbar f\u00fcr uns und unsere biologische Artenvielfalt, denn unsere Ern\u00e4hrung h\u00e4ngt wesentlich von einer funktionierenden Best\u00e4ubung durch die Insekten ab. <br \/>Die Gr\u00fcnde f\u00fcr den R\u00fcckgang von Wild- und Honigbienen sind vielschichtig: die Zerst\u00f6rung von Lebensr\u00e4umen, eingeschleppte Krankheiten, Pestizideinsatz und Monokulturen in der Landwirtschaft.<\/p><p>Sie haben auf der Messe mit Ihrem Smart Badge getouched und wir haben gespendet! Es gingen insgesamt 300\u00a0\u20ac an das <a href=\"https:\/\/www.bienenretter.de\/\">Bienenretter-Bildungsprojekt<\/a>.<\/p>\t\t\t\t\t\t\t\t<\/div>\n\t\t\t\t<\/div>\n\t\t\t\t\t<\/div>\n\t\t<\/div>\n\t\t\t\t\t<\/div>\n\t\t<\/section>\n\t\t\t\t<section class=\"elementor-section elementor-top-section elementor-element elementor-element-4ddd7ab elementor-section-boxed elementor-section-height-default elementor-section-height-default\" data-id=\"4ddd7ab\" data-element_type=\"section\">\n\t\t\t\t\t\t<div class=\"elementor-container elementor-column-gap-wide\">\n\t\t\t\t\t<div class=\"elementor-column elementor-col-50 elementor-top-column elementor-element elementor-element-abb8775\" data-id=\"abb8775\" data-element_type=\"column\">\n\t\t\t<div class=\"elementor-widget-wrap elementor-element-populated\">\n\t\t\t\t\t\t<div class=\"elementor-element elementor-element-af17989 elementor-widget elementor-widget-image\" data-id=\"af17989\" data-element_type=\"widget\" data-widget_type=\"image.default\">\n\t\t\t\t<div class=\"elementor-widget-container\">\n\t\t\t\t\t\t\t\t\t\t\t\t\t\t\t<img decoding=\"async\" width=\"800\" height=\"534\" src=\"https:\/\/easyfairsassets.com\/sites\/248\/2024\/12\/21A7808-1024x683.jpg\" class=\"attachment-large size-large wp-image-111807\" alt=\"Die FMB \u2013 Fachmesse f\u00fcr Maschinenbau 2024 ist vorbei. Mit einem Zuwachs von 65 Unternehmen auf insgesamt 388 Aussteller gegen\u00fcber dem Vorjahr und einem erneuten Plus von 6 % bei den Fachbesuchern bot die FMB 2024 vielf\u00e4ltige Kommunikationsm\u00f6glichkeiten und zeigte wieder, welche Resonanz sie in der Region und dar\u00fcber hinaus findet. Wir bedanken uns ganz herzlich bei allen Ausstellern und Besuchern f\u00fcr die sch\u00f6nen 3 Tage und freuen uns schon auf das n\u00e4chste Jahr!\" srcset=\"https:\/\/easyfairsassets.com\/sites\/248\/2024\/12\/21A7808-1024x683.jpg 1024w, https:\/\/easyfairsassets.com\/sites\/248\/2024\/12\/21A7808-300x200.jpg 300w, https:\/\/easyfairsassets.com\/sites\/248\/2024\/12\/21A7808-768x512.jpg 768w, https:\/\/easyfairsassets.com\/sites\/248\/2024\/12\/21A7808-1536x1025.jpg 1536w, https:\/\/easyfairsassets.com\/sites\/248\/2024\/12\/21A7808.jpg 1772w\" sizes=\"(max-width: 800px) 100vw, 800px\" \/>\t\t\t\t\t\t\t\t\t\t\t\t\t\t\t<\/div>\n\t\t\t\t<\/div>\n\t\t\t\t\t<\/div>\n\t\t<\/div>\n\t\t\t\t<div class=\"elementor-column elementor-col-50 elementor-top-column elementor-element elementor-element-4e25229\" data-id=\"4e25229\" data-element_type=\"column\">\n\t\t\t<div class=\"elementor-widget-wrap elementor-element-populated\">\n\t\t\t\t\t\t<div class=\"elementor-element elementor-element-8ebda4d elementor-widget elementor-widget-text-editor\" data-id=\"8ebda4d\" data-element_type=\"widget\" data-widget_type=\"text-editor.default\">\n\t\t\t\t<div class=\"elementor-widget-container\">\n\t\t\t\t\t\t\t\t\t<h3 style=\"font-style: normal; font-weight: 400; font-family: Roboto, sans-serif; font-size: 1.35714rem;\" data-elementor-setting-key=\"title\" data-pen-placeholder=\"Type Here...\">Das war die FMB 2024!<\/h3>\n<p>Die <a class=\"PzneywKuhDSqinVknZGTItYqHrnIRgp \" href=\"https:\/\/www.linkedin.com\/company\/fmb-messe\/\" target=\"_self\" data-test-app-aware-link=\"\">FMB \u2013 Fachmesse f\u00fcr Maschinenbau<\/a> 2024 ist vorbei. Mit einem Zuwachs von 65 Unternehmen auf insgesamt 388 Aussteller gegen\u00fcber dem Vorjahr und einem erneuten Plus von 6 % bei den Fachbesuchern bot die FMB 2024 vielf\u00e4ltige Kommunikationsm\u00f6glichkeiten und zeigte wieder, welche Resonanz sie in der Region und dar\u00fcber hinaus findet.<\/p>\n<p>Wir bedanken uns ganz herzlich bei allen Ausstellern und Besuchern f\u00fcr die sch\u00f6nen 3 Tage und freuen uns schon auf das n\u00e4chste Jahr!<\/p>\n<p>Hier geht es zum <a href=\"https:\/\/youtu.be\/V8Ilad2EzW0?si=V4tA3WaicQAP4_QN\">Messefilm.<\/a><\/p>\t\t\t\t\t\t\t\t<\/div>\n\t\t\t\t<\/div>\n\t\t\t\t\t<\/div>\n\t\t<\/div>\n\t\t\t\t\t<\/div>\n\t\t<\/section>\n\t\t\t\t<section class=\"elementor-section elementor-top-section elementor-element elementor-element-d5897d3 elementor-section-boxed elementor-section-height-default elementor-section-height-default\" data-id=\"d5897d3\" data-element_type=\"section\">\n\t\t\t\t\t\t<div class=\"elementor-container elementor-column-gap-wide\">\n\t\t\t\t\t<div class=\"elementor-column elementor-col-50 elementor-top-column elementor-element elementor-element-a94f53c\" data-id=\"a94f53c\" data-element_type=\"column\">\n\t\t\t<div class=\"elementor-widget-wrap elementor-element-populated\">\n\t\t\t\t\t\t<div class=\"elementor-element elementor-element-e452d1d elementor-widget elementor-widget-image\" data-id=\"e452d1d\" data-element_type=\"widget\" data-widget_type=\"image.default\">\n\t\t\t\t<div class=\"elementor-widget-container\">\n\t\t\t\t\t\t\t\t\t\t\t\t\t\t\t<img loading=\"lazy\" decoding=\"async\" width=\"800\" height=\"534\" src=\"https:\/\/easyfairsassets.com\/sites\/248\/2024\/06\/fmb-nachhaltigkeit_News-1024x683.jpg\" class=\"attachment-large size-large wp-image-95274\" alt=\"\" srcset=\"https:\/\/easyfairsassets.com\/sites\/248\/2024\/06\/fmb-nachhaltigkeit_News-1024x683.jpg 1024w, https:\/\/easyfairsassets.com\/sites\/248\/2024\/06\/fmb-nachhaltigkeit_News-300x200.jpg 300w, https:\/\/easyfairsassets.com\/sites\/248\/2024\/06\/fmb-nachhaltigkeit_News-768x512.jpg 768w, https:\/\/easyfairsassets.com\/sites\/248\/2024\/06\/fmb-nachhaltigkeit_News.jpg 1200w\" sizes=\"(max-width: 800px) 100vw, 800px\" \/>\t\t\t\t\t\t\t\t\t\t\t\t\t\t\t<\/div>\n\t\t\t\t<\/div>\n\t\t\t\t\t<\/div>\n\t\t<\/div>\n\t\t\t\t<div class=\"elementor-column elementor-col-50 elementor-top-column elementor-element elementor-element-9419e9b\" data-id=\"9419e9b\" data-element_type=\"column\">\n\t\t\t<div class=\"elementor-widget-wrap elementor-element-populated\">\n\t\t\t\t\t\t<div class=\"elementor-element elementor-element-b32b1b8 elementor-widget elementor-widget-text-editor\" data-id=\"b32b1b8\" data-element_type=\"widget\" data-widget_type=\"text-editor.default\">\n\t\t\t\t<div class=\"elementor-widget-container\">\n\t\t\t\t\t\t\t\t\t<h3 style=\"font-size: 1.35714rem; font-style: normal; font-weight: 400; font-family: Roboto, sans-serif;\" data-elementor-setting-key=\"title\" data-pen-placeholder=\"Type Here...\">Act for the future: Easyfairs ver\u00f6ffentlicht ersten Nachhaltigkeitsbericht<\/h3><p><span style=\"color: #666666; font-size: 14px; font-style: normal; font-weight: 400; text-transform: none; white-space-collapse: collapse;\">Unter dem Motto \u201eAct for the Future\u201d sorgt Easyfairs mit vielen Aktionen daf\u00fcr, dass unsere Messen immer nachhaltiger werden und unsere Emissionen sinken. Diese Woche wurde der erste Nachhaltigkeitsbericht ver\u00f6ffentlicht. <\/span><\/p><p>Schauen Sie mal rein: <a href=\"https:\/\/www.easyfairs.com\/wp-content\/uploads\/2024\/06\/Easyfairs-Sustainability-Report-2023.pdf\">Nachhaltigkeitsbericht Easyfairs 2023<\/a><\/p>\t\t\t\t\t\t\t\t<\/div>\n\t\t\t\t<\/div>\n\t\t\t\t\t<\/div>\n\t\t<\/div>\n\t\t\t\t\t<\/div>\n\t\t<\/section>\n\t\t\t\t<section class=\"elementor-section elementor-top-section elementor-element elementor-element-7d0caa6 elementor-section-boxed elementor-section-height-default elementor-section-height-default\" data-id=\"7d0caa6\" data-element_type=\"section\">\n\t\t\t\t\t\t<div class=\"elementor-container elementor-column-gap-default\">\n\t\t\t\t\t<div class=\"elementor-column elementor-col-50 elementor-top-column elementor-element elementor-element-c4c6334\" data-id=\"c4c6334\" data-element_type=\"column\">\n\t\t\t<div class=\"elementor-widget-wrap elementor-element-populated\">\n\t\t\t\t\t\t<div class=\"elementor-element elementor-element-b4fbc01 elementor-widget elementor-widget-image\" data-id=\"b4fbc01\" data-element_type=\"widget\" data-widget_type=\"image.default\">\n\t\t\t\t<div class=\"elementor-widget-container\">\n\t\t\t\t\t\t\t\t\t\t\t\t\t\t\t<img loading=\"lazy\" decoding=\"async\" width=\"800\" height=\"534\" src=\"https:\/\/easyfairsassets.com\/sites\/248\/2024\/05\/fmb-2023-48-e1715766381302-1024x683.jpg\" class=\"attachment-large size-large wp-image-93658\" alt=\"Fachbesucher der Maschinenbaubranche auf regionaler Fachmesse in OWL Bad Salzuflen\" srcset=\"https:\/\/easyfairsassets.com\/sites\/248\/2024\/05\/fmb-2023-48-e1715766381302-1024x683.jpg 1024w, https:\/\/easyfairsassets.com\/sites\/248\/2024\/05\/fmb-2023-48-e1715766381302-300x200.jpg 300w, https:\/\/easyfairsassets.com\/sites\/248\/2024\/05\/fmb-2023-48-e1715766381302-768x512.jpg 768w, https:\/\/easyfairsassets.com\/sites\/248\/2024\/05\/fmb-2023-48-e1715766381302.jpg 1200w\" sizes=\"(max-width: 800px) 100vw, 800px\" \/>\t\t\t\t\t\t\t\t\t\t\t\t\t\t\t<\/div>\n\t\t\t\t<\/div>\n\t\t\t\t\t<\/div>\n\t\t<\/div>\n\t\t\t\t<div class=\"elementor-column elementor-col-50 elementor-top-column elementor-element elementor-element-49833c7\" data-id=\"49833c7\" data-element_type=\"column\">\n\t\t\t<div class=\"elementor-widget-wrap elementor-element-populated\">\n\t\t\t\t\t\t<div class=\"elementor-element elementor-element-c321e67 elementor-widget elementor-widget-heading\" data-id=\"c321e67\" data-element_type=\"widget\" data-widget_type=\"heading.default\">\n\t\t\t\t<div class=\"elementor-widget-container\">\n\t\t\t\t\t<h3 class=\"elementor-heading-title elementor-size-default\"><h3 data-elementor-setting-key=\"title\" data-pen-placeholder=\"Type Here...\" style=\"font-size: 1.35714rem;font-style: normal;font-weight: 400;font-family: Roboto, sans-serif\">NEue Messetage Ab der FMB 24: \nDienstag bis Donnerstag<\/h3><span style=\"font-size: 14px;font-style: normal;font-weight: 400;text-transform: none\">Schon bemerkt? Wir haben unsere Messetage ge\u00e4ndert. Auf berechtigten Wunsch unserer Aussteller und Besucher hin findet die FMB \u2013 Fachmesse f\u00fcr Maschinenbau ab diesem Jahr von Dienstag bis Donnerstag, den 05. bis 07.11.2024 statt. <br>Wir freuen uns auf 3 Messetage voller intensiver Gespr\u00e4che, Innovationen und markt-reife L\u00f6sungen mit zahlreichen Ausstellern und Fachbesuchern im Messezentrum Bad Salzuflen.<\/span><\/h3>\t\t\t\t<\/div>\n\t\t\t\t<\/div>\n\t\t\t\t\t<\/div>\n\t\t<\/div>\n\t\t\t\t\t<\/div>\n\t\t<\/section>\n\t\t\t\t<section class=\"elementor-section elementor-top-section elementor-element elementor-element-155e23d elementor-section-boxed elementor-section-height-default elementor-section-height-default\" data-id=\"155e23d\" data-element_type=\"section\">\n\t\t\t\t\t\t<div class=\"elementor-container elementor-column-gap-wide\">\n\t\t\t\t\t<div class=\"elementor-column elementor-col-50 elementor-top-column elementor-element elementor-element-ebdadc0\" data-id=\"ebdadc0\" data-element_type=\"column\">\n\t\t\t<div class=\"elementor-widget-wrap elementor-element-populated\">\n\t\t\t\t\t\t<div class=\"elementor-element elementor-element-cc81726 elementor-widget elementor-widget-image\" data-id=\"cc81726\" data-element_type=\"widget\" data-widget_type=\"image.default\">\n\t\t\t\t<div class=\"elementor-widget-container\">\n\t\t\t\t\t\t\t\t\t\t\t\t\t\t\t<img loading=\"lazy\" decoding=\"async\" width=\"800\" height=\"534\" src=\"https:\/\/easyfairsassets.com\/sites\/248\/2023\/05\/FMB2023_PI02-Bild_web-1024x683.jpg\" class=\"attachment-large size-large wp-image-59617\" alt=\"Die FMB mit Fokus auf den Sondermaschinenbau.\" srcset=\"https:\/\/easyfairsassets.com\/sites\/248\/2023\/05\/FMB2023_PI02-Bild_web-1024x683.jpg 1024w, https:\/\/easyfairsassets.com\/sites\/248\/2023\/05\/FMB2023_PI02-Bild_web-300x200.jpg 300w, https:\/\/easyfairsassets.com\/sites\/248\/2023\/05\/FMB2023_PI02-Bild_web-768x512.jpg 768w, https:\/\/easyfairsassets.com\/sites\/248\/2023\/05\/FMB2023_PI02-Bild_web.jpg 1200w\" sizes=\"(max-width: 800px) 100vw, 800px\" \/>\t\t\t\t\t\t\t\t\t\t\t\t\t\t\t<\/div>\n\t\t\t\t<\/div>\n\t\t\t\t\t<\/div>\n\t\t<\/div>\n\t\t\t\t<div class=\"elementor-column elementor-col-50 elementor-top-column elementor-element elementor-element-2b63521\" data-id=\"2b63521\" data-element_type=\"column\">\n\t\t\t<div class=\"elementor-widget-wrap elementor-element-populated\">\n\t\t\t\t\t\t<div class=\"elementor-element elementor-element-642fc50 elementor-widget elementor-widget-heading\" data-id=\"642fc50\" data-element_type=\"widget\" data-widget_type=\"heading.default\">\n\t\t\t\t<div class=\"elementor-widget-container\">\n\t\t\t\t\t<h3 class=\"elementor-heading-title elementor-size-default\">Neues Fokusthema: Sondermaschinenbau<\/h3>\t\t\t\t<\/div>\n\t\t\t\t<\/div>\n\t\t\t\t<div class=\"elementor-element elementor-element-eb2f194 elementor-widget elementor-widget-text-editor\" data-id=\"eb2f194\" data-element_type=\"widget\" data-widget_type=\"text-editor.default\">\n\t\t\t\t<div class=\"elementor-widget-container\">\n\t\t\t\t\t\t\t\t\tNeu ist in diesem Jahr der Schwerpunkt Sondermaschinenbau. Die Anregung dazu kam auch von Ausstellern und unserem Netzwerkpartner owl maschinenbau e.V. Hier in der Region Ostwestfalen-Lippe ist der Sondermaschinenbau stark vertreten, und in der Messelandschaft hat er so recht keine Heimat. Angesprochen sind nicht nur seine Zulieferer, sondern auch die Maschinenbauer selbst, die bisher \u00fcbrigens auch schon auf der FMB vertreten waren \u2013 zum Beispiel als Hersteller von individuellen Montage- und Automatisierungsanlagen.\n\nErfahren Sie mehr dazu: <a href=\"https:\/\/easyfairsassets.com\/sites\/248\/2023\/04\/FMB2023_PI02_DE.pdf\">Pressemeldung<\/a>\t\t\t\t\t\t\t\t<\/div>\n\t\t\t\t<\/div>\n\t\t\t\t\t<\/div>\n\t\t<\/div>\n\t\t\t\t\t<\/div>\n\t\t<\/section>\n\t\t\t\t<section class=\"elementor-section elementor-top-section elementor-element elementor-element-d1e38d4 elementor-section-boxed elementor-section-height-default elementor-section-height-default\" data-id=\"d1e38d4\" data-element_type=\"section\">\n\t\t\t\t\t\t<div class=\"elementor-container elementor-column-gap-wide\">\n\t\t\t\t\t<div class=\"elementor-column elementor-col-50 elementor-top-column elementor-element elementor-element-9aab659\" data-id=\"9aab659\" data-element_type=\"column\">\n\t\t\t<div class=\"elementor-widget-wrap elementor-element-populated\">\n\t\t\t\t\t\t<div class=\"elementor-element elementor-element-2a7f12c elementor-widget elementor-widget-image\" data-id=\"2a7f12c\" data-element_type=\"widget\" data-widget_type=\"image.default\">\n\t\t\t\t<div class=\"elementor-widget-container\">\n\t\t\t\t\t\t\t\t\t\t\t\t\t\t\t<img loading=\"lazy\" decoding=\"async\" width=\"800\" height=\"534\" src=\"https:\/\/easyfairsassets.com\/sites\/248\/2023\/05\/FMB-Logo-1024x683.png\" class=\"attachment-large size-large wp-image-59646\" alt=\"\" srcset=\"https:\/\/easyfairsassets.com\/sites\/248\/2023\/05\/FMB-Logo-1024x683.png 1024w, https:\/\/easyfairsassets.com\/sites\/248\/2023\/05\/FMB-Logo-300x200.png 300w, https:\/\/easyfairsassets.com\/sites\/248\/2023\/05\/FMB-Logo-768x512.png 768w, https:\/\/easyfairsassets.com\/sites\/248\/2023\/05\/FMB-Logo.png 1200w\" sizes=\"(max-width: 800px) 100vw, 800px\" \/>\t\t\t\t\t\t\t\t\t\t\t\t\t\t\t<\/div>\n\t\t\t\t<\/div>\n\t\t\t\t\t<\/div>\n\t\t<\/div>\n\t\t\t\t<div class=\"elementor-column elementor-col-50 elementor-top-column elementor-element elementor-element-541d05c\" data-id=\"541d05c\" data-element_type=\"column\">\n\t\t\t<div class=\"elementor-widget-wrap elementor-element-populated\">\n\t\t\t\t\t\t<div class=\"elementor-element elementor-element-78ebb60 elementor-widget elementor-widget-heading\" data-id=\"78ebb60\" data-element_type=\"widget\" data-widget_type=\"heading.default\">\n\t\t\t\t<div class=\"elementor-widget-container\">\n\t\t\t\t\t<h3 class=\"elementor-heading-title elementor-size-default\">Von der Zuliefermesse zur Fachmesse<\/h3>\t\t\t\t<\/div>\n\t\t\t\t<\/div>\n\t\t\t\t<div class=\"elementor-element elementor-element-ce84cfc elementor-widget elementor-widget-text-editor\" data-id=\"ce84cfc\" data-element_type=\"widget\" data-widget_type=\"text-editor.default\">\n\t\t\t\t<div class=\"elementor-widget-container\">\n\t\t\t\t\t\t\t\t\t<p>Aus der bisherigen Zuliefermesse FMB ist eine Fachmesse geworden. Damit wird im Namen nachvollzogen, was in der Praxis schon passiert ist: Auf der FMB suchen nicht nur Aussteller nach neuen Zulieferern. Alexander Petrusch, neuer Head of Events FMB: \u201eDer \u00b4alte\u00b4 Begriff nahm aus unserer Sicht zu stark Bezug auf die Aufgabe, die Messen in der Vergangenheit hatten: Zulieferer suchen Kunden, Maschinenbauer suchen Zulieferer. Das ist in Teilen auch immer noch so. Aber vor allem sind Messen heute Plattformen f\u00fcr den Austausch einer Branche. Das k\u00f6nnen auch Maschinenbauer oder Zulieferer unter sich sein. Hier trifft sich eine ganze Community. Daf\u00fcr steht der neue Begriff \u00b4Fachmesse f\u00fcr Maschinenbau`.\u201c<\/p>\t\t\t\t\t\t\t\t<\/div>\n\t\t\t\t<\/div>\n\t\t\t\t\t<\/div>\n\t\t<\/div>\n\t\t\t\t\t<\/div>\n\t\t<\/section>\n\t\t\t\t<section class=\"elementor-section elementor-top-section elementor-element elementor-element-a7a8ec9 elementor-section-boxed elementor-section-height-default elementor-section-height-default\" data-id=\"a7a8ec9\" data-element_type=\"section\">\n\t\t\t\t\t\t<div class=\"elementor-container elementor-column-gap-wide\">\n\t\t\t\t\t<div class=\"elementor-column elementor-col-50 elementor-top-column elementor-element elementor-element-22912fd\" data-id=\"22912fd\" data-element_type=\"column\">\n\t\t\t<div class=\"elementor-widget-wrap elementor-element-populated\">\n\t\t\t\t\t\t<div class=\"elementor-element elementor-element-abd21e5 elementor-widget elementor-widget-image\" data-id=\"abd21e5\" data-element_type=\"widget\" data-widget_type=\"image.default\">\n\t\t\t\t<div class=\"elementor-widget-container\">\n\t\t\t\t\t\t\t\t\t\t\t\t\t\t\t<img loading=\"lazy\" decoding=\"async\" width=\"800\" height=\"534\" src=\"https:\/\/easyfairsassets.com\/sites\/248\/2022\/10\/FMB2022_Messe2-1024x683.jpg\" class=\"attachment-large size-large wp-image-55613\" alt=\"\" srcset=\"https:\/\/easyfairsassets.com\/sites\/248\/2022\/10\/FMB2022_Messe2-1024x683.jpg 1024w, https:\/\/easyfairsassets.com\/sites\/248\/2022\/10\/FMB2022_Messe2-300x200.jpg 300w, https:\/\/easyfairsassets.com\/sites\/248\/2022\/10\/FMB2022_Messe2-768x512.jpg 768w, https:\/\/easyfairsassets.com\/sites\/248\/2022\/10\/FMB2022_Messe2.jpg 1200w\" sizes=\"(max-width: 800px) 100vw, 800px\" \/>\t\t\t\t\t\t\t\t\t\t\t\t\t\t\t<\/div>\n\t\t\t\t<\/div>\n\t\t\t\t\t<\/div>\n\t\t<\/div>\n\t\t\t\t<div class=\"elementor-column elementor-col-50 elementor-top-column elementor-element elementor-element-e69dc6d\" data-id=\"e69dc6d\" data-element_type=\"column\">\n\t\t\t<div class=\"elementor-widget-wrap elementor-element-populated\">\n\t\t\t\t\t\t<div class=\"elementor-element elementor-element-86642d9 elementor-widget elementor-widget-heading\" data-id=\"86642d9\" data-element_type=\"widget\" data-widget_type=\"heading.default\">\n\t\t\t\t<div class=\"elementor-widget-container\">\n\t\t\t\t\t<h3 class=\"elementor-heading-title elementor-size-default\">2023 wieder im November<\/h3>\t\t\t\t<\/div>\n\t\t\t\t<\/div>\n\t\t\t\t<div class=\"elementor-element elementor-element-8bab7bd elementor-widget elementor-widget-text-editor\" data-id=\"8bab7bd\" data-element_type=\"widget\" data-widget_type=\"text-editor.default\">\n\t\t\t\t<div class=\"elementor-widget-container\">\n\t\t\t\t\t\t\t\t\t<p>Die 17. FMB \u2013 Zuliefermesse Maschinenbau hat wieder wieder einmal ihre Bedeutung als Arbeits- und Netzwerkmesse f\u00fcr den Maschinenbau in der Nordh\u00e4lfte Deutschlands unter Beweis gestellt. Die Zufriedenheit der Aussteller macht sich auch daran fest, dass viele noch w\u00e4hrend der Messe ihren Stand f\u00fcr 2023 gebucht haben. Dann wird die FMB wieder wie gewohnt in der zweiten Novemberwoche stattfinden: <strong>vom 08. bis 10.11.2023.<br \/><br \/><\/strong>Sind Sie an einer Teilnahme als Aussteller interessiert?<br \/><a href=\"https:\/\/eur02.safelinks.protection.outlook.com\/?url=https%3A%2F%2Fwww.fmb-messe.de%2Fde%2Fanmeldung%2F&amp;data=05%7C01%7Canncathrin.hinkelmann%40easyfairs.com%7C1ba905d798664a90ff3a08dab33d33d0%7Cad58c17f1c944fb0bb6a606501347f25%7C1%7C0%7C638019372702265317%7CUnknown%7CTWFpbGZsb3d8eyJWIjoiMC4wLjAwMDAiLCJQIjoiV2luMzIiLCJBTiI6Ik1haWwiLCJXVCI6Mn0%3D%7C3000%7C%7C%7C&amp;sdata=fJ1iGI1wSlXiGGBYJI8XchyPNf7%2BBZFAojKUMHDC16E%3D&amp;reserved=0\">Hier finden Sie alle Anmeldeunterlagen<\/a><\/p>\t\t\t\t\t\t\t\t<\/div>\n\t\t\t\t<\/div>\n\t\t\t\t\t<\/div>\n\t\t<\/div>\n\t\t\t\t\t<\/div>\n\t\t<\/section>\n\t\t\t\t<section class=\"elementor-section elementor-top-section elementor-element elementor-element-0f5e4d8 elementor-section-boxed elementor-section-height-default elementor-section-height-default\" data-id=\"0f5e4d8\" data-element_type=\"section\">\n\t\t\t\t\t\t<div class=\"elementor-container elementor-column-gap-wide\">\n\t\t\t\t\t<div class=\"elementor-column elementor-col-50 elementor-top-column elementor-element elementor-element-0aedf5d\" data-id=\"0aedf5d\" data-element_type=\"column\">\n\t\t\t<div class=\"elementor-widget-wrap elementor-element-populated\">\n\t\t\t\t\t\t<div class=\"elementor-element elementor-element-9c9d1f3 elementor-widget elementor-widget-image\" data-id=\"9c9d1f3\" data-element_type=\"widget\" data-widget_type=\"image.default\">\n\t\t\t\t<div class=\"elementor-widget-container\">\n\t\t\t\t\t\t\t\t\t\t\t\t\t\t\t<img loading=\"lazy\" decoding=\"async\" width=\"800\" height=\"534\" src=\"https:\/\/easyfairsassets.com\/sites\/248\/2022\/10\/FMB2022_Messe25-1024x683.jpg\" class=\"attachment-large size-large wp-image-55643\" alt=\"\" srcset=\"https:\/\/easyfairsassets.com\/sites\/248\/2022\/10\/FMB2022_Messe25-1024x683.jpg 1024w, https:\/\/easyfairsassets.com\/sites\/248\/2022\/10\/FMB2022_Messe25-300x200.jpg 300w, https:\/\/easyfairsassets.com\/sites\/248\/2022\/10\/FMB2022_Messe25-768x512.jpg 768w, https:\/\/easyfairsassets.com\/sites\/248\/2022\/10\/FMB2022_Messe25.jpg 1200w\" sizes=\"(max-width: 800px) 100vw, 800px\" \/>\t\t\t\t\t\t\t\t\t\t\t\t\t\t\t<\/div>\n\t\t\t\t<\/div>\n\t\t\t\t\t<\/div>\n\t\t<\/div>\n\t\t\t\t<div class=\"elementor-column elementor-col-50 elementor-top-column elementor-element elementor-element-f20a9ec\" data-id=\"f20a9ec\" data-element_type=\"column\">\n\t\t\t<div class=\"elementor-widget-wrap elementor-element-populated\">\n\t\t\t\t\t\t<div class=\"elementor-element elementor-element-38a15ca elementor-widget elementor-widget-heading\" data-id=\"38a15ca\" data-element_type=\"widget\" data-widget_type=\"heading.default\">\n\t\t\t\t<div class=\"elementor-widget-container\">\n\t\t\t\t\t<h3 class=\"elementor-heading-title elementor-size-default\">Einen Besuch wert: Fachvortr\u00e4ge zur Maschinensicherheit <\/h3>\t\t\t\t<\/div>\n\t\t\t\t<\/div>\n\t\t\t\t<div class=\"elementor-element elementor-element-fb84566 elementor-widget elementor-widget-text-editor\" data-id=\"fb84566\" data-element_type=\"widget\" data-widget_type=\"text-editor.default\">\n\t\t\t\t<div class=\"elementor-widget-container\">\n\t\t\t\t\t\t\t\t\t<p>Ein Tipp f\u00fcr Ihre Messevorbereitung: Werfen Sie auch einen Blick auf das Vortragsprogramm, das an allen drei Tagen messebegleitend stattfindet. Am ersten Messetag steht die Maschinensicherheit im Fokus \u2013 aus naheliegenden Gr\u00fcnden. Zunehmende Automatisierung, auch bedingt durch den Fachkr\u00e4ftemangel, fordert neue L\u00f6sungen f\u00fcr die Zusammenarbeit von Mensch und Maschine. Auf der FMB erfahren Sie, wie dieser Trend konstruktiv umgesetzt wird und was Sie als Hersteller oder auch als Betreiber von Maschinen beachten sollten.<\/p>\t\t\t\t\t\t\t\t<\/div>\n\t\t\t\t<\/div>\n\t\t\t\t\t<\/div>\n\t\t<\/div>\n\t\t\t\t\t<\/div>\n\t\t<\/section>\n\t\t\t\t<section class=\"elementor-section elementor-top-section elementor-element elementor-element-b6f1c1f elementor-section-boxed elementor-section-height-default elementor-section-height-default\" data-id=\"b6f1c1f\" data-element_type=\"section\">\n\t\t\t\t\t\t<div class=\"elementor-container elementor-column-gap-wide\">\n\t\t\t\t\t<div class=\"elementor-column elementor-col-50 elementor-top-column elementor-element elementor-element-59ea7dc\" data-id=\"59ea7dc\" data-element_type=\"column\">\n\t\t\t<div class=\"elementor-widget-wrap elementor-element-populated\">\n\t\t\t\t\t\t<div class=\"elementor-element elementor-element-7267e53 elementor-widget elementor-widget-image\" data-id=\"7267e53\" data-element_type=\"widget\" data-widget_type=\"image.default\">\n\t\t\t\t<div class=\"elementor-widget-container\">\n\t\t\t\t\t\t\t\t\t\t\t\t\t\t\t<img loading=\"lazy\" decoding=\"async\" width=\"800\" height=\"534\" src=\"https:\/\/easyfairsassets.com\/sites\/248\/2022\/10\/FMB2022_Messe22-1024x683.jpg\" class=\"attachment-large size-large wp-image-55637\" alt=\"\" srcset=\"https:\/\/easyfairsassets.com\/sites\/248\/2022\/10\/FMB2022_Messe22-1024x683.jpg 1024w, https:\/\/easyfairsassets.com\/sites\/248\/2022\/10\/FMB2022_Messe22-300x200.jpg 300w, https:\/\/easyfairsassets.com\/sites\/248\/2022\/10\/FMB2022_Messe22-768x512.jpg 768w, https:\/\/easyfairsassets.com\/sites\/248\/2022\/10\/FMB2022_Messe22.jpg 1200w\" sizes=\"(max-width: 800px) 100vw, 800px\" \/>\t\t\t\t\t\t\t\t\t\t\t\t\t\t\t<\/div>\n\t\t\t\t<\/div>\n\t\t\t\t\t<\/div>\n\t\t<\/div>\n\t\t\t\t<div class=\"elementor-column elementor-col-50 elementor-top-column elementor-element elementor-element-5d5172e\" data-id=\"5d5172e\" data-element_type=\"column\">\n\t\t\t<div class=\"elementor-widget-wrap elementor-element-populated\">\n\t\t\t\t\t\t<div class=\"elementor-element elementor-element-ec60698 elementor-widget elementor-widget-heading\" data-id=\"ec60698\" data-element_type=\"widget\" data-widget_type=\"heading.default\">\n\t\t\t\t<div class=\"elementor-widget-container\">\n\t\t\t\t\t<h3 class=\"elementor-heading-title elementor-size-default\">Blick nach vorn \u2013 in die digitale Produktion<\/h3>\t\t\t\t<\/div>\n\t\t\t\t<\/div>\n\t\t\t\t<div class=\"elementor-element elementor-element-d2586ac elementor-widget elementor-widget-text-editor\" data-id=\"d2586ac\" data-element_type=\"widget\" data-widget_type=\"text-editor.default\">\n\t\t\t\t<div class=\"elementor-widget-container\">\n\t\t\t\t\t\t\t\t\t<p>Unabh\u00e4ngig von allen dr\u00e4ngenden Lieferkettenproblemen haben Sie auf der FMB auch die Gelegenheit, weit nach vorn zu schauen \u2013 in die Zukunft des Maschinenbaus und der digitalen Produktion. Neue Ideen erhalten Sie an vielen Messest\u00e4nden, auf dem Gemeinschaftsstand von it\u00b4s OWL und bei den Vortr\u00e4gen am zweiten und dritten Messetag. Unser Tipp: Nutzen Sie diese Angebote, h\u00f6ren Sie sich um, sprechen Sie mit den zahlreichen Digitalisierungs-Experten auf der Messe! Es geht kaum einfacher, fachliche Informationen aus erster Hand zu erhalten, als auf der FMB.<\/p>\t\t\t\t\t\t\t\t<\/div>\n\t\t\t\t<\/div>\n\t\t\t\t\t<\/div>\n\t\t<\/div>\n\t\t\t\t\t<\/div>\n\t\t<\/section>\n\t\t\t\t<section class=\"elementor-section elementor-top-section elementor-element elementor-element-7871fd1 elementor-section-boxed elementor-section-height-default elementor-section-height-default\" data-id=\"7871fd1\" data-element_type=\"section\">\n\t\t\t\t\t\t<div class=\"elementor-container elementor-column-gap-wide\">\n\t\t\t\t\t<div class=\"elementor-column elementor-col-50 elementor-top-column elementor-element elementor-element-f0d3b61\" data-id=\"f0d3b61\" data-element_type=\"column\">\n\t\t\t<div class=\"elementor-widget-wrap elementor-element-populated\">\n\t\t\t\t\t\t<div class=\"elementor-element elementor-element-b088f27 elementor-widget elementor-widget-image\" data-id=\"b088f27\" data-element_type=\"widget\" data-widget_type=\"image.default\">\n\t\t\t\t<div class=\"elementor-widget-container\">\n\t\t\t\t\t\t\t\t\t\t\t\t\t\t\t<img loading=\"lazy\" decoding=\"async\" width=\"800\" height=\"534\" src=\"https:\/\/easyfairsassets.com\/sites\/248\/2022\/01\/FMB2022_PI01-1-1024x683.jpg\" class=\"attachment-large size-large wp-image-32966\" alt=\"\" srcset=\"https:\/\/easyfairsassets.com\/sites\/248\/2022\/01\/FMB2022_PI01-1-1024x683.jpg 1024w, https:\/\/easyfairsassets.com\/sites\/248\/2022\/01\/FMB2022_PI01-1-300x200.jpg 300w, https:\/\/easyfairsassets.com\/sites\/248\/2022\/01\/FMB2022_PI01-1-768x512.jpg 768w, https:\/\/easyfairsassets.com\/sites\/248\/2022\/01\/FMB2022_PI01-1-1536x1024.jpg 1536w, https:\/\/easyfairsassets.com\/sites\/248\/2022\/01\/FMB2022_PI01-1.jpg 1920w\" sizes=\"(max-width: 800px) 100vw, 800px\" \/>\t\t\t\t\t\t\t\t\t\t\t\t\t\t\t<\/div>\n\t\t\t\t<\/div>\n\t\t\t\t\t<\/div>\n\t\t<\/div>\n\t\t\t\t<div class=\"elementor-column elementor-col-50 elementor-top-column elementor-element elementor-element-ee04c55\" data-id=\"ee04c55\" data-element_type=\"column\">\n\t\t\t<div class=\"elementor-widget-wrap elementor-element-populated\">\n\t\t\t\t\t\t<div class=\"elementor-element elementor-element-1bd6c88 elementor-widget elementor-widget-heading\" data-id=\"1bd6c88\" data-element_type=\"widget\" data-widget_type=\"heading.default\">\n\t\t\t\t<div class=\"elementor-widget-container\">\n\t\t\t\t\t<h3 class=\"elementor-heading-title elementor-size-default\">Die FMB 2022 wird in den goldenen Oktober vorverlegt<\/h3>\t\t\t\t<\/div>\n\t\t\t\t<\/div>\n\t\t\t\t<div class=\"elementor-element elementor-element-2cf3d1b elementor-widget elementor-widget-text-editor\" data-id=\"2cf3d1b\" data-element_type=\"widget\" data-widget_type=\"text-editor.default\">\n\t\t\t\t<div class=\"elementor-widget-container\">\n\t\t\t\t\t\t\t\t\t<p>Die FMB 2022, urspr\u00fcnglich und wie jedes Jahr f\u00fcr die zweite Novemberwoche terminiert, wird um vier Wochen vorverlegt \u2013 auf den<strong> 12. bis 14. Oktober 2022<\/strong>. Grund daf\u00fcr ist die Vorverlegung der Messe SPS \u2013 smart production solutions auf eben den Termin, an dem die FMB geplant war.<\/p><p>Christian En\u00dfle, Portfolio Manager FMB der Easyfairs GmbH: \u201eEs gibt gro\u00dfe inhaltliche \u00dcberschneidungen zwischen der SPS als internationaler Leitmesse und der FMB als Leistungsschau f\u00fcr die Nordh\u00e4lfte Deutschlands \u2013 insbesondere in den Bereichen Elektro- und Steuerungstechnik, Antriebstechnik und Automatisierungstechnik. Das sind die Kernbereiche der SPS und etwa ein Drittel der FMB-Aussteller ist direkt oder indirekt in diesen Technikfeldern t\u00e4tig. Viele namhafte Anbieter stellen auf beiden Messen aus, und das m\u00f6chten wir ihnen auch in diesem Jahr erm\u00f6glichen \u2013 nicht zuletzt, weil Weltmarktf\u00fchrer der Automatisierungs- und Steuerungstechnik hier in OWL zuhause sind und die Messe dank des Spitzenclusters it\u00b4s OWL auch einen Blick in die Zukunft der Digitalisierung bieten kann.\u201c<\/p><p>Lesen Sie mehr dazu: <a href=\"https:\/\/www.fmb-messe.de\/wp-content\/uploads\/sites\/248\/2022\/01\/FMB2022_PI01-DE.pdf\">Zur Pressemeldung<\/a><\/p>\t\t\t\t\t\t\t\t<\/div>\n\t\t\t\t<\/div>\n\t\t\t\t\t<\/div>\n\t\t<\/div>\n\t\t\t\t\t<\/div>\n\t\t<\/section>\n\t\t\t\t<section class=\"elementor-section elementor-top-section elementor-element elementor-element-3fb8734 elementor-section-boxed elementor-section-height-default elementor-section-height-default\" data-id=\"3fb8734\" data-element_type=\"section\">\n\t\t\t\t\t\t<div class=\"elementor-container elementor-column-gap-wide\">\n\t\t\t\t\t<div class=\"elementor-column elementor-col-50 elementor-top-column elementor-element elementor-element-6597ca0\" data-id=\"6597ca0\" data-element_type=\"column\">\n\t\t\t<div class=\"elementor-widget-wrap elementor-element-populated\">\n\t\t\t\t\t\t<div class=\"elementor-element elementor-element-6350f47 elementor-widget elementor-widget-image\" data-id=\"6350f47\" data-element_type=\"widget\" data-widget_type=\"image.default\">\n\t\t\t\t<div class=\"elementor-widget-container\">\n\t\t\t\t\t\t\t\t\t\t\t\t\t\t\t<img loading=\"lazy\" decoding=\"async\" width=\"800\" height=\"530\" src=\"https:\/\/easyfairsassets.com\/sites\/248\/2021\/11\/FMB2021_Abschluss-PI-1024x679.jpg\" class=\"attachment-large size-large wp-image-32181\" alt=\"\" srcset=\"https:\/\/easyfairsassets.com\/sites\/248\/2021\/11\/FMB2021_Abschluss-PI-1024x679.jpg 1024w, https:\/\/easyfairsassets.com\/sites\/248\/2021\/11\/FMB2021_Abschluss-PI-300x199.jpg 300w, https:\/\/easyfairsassets.com\/sites\/248\/2021\/11\/FMB2021_Abschluss-PI-768x509.jpg 768w, https:\/\/easyfairsassets.com\/sites\/248\/2021\/11\/FMB2021_Abschluss-PI.jpg 1200w\" sizes=\"(max-width: 800px) 100vw, 800px\" \/>\t\t\t\t\t\t\t\t\t\t\t\t\t\t\t<\/div>\n\t\t\t\t<\/div>\n\t\t\t\t\t<\/div>\n\t\t<\/div>\n\t\t\t\t<div class=\"elementor-column elementor-col-50 elementor-top-column elementor-element elementor-element-54cd2ea\" data-id=\"54cd2ea\" data-element_type=\"column\">\n\t\t\t<div class=\"elementor-widget-wrap elementor-element-populated\">\n\t\t\t\t\t\t<div class=\"elementor-element elementor-element-3042940 elementor-widget elementor-widget-heading\" data-id=\"3042940\" data-element_type=\"widget\" data-widget_type=\"heading.default\">\n\t\t\t\t<div class=\"elementor-widget-container\">\n\t\t\t\t\t<h3 class=\"elementor-heading-title elementor-size-default\">FMB 2021: Mehr Besucher als erwartet!<\/h3>\t\t\t\t<\/div>\n\t\t\t\t<\/div>\n\t\t\t\t<div class=\"elementor-element elementor-element-0abd64d elementor-widget elementor-widget-text-editor\" data-id=\"0abd64d\" data-element_type=\"widget\" data-widget_type=\"text-editor.default\">\n\t\t\t\t<div class=\"elementor-widget-container\">\n\t\t\t\t\t\t\t\t\t<p>Nach dem Abschluss der FMB \u2013 Zuliefermesse Maschinenbau kann ein rundum positives Fazit gezogen werden. Christian En\u00dfle, Head of Cluster FMB: \u201eIn den Wochen vor der Messe haben sich noch viele Aussteller relativ spontan f\u00fcr eine Teilnahme entschieden. Es gab dann zwar wenige sehr kurzfristige Absagen, aber im Ergebnis sind wir mit 416 Ausstellern auf 328 St\u00e4nden mehr als zufrieden.\u201d<\/p><p>Auf der Besucherseite ist das Bild \u00e4hnlich: \u201eAuch hier gab es sehr viel mehr kurzfristige Registrierungen. Viele Besucher haben sich erst am Tag zuvor angemeldet \u2013 unter den gegebenen Bedingungen konnten wir mit 3.328 Fachbesuchern ein sehr zufriedenstellendes Ergebnis verzeichnen.\u201c<\/p><p>Lesen Sie mehr dazu: <a href=\"https:\/\/www.fmb-messe.de\/wp-content\/uploads\/sites\/248\/2021\/11\/FMB2021_Abschluss-PI_DE.pdf\">Zur Pressemeldung<\/a><\/p>\t\t\t\t\t\t\t\t<\/div>\n\t\t\t\t<\/div>\n\t\t\t\t\t<\/div>\n\t\t<\/div>\n\t\t\t\t\t<\/div>\n\t\t<\/section>\n\t\t\t\t<section class=\"elementor-section elementor-top-section elementor-element elementor-element-15ac388 elementor-section-boxed elementor-section-height-default elementor-section-height-default\" data-id=\"15ac388\" data-element_type=\"section\">\n\t\t\t\t\t\t<div class=\"elementor-container elementor-column-gap-wide\">\n\t\t\t\t\t<div class=\"elementor-column elementor-col-50 elementor-top-column elementor-element elementor-element-0d22319\" data-id=\"0d22319\" data-element_type=\"column\">\n\t\t\t<div class=\"elementor-widget-wrap elementor-element-populated\">\n\t\t\t\t\t\t<div class=\"elementor-element elementor-element-0efe542 elementor-widget elementor-widget-image\" data-id=\"0efe542\" data-element_type=\"widget\" data-widget_type=\"image.default\">\n\t\t\t\t<div class=\"elementor-widget-container\">\n\t\t\t\t\t\t\t\t\t\t\t\t\t\t\t<img loading=\"lazy\" decoding=\"async\" width=\"800\" height=\"533\" src=\"https:\/\/easyfairsassets.com\/sites\/248\/2021\/10\/9N0A3827-1024x682.jpg\" class=\"attachment-large size-large wp-image-29345\" alt=\"\" srcset=\"https:\/\/easyfairsassets.com\/sites\/248\/2021\/10\/9N0A3827-1024x682.jpg 1024w, https:\/\/easyfairsassets.com\/sites\/248\/2021\/10\/9N0A3827-300x200.jpg 300w, https:\/\/easyfairsassets.com\/sites\/248\/2021\/10\/9N0A3827-768x512.jpg 768w, https:\/\/easyfairsassets.com\/sites\/248\/2021\/10\/9N0A3827-1536x1024.jpg 1536w, https:\/\/easyfairsassets.com\/sites\/248\/2021\/10\/9N0A3827.jpg 1772w\" sizes=\"(max-width: 800px) 100vw, 800px\" \/>\t\t\t\t\t\t\t\t\t\t\t\t\t\t\t<\/div>\n\t\t\t\t<\/div>\n\t\t\t\t\t<\/div>\n\t\t<\/div>\n\t\t\t\t<div class=\"elementor-column elementor-col-50 elementor-top-column elementor-element elementor-element-8d99a11\" data-id=\"8d99a11\" data-element_type=\"column\">\n\t\t\t<div class=\"elementor-widget-wrap elementor-element-populated\">\n\t\t\t\t\t\t<div class=\"elementor-element elementor-element-c3ed3c8 elementor-widget elementor-widget-heading\" data-id=\"c3ed3c8\" data-element_type=\"widget\" data-widget_type=\"heading.default\">\n\t\t\t\t<div class=\"elementor-widget-container\">\n\t\t\t\t\t<h3 class=\"elementor-heading-title elementor-size-default\">Das Vortragsprogramm steht!<\/h3>\t\t\t\t<\/div>\n\t\t\t\t<\/div>\n\t\t\t\t<div class=\"elementor-element elementor-element-9bd9f5a elementor-widget elementor-widget-text-editor\" data-id=\"9bd9f5a\" data-element_type=\"widget\" data-widget_type=\"text-editor.default\">\n\t\t\t\t<div class=\"elementor-widget-container\">\n\t\t\t\t\t\t\t\t\t<p>Freuen Sie sich auf ein spannendes Vortragsprogramm an allen drei Messetagen. Am ersten Messetag erwartet Sie das Thema &#8222;Oberfl\u00e4chentechnik: Neue Funktionen, Verfahren und Effekte&#8220; und wird moderiert vom Fraunhofer-Institut f\u00fcr Produktionstechnik und Automatisierung IPA. Der zweite Tag verspricht kein weniger interessantes Thema: &#8222;Digitalisierung in der Produktion: Die n\u00e4chsten Schritte&#8220;. Dieser Tag wird von unserem Kompetenzpartner OWL Maschinenbau moderiert. Am Freitag geht es wieder rund um das Thema Industrie 4.0. It&#8217;s OWL \u00fcbernimmt die B\u00fchne und l\u00e4sst in die Zulunft blicken.<\/p><p>Erfahren Sie mehr \u00fcber das gesamte Programm und die genauen Zeiten:<br \/><a href=\"https:\/\/www.fmb-messe.de\/de\/vortragsprogramm\/\">Zum Vortragsprogramm<\/a><\/p>\t\t\t\t\t\t\t\t<\/div>\n\t\t\t\t<\/div>\n\t\t\t\t\t<\/div>\n\t\t<\/div>\n\t\t\t\t\t<\/div>\n\t\t<\/section>\n\t\t\t\t<section class=\"elementor-section elementor-top-section elementor-element elementor-element-54be443 elementor-section-boxed elementor-section-height-default elementor-section-height-default\" data-id=\"54be443\" data-element_type=\"section\">\n\t\t\t\t\t\t<div class=\"elementor-container elementor-column-gap-default\">\n\t\t\t\t\t<div class=\"elementor-column elementor-col-100 elementor-top-column elementor-element elementor-element-d1a142d\" data-id=\"d1a142d\" data-element_type=\"column\">\n\t\t\t<div class=\"elementor-widget-wrap elementor-element-populated\">\n\t\t\t\t\t\t<div class=\"elementor-element elementor-element-7952fbf elementor-widget elementor-widget-spacer\" data-id=\"7952fbf\" data-element_type=\"widget\" data-widget_type=\"spacer.default\">\n\t\t\t\t<div class=\"elementor-widget-container\">\n\t\t\t\t\t\t\t<div class=\"elementor-spacer\">\n\t\t\t<div class=\"elementor-spacer-inner\"><\/div>\n\t\t<\/div>\n\t\t\t\t\t\t<\/div>\n\t\t\t\t<\/div>\n\t\t\t\t\t<\/div>\n\t\t<\/div>\n\t\t\t\t\t<\/div>\n\t\t<\/section>\n\t\t\t\t<section class=\"elementor-section elementor-top-section elementor-element elementor-element-8709479 elementor-section-boxed elementor-section-height-default elementor-section-height-default\" data-id=\"8709479\" data-element_type=\"section\">\n\t\t\t\t\t\t<div class=\"elementor-container elementor-column-gap-wide\">\n\t\t\t\t\t<div class=\"elementor-column elementor-col-50 elementor-top-column elementor-element elementor-element-17eaa38\" data-id=\"17eaa38\" data-element_type=\"column\">\n\t\t\t<div class=\"elementor-widget-wrap elementor-element-populated\">\n\t\t\t\t\t\t<div class=\"elementor-element elementor-element-47a435a elementor-widget elementor-widget-image\" data-id=\"47a435a\" data-element_type=\"widget\" data-widget_type=\"image.default\">\n\t\t\t\t<div class=\"elementor-widget-container\">\n\t\t\t\t\t\t\t\t\t\t\t\t\t\t\t<img loading=\"lazy\" decoding=\"async\" width=\"800\" height=\"533\" src=\"https:\/\/easyfairsassets.com\/sites\/248\/2021\/01\/FMB2019_6.11-99_72-1024x682.jpg\" class=\"attachment-large size-large wp-image-13224\" alt=\"\" srcset=\"https:\/\/easyfairsassets.com\/sites\/248\/2021\/01\/FMB2019_6.11-99_72-1024x682.jpg 1024w, https:\/\/easyfairsassets.com\/sites\/248\/2021\/01\/FMB2019_6.11-99_72-300x200.jpg 300w, https:\/\/easyfairsassets.com\/sites\/248\/2021\/01\/FMB2019_6.11-99_72-768x512.jpg 768w, https:\/\/easyfairsassets.com\/sites\/248\/2021\/01\/FMB2019_6.11-99_72.jpg 1210w\" sizes=\"(max-width: 800px) 100vw, 800px\" \/>\t\t\t\t\t\t\t\t\t\t\t\t\t\t\t<\/div>\n\t\t\t\t<\/div>\n\t\t\t\t\t<\/div>\n\t\t<\/div>\n\t\t\t\t<div class=\"elementor-column elementor-col-50 elementor-top-column elementor-element elementor-element-6305dc6\" data-id=\"6305dc6\" data-element_type=\"column\">\n\t\t\t<div class=\"elementor-widget-wrap elementor-element-populated\">\n\t\t\t\t\t\t<div class=\"elementor-element elementor-element-f8e55bb elementor-widget elementor-widget-heading\" data-id=\"f8e55bb\" data-element_type=\"widget\" data-widget_type=\"heading.default\">\n\t\t\t\t<div class=\"elementor-widget-container\">\n\t\t\t\t\t<h3 class=\"elementor-heading-title elementor-size-default\">B2B Matchmaking auf der FMB 2021<\/h3>\t\t\t\t<\/div>\n\t\t\t\t<\/div>\n\t\t\t\t<div class=\"elementor-element elementor-element-05b5a73 elementor-widget elementor-widget-text-editor\" data-id=\"05b5a73\" data-element_type=\"widget\" data-widget_type=\"text-editor.default\">\n\t\t\t\t<div class=\"elementor-widget-container\">\n\t\t\t\t\t\t\t\t\t<p>Der direkte Austausch zwischen Maschinenbauern und ihren Zulieferern fehlt mittlerweile schmerzlich auf beiden Seiten. Auf der FMB 2021 soll es endlich wieder m\u00f6glich sein.<\/p><p>Zum diesj\u00e4hrigen Konzept z\u00e4hlt erneut das \u201eB2B Matchmaking\u201c, das bereits vor der Messe m\u00f6glich sein wird: Aussteller und Besucher k\u00f6nnen sich im Vorfeld der Messe zu einem Gespr\u00e4ch verabreden und somit ihre Kontakte auf der Messe reduzieren.<\/p><p>F\u00fcr diese effiziente Art der Kontaktanbahnung konnten starke Partner gewonnen werden. Die im Mittelstandsgesch\u00e4ft sehr aktive und gut vernetzte NRW.Bank ist dabei, ebenso das Zentrum f\u00fcr Innovation und Technik in NRW (ZENIT GmbH). Als lokal verankertes Bindeglied zur Region OWL beteiligt sich auch die Kreiswirtschaftsf\u00f6rderung Lippe an der Organisation des B2B Matchmaking.se<\/p><p>Mehr Infos erhalten Sie hier: <a href=\"https:\/\/www.fmb-messe.de\/de\/b2b-matchmaking\/\">B2B Matchmaking<\/a><\/p>\t\t\t\t\t\t\t\t<\/div>\n\t\t\t\t<\/div>\n\t\t\t\t\t<\/div>\n\t\t<\/div>\n\t\t\t\t\t<\/div>\n\t\t<\/section>\n\t\t\t\t<section class=\"elementor-section elementor-top-section elementor-element elementor-element-965f54d elementor-section-boxed elementor-section-height-default elementor-section-height-default\" data-id=\"965f54d\" data-element_type=\"section\">\n\t\t\t\t\t\t<div class=\"elementor-container elementor-column-gap-wide\">\n\t\t\t\t\t<div class=\"elementor-column elementor-col-50 elementor-top-column elementor-element elementor-element-f825b2c\" data-id=\"f825b2c\" data-element_type=\"column\">\n\t\t\t<div class=\"elementor-widget-wrap elementor-element-populated\">\n\t\t\t\t\t\t<div class=\"elementor-element elementor-element-18de82e elementor-widget elementor-widget-image\" data-id=\"18de82e\" data-element_type=\"widget\" data-widget_type=\"image.default\">\n\t\t\t\t<div class=\"elementor-widget-container\">\n\t\t\t\t\t\t\t\t\t\t\t\t\t\t\t<img loading=\"lazy\" decoding=\"async\" width=\"800\" height=\"495\" src=\"https:\/\/easyfairsassets.com\/sites\/248\/2020\/10\/FMB2020-verschoben.jpg\" class=\"attachment-large size-large wp-image-12654\" alt=\"\" srcset=\"https:\/\/easyfairsassets.com\/sites\/248\/2020\/10\/FMB2020-verschoben.jpg 1005w, https:\/\/easyfairsassets.com\/sites\/248\/2020\/10\/FMB2020-verschoben-300x186.jpg 300w, https:\/\/easyfairsassets.com\/sites\/248\/2020\/10\/FMB2020-verschoben-768x475.jpg 768w\" sizes=\"(max-width: 800px) 100vw, 800px\" \/>\t\t\t\t\t\t\t\t\t\t\t\t\t\t\t<\/div>\n\t\t\t\t<\/div>\n\t\t\t\t\t<\/div>\n\t\t<\/div>\n\t\t\t\t<div class=\"elementor-column elementor-col-50 elementor-top-column elementor-element elementor-element-614b990\" data-id=\"614b990\" data-element_type=\"column\">\n\t\t\t<div class=\"elementor-widget-wrap elementor-element-populated\">\n\t\t\t\t\t\t<div class=\"elementor-element elementor-element-bfb4d18 elementor-widget elementor-widget-heading\" data-id=\"bfb4d18\" data-element_type=\"widget\" data-widget_type=\"heading.default\">\n\t\t\t\t<div class=\"elementor-widget-container\">\n\t\t\t\t\t<h3 class=\"elementor-heading-title elementor-size-default\">FMB VERSCHOBEN: 10.\u201312.11.2021<\/h3>\t\t\t\t<\/div>\n\t\t\t\t<\/div>\n\t\t\t\t<div class=\"elementor-element elementor-element-33e0a5d elementor-widget elementor-widget-text-editor\" data-id=\"33e0a5d\" data-element_type=\"widget\" data-widget_type=\"text-editor.default\">\n\t\t\t\t<div class=\"elementor-widget-container\">\n\t\t\t\t\t\t\t\t\t<p>Bis in den Oktober hinein waren wir optimistisch, eine ebenso erfolgreiche und informative wie sichere Messe veranstalten zu k\u00f6nnen. Mehr als 300 Aussteller freuten sich auf einen Neubeginn der Messe-Aktivit\u00e4ten, die Besucheranmeldungen entwickelten sich erfreulich. Mit dem starken Anstieg der Infektionszahlen vor drei Wochen wandelte sich das Bild dramatisch. Wir haben rechtzeitig gehandelt und unseren Ausstellern angeboten, ihre Buchung auf die FMB 2021 zu \u00fcbertragen. Die gute Nachricht: Nahezu alle haben dieses Angebot angenommen, es gibt daher bereits jetzt eine sehr starke Ausstellerbasis f\u00fcr die FMB 2021. Best\u00e4tigt wurde dieses Vorgehen durch den jetzt verh\u00e4ngten Lockdown f\u00fcr die Messewirtschaft.<\/p><p><strong>Die n\u00e4chste FMB wird vom 10. \u2013 12. November 2021 in bekannter Form stattfinden, erg\u00e4nzt um neue hybride Formate.<\/strong><\/p>\t\t\t\t\t\t\t\t<\/div>\n\t\t\t\t<\/div>\n\t\t\t\t\t<\/div>\n\t\t<\/div>\n\t\t\t\t\t<\/div>\n\t\t<\/section>\n\t\t\t\t<section class=\"elementor-section elementor-top-section elementor-element elementor-element-e5aa00a elementor-section-boxed elementor-section-height-default elementor-section-height-default\" data-id=\"e5aa00a\" data-element_type=\"section\">\n\t\t\t\t\t\t<div class=\"elementor-container elementor-column-gap-default\">\n\t\t\t\t\t<div class=\"elementor-column elementor-col-100 elementor-top-column elementor-element elementor-element-7457a84\" data-id=\"7457a84\" data-element_type=\"column\">\n\t\t\t<div class=\"elementor-widget-wrap elementor-element-populated\">\n\t\t\t\t\t\t<div class=\"elementor-element elementor-element-a0dbea6 elementor-widget elementor-widget-spacer\" data-id=\"a0dbea6\" data-element_type=\"widget\" data-widget_type=\"spacer.default\">\n\t\t\t\t<div class=\"elementor-widget-container\">\n\t\t\t\t\t\t\t<div class=\"elementor-spacer\">\n\t\t\t<div class=\"elementor-spacer-inner\"><\/div>\n\t\t<\/div>\n\t\t\t\t\t\t<\/div>\n\t\t\t\t<\/div>\n\t\t\t\t\t<\/div>\n\t\t<\/div>\n\t\t\t\t\t<\/div>\n\t\t<\/section>\n\t\t\t\t<section class=\"elementor-section elementor-top-section elementor-element elementor-element-6a53ea7 elementor-section-boxed elementor-section-height-default elementor-section-height-default\" data-id=\"6a53ea7\" data-element_type=\"section\">\n\t\t\t\t\t\t<div class=\"elementor-container elementor-column-gap-wide\">\n\t\t\t\t\t<div class=\"elementor-column elementor-col-50 elementor-top-column elementor-element elementor-element-5cd84d9\" data-id=\"5cd84d9\" data-element_type=\"column\">\n\t\t\t<div class=\"elementor-widget-wrap elementor-element-populated\">\n\t\t\t\t\t\t<div class=\"elementor-element elementor-element-44d202e elementor-widget elementor-widget-image\" data-id=\"44d202e\" data-element_type=\"widget\" data-widget_type=\"image.default\">\n\t\t\t\t<div class=\"elementor-widget-container\">\n\t\t\t\t\t\t\t\t\t\t\t\t\t\t\t<img loading=\"lazy\" decoding=\"async\" width=\"800\" height=\"534\" src=\"https:\/\/easyfairsassets.com\/sites\/248\/2020\/07\/FMB2019_7.11-37-1-1024x683.jpg\" class=\"attachment-large size-large wp-image-5551\" alt=\"\" srcset=\"https:\/\/easyfairsassets.com\/sites\/248\/2020\/07\/FMB2019_7.11-37-1-1024x683.jpg 1024w, https:\/\/easyfairsassets.com\/sites\/248\/2020\/07\/FMB2019_7.11-37-1-300x200.jpg 300w, https:\/\/easyfairsassets.com\/sites\/248\/2020\/07\/FMB2019_7.11-37-1-768x512.jpg 768w, https:\/\/easyfairsassets.com\/sites\/248\/2020\/07\/FMB2019_7.11-37-1.jpg 1200w\" sizes=\"(max-width: 800px) 100vw, 800px\" \/>\t\t\t\t\t\t\t\t\t\t\t\t\t\t\t<\/div>\n\t\t\t\t<\/div>\n\t\t\t\t\t<\/div>\n\t\t<\/div>\n\t\t\t\t<div class=\"elementor-column elementor-col-50 elementor-top-column elementor-element elementor-element-1d94460\" data-id=\"1d94460\" data-element_type=\"column\">\n\t\t\t<div class=\"elementor-widget-wrap elementor-element-populated\">\n\t\t\t\t\t\t<div class=\"elementor-element elementor-element-ff09c94 elementor-widget elementor-widget-heading\" data-id=\"ff09c94\" data-element_type=\"widget\" data-widget_type=\"heading.default\">\n\t\t\t\t<div class=\"elementor-widget-container\">\n\t\t\t\t\t<h3 class=\"elementor-heading-title elementor-size-default\">Neuer Schwerpunkt: Oberfl\u00e4chentechnik<\/h3>\t\t\t\t<\/div>\n\t\t\t\t<\/div>\n\t\t\t\t<div class=\"elementor-element elementor-element-88286ed elementor-widget elementor-widget-text-editor\" data-id=\"88286ed\" data-element_type=\"widget\" data-widget_type=\"text-editor.default\">\n\t\t\t\t<div class=\"elementor-widget-container\">\n\t\t\t\t\t\t\t\t\t<p>Seien Sie gespannt auf einen neuen Messeschwerpunkt: In diesem Jahr wird die FMB erstmals die Trends der Oberfl\u00e4chentechnik zeigen. Als Aussteller sind sowohl Anlagenbauer als auch leistungsf\u00e4hige Dienstleister z.B. f\u00fcr die Aufgabenfelder Strahlen, Galvanisieren, Pulverbeschichten und Lackieren und Teilereinigung angesprochen. Rund 20 FMB-Aussteller sind in diesem Bereich t\u00e4tig. In K\u00fcrze werden Sie diesen interessanten und innovativen Bereich der Zulieferindustrie auch im Online-Katalog der FMB finden.<\/p>\t\t\t\t\t\t\t\t<\/div>\n\t\t\t\t<\/div>\n\t\t\t\t\t<\/div>\n\t\t<\/div>\n\t\t\t\t\t<\/div>\n\t\t<\/section>\n\t\t\t\t<section class=\"elementor-section elementor-top-section elementor-element elementor-element-89b00e3 elementor-section-boxed elementor-section-height-default elementor-section-height-default\" data-id=\"89b00e3\" data-element_type=\"section\">\n\t\t\t\t\t\t<div class=\"elementor-container elementor-column-gap-default\">\n\t\t\t\t\t<div class=\"elementor-column elementor-col-100 elementor-top-column elementor-element elementor-element-7b90ebd\" data-id=\"7b90ebd\" data-element_type=\"column\">\n\t\t\t<div class=\"elementor-widget-wrap elementor-element-populated\">\n\t\t\t\t\t\t<div class=\"elementor-element elementor-element-f7e23e0 elementor-widget elementor-widget-spacer\" data-id=\"f7e23e0\" data-element_type=\"widget\" data-widget_type=\"spacer.default\">\n\t\t\t\t<div class=\"elementor-widget-container\">\n\t\t\t\t\t\t\t<div class=\"elementor-spacer\">\n\t\t\t<div class=\"elementor-spacer-inner\"><\/div>\n\t\t<\/div>\n\t\t\t\t\t\t<\/div>\n\t\t\t\t<\/div>\n\t\t\t\t\t<\/div>\n\t\t<\/div>\n\t\t\t\t\t<\/div>\n\t\t<\/section>\n\t\t\t\t<section class=\"elementor-section elementor-top-section elementor-element elementor-element-15c8330 elementor-section-boxed elementor-section-height-default elementor-section-height-default\" data-id=\"15c8330\" data-element_type=\"section\">\n\t\t\t\t\t\t<div class=\"elementor-container elementor-column-gap-wide\">\n\t\t\t\t\t<div class=\"elementor-column elementor-col-50 elementor-top-column elementor-element elementor-element-d0380fc\" data-id=\"d0380fc\" data-element_type=\"column\">\n\t\t\t<div class=\"elementor-widget-wrap elementor-element-populated\">\n\t\t\t\t\t\t<div class=\"elementor-element elementor-element-6b4d375 elementor-widget elementor-widget-image\" data-id=\"6b4d375\" data-element_type=\"widget\" data-widget_type=\"image.default\">\n\t\t\t\t<div class=\"elementor-widget-container\">\n\t\t\t\t\t\t\t\t\t\t\t\t\t\t\t<img loading=\"lazy\" decoding=\"async\" width=\"800\" height=\"534\" src=\"https:\/\/easyfairsassets.com\/sites\/248\/2020\/05\/Touch_Collect-1024x683.jpg\" class=\"attachment-large size-large wp-image-862\" alt=\"\" srcset=\"https:\/\/easyfairsassets.com\/sites\/248\/2020\/05\/Touch_Collect-1024x683.jpg 1024w, https:\/\/easyfairsassets.com\/sites\/248\/2020\/05\/Touch_Collect-300x200.jpg 300w, https:\/\/easyfairsassets.com\/sites\/248\/2020\/05\/Touch_Collect-768x512.jpg 768w, https:\/\/easyfairsassets.com\/sites\/248\/2020\/05\/Touch_Collect-1536x1024.jpg 1536w, https:\/\/easyfairsassets.com\/sites\/248\/2020\/05\/Touch_Collect.jpg 1920w\" sizes=\"(max-width: 800px) 100vw, 800px\" \/>\t\t\t\t\t\t\t\t\t\t\t\t\t\t\t<\/div>\n\t\t\t\t<\/div>\n\t\t\t\t\t<\/div>\n\t\t<\/div>\n\t\t\t\t<div class=\"elementor-column elementor-col-50 elementor-top-column elementor-element elementor-element-0e1e2d6\" data-id=\"0e1e2d6\" data-element_type=\"column\">\n\t\t\t<div class=\"elementor-widget-wrap elementor-element-populated\">\n\t\t\t\t\t\t<div class=\"elementor-element elementor-element-cb0e6b5 elementor-widget elementor-widget-heading\" data-id=\"cb0e6b5\" data-element_type=\"widget\" data-widget_type=\"heading.default\">\n\t\t\t\t<div class=\"elementor-widget-container\">\n\t\t\t\t\t<h3 class=\"elementor-heading-title elementor-size-default\">Neu auf der FMB: das Smart Badge<\/h3>\t\t\t\t<\/div>\n\t\t\t\t<\/div>\n\t\t\t\t<div class=\"elementor-element elementor-element-6f8a415 elementor-widget elementor-widget-text-editor\" data-id=\"6f8a415\" data-element_type=\"widget\" data-widget_type=\"text-editor.default\">\n\t\t\t\t<div class=\"elementor-widget-container\">\n\t\t\t\t\t\t\t\t\t<div class=\"ce-bodytext\"><p>Dank neuster Smart-Badge-Technologie erhalten Sie bei Einlass der Messe einen intelligenten Besucherausweis. Dieser erm\u00f6glicht Besuchern und Ausstellern via TOUCH &amp; COLLECT Kontaktdaten und Informationen digital auszutauschen. Ihr Ausweis ist Ihre virtuelle Tragetasche w\u00e4hrend des Messebesuchs. Schluss mit schweren Katalogen! Sammeln Sie Informationen von Ausstellern einfach und digital. Wie funktioniert das? Erfahren Sie <a href=\"https:\/\/www.fmb-messe.de\/de\/smart-badge-bes\/\">hier<\/a> alles \u00fcber den neuen Besucherausweis.<\/p><\/div>\t\t\t\t\t\t\t\t<\/div>\n\t\t\t\t<\/div>\n\t\t\t\t\t<\/div>\n\t\t<\/div>\n\t\t\t\t\t<\/div>\n\t\t<\/section>\n\t\t\t\t<section class=\"elementor-section elementor-top-section elementor-element elementor-element-ed4dd83 elementor-section-boxed elementor-section-height-default elementor-section-height-default\" data-id=\"ed4dd83\" data-element_type=\"section\">\n\t\t\t\t\t\t<div class=\"elementor-container elementor-column-gap-default\">\n\t\t\t\t\t<div class=\"elementor-column elementor-col-100 elementor-top-column elementor-element elementor-element-afc441b\" data-id=\"afc441b\" data-element_type=\"column\">\n\t\t\t<div class=\"elementor-widget-wrap elementor-element-populated\">\n\t\t\t\t\t\t<div class=\"elementor-element elementor-element-10d74aa elementor-widget elementor-widget-spacer\" data-id=\"10d74aa\" data-element_type=\"widget\" data-widget_type=\"spacer.default\">\n\t\t\t\t<div class=\"elementor-widget-container\">\n\t\t\t\t\t\t\t<div class=\"elementor-spacer\">\n\t\t\t<div class=\"elementor-spacer-inner\"><\/div>\n\t\t<\/div>\n\t\t\t\t\t\t<\/div>\n\t\t\t\t<\/div>\n\t\t\t\t\t<\/div>\n\t\t<\/div>\n\t\t\t\t\t<\/div>\n\t\t<\/section>\n\t\t\t\t<section class=\"elementor-section elementor-top-section elementor-element elementor-element-142c129 elementor-section-boxed elementor-section-height-default elementor-section-height-default\" data-id=\"142c129\" data-element_type=\"section\">\n\t\t\t\t\t\t<div class=\"elementor-container elementor-column-gap-wide\">\n\t\t\t\t\t<div class=\"elementor-column elementor-col-50 elementor-top-column elementor-element elementor-element-943bd19\" data-id=\"943bd19\" data-element_type=\"column\">\n\t\t\t<div class=\"elementor-widget-wrap elementor-element-populated\">\n\t\t\t\t\t\t<div class=\"elementor-element elementor-element-45b4e98 elementor-widget elementor-widget-image\" data-id=\"45b4e98\" data-element_type=\"widget\" data-widget_type=\"image.default\">\n\t\t\t\t<div class=\"elementor-widget-container\">\n\t\t\t\t\t\t\t\t\t\t\t\t\t\t\t<img loading=\"lazy\" decoding=\"async\" width=\"800\" height=\"569\" src=\"https:\/\/easyfairsassets.com\/sites\/248\/2020\/05\/FMB_S\u00fcd_igus-1.jpg\" class=\"attachment-large size-large wp-image-1046\" alt=\"\" srcset=\"https:\/\/easyfairsassets.com\/sites\/248\/2020\/05\/FMB_S\u00fcd_igus-1.jpg 1024w, https:\/\/easyfairsassets.com\/sites\/248\/2020\/05\/FMB_S\u00fcd_igus-1-300x213.jpg 300w, https:\/\/easyfairsassets.com\/sites\/248\/2020\/05\/FMB_S\u00fcd_igus-1-768x546.jpg 768w\" sizes=\"(max-width: 800px) 100vw, 800px\" \/>\t\t\t\t\t\t\t\t\t\t\t\t\t\t\t<\/div>\n\t\t\t\t<\/div>\n\t\t\t\t\t<\/div>\n\t\t<\/div>\n\t\t\t\t<div class=\"elementor-column elementor-col-50 elementor-top-column elementor-element elementor-element-b63a30c\" data-id=\"b63a30c\" data-element_type=\"column\">\n\t\t\t<div class=\"elementor-widget-wrap elementor-element-populated\">\n\t\t\t\t\t\t<div class=\"elementor-element elementor-element-23e987a elementor-widget elementor-widget-heading\" data-id=\"23e987a\" data-element_type=\"widget\" data-widget_type=\"heading.default\">\n\t\t\t\t<div class=\"elementor-widget-container\">\n\t\t\t\t\t<h3 class=\"elementor-heading-title elementor-size-default\">Igus vergr\u00f6\u00dfert Fl\u00e4che auf der FMB 2020<\/h3>\t\t\t\t<\/div>\n\t\t\t\t<\/div>\n\t\t\t\t<div class=\"elementor-element elementor-element-780d29d elementor-widget elementor-widget-text-editor\" data-id=\"780d29d\" data-element_type=\"widget\" data-widget_type=\"text-editor.default\">\n\t\t\t\t<div class=\"elementor-widget-container\">\n\t\t\t\t\t\t\t\t\t<div class=\"ce-bodytext\"><p>Bei igus als regelm\u00e4\u00dfigem Aussteller ist die FMB 2020 nicht nur \u201cgesetzt\u201d, sondern der Messe kommt angesichts der allgemeinen Situation eine wichtigere Rolle zu. Michael Bla\u00df, Leiter des Unternehmensbe-reichs e-kettensysteme: \u201eWir sind als Aussteller immer wieder gerne auf der FMB und haben in diesem Jahr die Ausstellungsfl\u00e4che weiter erh\u00f6ht. Denn hier k\u00f6nnen wir im nordwestdeutschen Raum Gespr\u00e4che mit Kunden f\u00fchren, vor allem in einer Zeit, in der viele gro\u00dfe \u00fcberregionale Messen nicht stattfinden.\u201c\u00a0 Bei igus werden in diesem Jahr \u00fcber 100 \u201emotion plastics\u201c-Neuheiten sein, die in Bad Salzuflen vorgestellt werden. Sie tragen dazu bei, die Technik der Anwender zu verbessern und Kosten zu reduzieren.<\/p><\/div>\t\t\t\t\t\t\t\t<\/div>\n\t\t\t\t<\/div>\n\t\t\t\t\t<\/div>\n\t\t<\/div>\n\t\t\t\t\t<\/div>\n\t\t<\/section>\n\t\t\t\t<section class=\"elementor-section elementor-top-section elementor-element elementor-element-11de019 elementor-section-boxed elementor-section-height-default elementor-section-height-default\" data-id=\"11de019\" data-element_type=\"section\">\n\t\t\t\t\t\t<div class=\"elementor-container elementor-column-gap-default\">\n\t\t\t\t\t<div class=\"elementor-column elementor-col-100 elementor-top-column elementor-element elementor-element-f820a82\" data-id=\"f820a82\" data-element_type=\"column\">\n\t\t\t<div class=\"elementor-widget-wrap elementor-element-populated\">\n\t\t\t\t\t\t<div class=\"elementor-element elementor-element-2adaf58 elementor-widget elementor-widget-spacer\" data-id=\"2adaf58\" data-element_type=\"widget\" data-widget_type=\"spacer.default\">\n\t\t\t\t<div class=\"elementor-widget-container\">\n\t\t\t\t\t\t\t<div class=\"elementor-spacer\">\n\t\t\t<div class=\"elementor-spacer-inner\"><\/div>\n\t\t<\/div>\n\t\t\t\t\t\t<\/div>\n\t\t\t\t<\/div>\n\t\t\t\t\t<\/div>\n\t\t<\/div>\n\t\t\t\t\t<\/div>\n\t\t<\/section>\n\t\t\t\t<section class=\"elementor-section elementor-top-section elementor-element elementor-element-ab824ce elementor-section-boxed elementor-section-height-default elementor-section-height-default\" data-id=\"ab824ce\" data-element_type=\"section\">\n\t\t\t\t\t\t<div class=\"elementor-container elementor-column-gap-wide\">\n\t\t\t\t\t<div class=\"elementor-column elementor-col-50 elementor-top-column elementor-element elementor-element-002323e\" data-id=\"002323e\" data-element_type=\"column\">\n\t\t\t<div class=\"elementor-widget-wrap elementor-element-populated\">\n\t\t\t\t\t\t<div class=\"elementor-element elementor-element-f2d2e6b elementor-widget elementor-widget-image\" data-id=\"f2d2e6b\" data-element_type=\"widget\" data-widget_type=\"image.default\">\n\t\t\t\t<div class=\"elementor-widget-container\">\n\t\t\t\t\t\t\t\t\t\t\t\t\t\t\t<img loading=\"lazy\" decoding=\"async\" width=\"800\" height=\"533\" src=\"https:\/\/easyfairsassets.com\/sites\/248\/2020\/05\/FMB2020_PI01_Web.jpg\" class=\"attachment-large size-large wp-image-1052\" alt=\"\" srcset=\"https:\/\/easyfairsassets.com\/sites\/248\/2020\/05\/FMB2020_PI01_Web.jpg 1024w, https:\/\/easyfairsassets.com\/sites\/248\/2020\/05\/FMB2020_PI01_Web-300x200.jpg 300w, https:\/\/easyfairsassets.com\/sites\/248\/2020\/05\/FMB2020_PI01_Web-768x512.jpg 768w\" sizes=\"(max-width: 800px) 100vw, 800px\" \/>\t\t\t\t\t\t\t\t\t\t\t\t\t\t\t<\/div>\n\t\t\t\t<\/div>\n\t\t\t\t\t<\/div>\n\t\t<\/div>\n\t\t\t\t<div class=\"elementor-column elementor-col-50 elementor-top-column elementor-element elementor-element-a173f4a\" data-id=\"a173f4a\" data-element_type=\"column\">\n\t\t\t<div class=\"elementor-widget-wrap elementor-element-populated\">\n\t\t\t\t\t\t<div class=\"elementor-element elementor-element-20b9eae elementor-widget elementor-widget-heading\" data-id=\"20b9eae\" data-element_type=\"widget\" data-widget_type=\"heading.default\">\n\t\t\t\t<div class=\"elementor-widget-container\">\n\t\t\t\t\t<h3 class=\"elementor-heading-title elementor-size-default\">Ein Thema wichtiger denn je: Lieferketten<\/h3>\t\t\t\t<\/div>\n\t\t\t\t<\/div>\n\t\t\t\t<div class=\"elementor-element elementor-element-23a5514 elementor-widget elementor-widget-text-editor\" data-id=\"23a5514\" data-element_type=\"widget\" data-widget_type=\"text-editor.default\">\n\t\t\t\t<div class=\"elementor-widget-container\">\n\t\t\t\t\t\t\t\t\t<div class=\"ce-bodytext\"><p>Neben den Technik-Trends \u2013 allen voran die Digitalisierung \u2013 wird es nach Einsch\u00e4tzung des Messeveranstalters w\u00e4hrend der diesj\u00e4hrigen FMB ein Thema geben, das st\u00e4rker diskutiert wird als in den Vorjahren. Christian En\u00dfle: \u201eViele Unternehmen stellen nun fest, dass ihre Zulieferketten in der Krise instabil sind. Sie werden in den kommenden Monaten daraus Konsequenzen ziehen, ihre Einkaufsstrategien unter diesem Aspekt neu bewerten und zum Beispiel Zweitlieferanten aufbauen oder verst\u00e4rkt auf regionale Zulieferer setzen.\u201c Die 16. FMB \u2013 Zuliefermesse Maschinenbau wird daf\u00fcr das ideale Forum bieten. Schlie\u00dflich wurde sie urspr\u00fcnglich gegr\u00fcndet, um die Zulieferer in Ostwestfalen-Lippe (OWL) mit den dort ans\u00e4ssigen Maschinenbau-Unternehmen zusammenzubringen und regionale Netzwerke zu etablieren.\u00a0<\/p><\/div>\t\t\t\t\t\t\t\t<\/div>\n\t\t\t\t<\/div>\n\t\t\t\t\t<\/div>\n\t\t<\/div>\n\t\t\t\t\t<\/div>\n\t\t<\/section>\n\t\t\t\t<section class=\"elementor-section elementor-top-section elementor-element elementor-element-e018cd6 elementor-section-boxed elementor-section-height-default elementor-section-height-default\" data-id=\"e018cd6\" data-element_type=\"section\">\n\t\t\t\t\t\t<div class=\"elementor-container elementor-column-gap-default\">\n\t\t\t\t\t<div class=\"elementor-column elementor-col-100 elementor-top-column elementor-element elementor-element-96032b4\" data-id=\"96032b4\" data-element_type=\"column\">\n\t\t\t<div class=\"elementor-widget-wrap elementor-element-populated\">\n\t\t\t\t\t\t<div class=\"elementor-element elementor-element-0836a6f elementor-widget elementor-widget-spacer\" data-id=\"0836a6f\" data-element_type=\"widget\" data-widget_type=\"spacer.default\">\n\t\t\t\t<div class=\"elementor-widget-container\">\n\t\t\t\t\t\t\t<div class=\"elementor-spacer\">\n\t\t\t<div class=\"elementor-spacer-inner\"><\/div>\n\t\t<\/div>\n\t\t\t\t\t\t<\/div>\n\t\t\t\t<\/div>\n\t\t\t\t\t<\/div>\n\t\t<\/div>\n\t\t\t\t\t<\/div>\n\t\t<\/section>\n\t\t\t\t<\/div>\n\t\t","protected":false},"excerpt":{"rendered":"<p>Aktuelles rund um die Messe Die 20. Edition der FMB! 2025 wird f\u00fcr uns ein ganz besonderes Jahr: Vom 4. bis 6. November findet die 20. Edition der FMB-Fachmesse f\u00fcr Maschinenbau statt.\u00a0 Wir freuen uns riesig auf das, was dieses Jahr bringt. SAVE THE DATE: Mit nur einem Klick k\u00f6nnen Sie sich unser Jubil\u00e4um im [&hellip;]<\/p>\n","protected":false},"author":848,"featured_media":0,"parent":0,"menu_order":0,"comment_status":"closed","ping_status":"closed","template":"","meta":{"_seopress_robots_primary_cat":"","_seopress_titles_title":"Aktuelles rund um die FMB \u2013 Fachmesse f\u00fcr Maschinenbau","_seopress_titles_desc":"Informieren Sie sich \u00fcber aktuelle Themen rund um die FMB und Ihre Aussteller.","_seopress_robots_index":"","footnotes":""},"class_list":["post-102","page","type-page","status-publish","hentry"],"_links":{"self":[{"href":"https:\/\/www.fmb-messe.de\/de\/wp-json\/wp\/v2\/pages\/102","targetHints":{"allow":["GET"]}}],"collection":[{"href":"https:\/\/www.fmb-messe.de\/de\/wp-json\/wp\/v2\/pages"}],"about":[{"href":"https:\/\/www.fmb-messe.de\/de\/wp-json\/wp\/v2\/types\/page"}],"author":[{"embeddable":true,"href":"https:\/\/www.fmb-messe.de\/de\/wp-json\/wp\/v2\/users\/848"}],"replies":[{"embeddable":true,"href":"https:\/\/www.fmb-messe.de\/de\/wp-json\/wp\/v2\/comments?post=102"}],"version-history":[{"count":5,"href":"https:\/\/www.fmb-messe.de\/de\/wp-json\/wp\/v2\/pages\/102\/revisions"}],"predecessor-version":[{"id":118465,"href":"https:\/\/www.fmb-messe.de\/de\/wp-json\/wp\/v2\/pages\/102\/revisions\/118465"}],"wp:attachment":[{"href":"https:\/\/www.fmb-messe.de\/de\/wp-json\/wp\/v2\/media?parent=102"}],"curies":[{"name":"wp","href":"https:\/\/api.w.org\/{rel}","templated":true}]}}